{"id":741818,"date":"2025-08-28T00:57:31","date_gmt":"2025-08-27T21:57:31","guid":{"rendered":"https:\/\/roveyayinevi.com.tr\/index.php\/urun\/nebonun-mavi-kitabi\/"},"modified":"2026-04-16T02:52:54","modified_gmt":"2026-04-15T23:52:54","slug":"nebonun-mavi-kitabi","status":"publish","type":"product","link":"https:\/\/roveyayinevi.com.tr\/index.php\/urun\/nebonun-mavi-kitabi\/","title":{"rendered":"Nebo\u2019nun Mavi Kitab\u0131"},"content":{"rendered":"<p>\u201cBu yeni d\u00fcnyada saklanacak bir yer yok. \u0130nsanlar aras\u0131nda sayg\u0131 mesafesi yok,yalanlar i\u00e7in yer yok.\u201d   2019 Galler Y\u0131l\u0131n Kitab\u0131 \u00d6d\u00fcl\u00fc\u2019n\u00fcn sahibi Nebo\u2019nun Mavi Kitab\u0131, bildi\u011fimiz d\u00fcnyan\u0131n yok olu\u015funun ard\u0131ndan ili\u015fkilerin ve hayata bak\u0131\u015f a\u00e7\u0131s\u0131n\u0131n nas\u0131l de\u011fi\u015fti\u011fini b\u00fcy\u00fcleyici, ayn\u0131 zamanda \u00fcrk\u00fct\u00fcc\u00fc bir tabloyla okura aktar\u0131yor.  \u201cSon\u201d denilen n\u00fckleer felaketten sonra anne ve o\u011ful aras\u0131nda kurulan ge\u00e7mi\u015fi ve o g\u00fcn\u00fc kapsayan ancak s\u0131n\u0131rlar\u0131 olan bir ili\u015fkinin kap\u0131s\u0131ndan i\u00e7eri girerken; ilac\u0131n, elektri\u011fin, kalabal\u0131\u011f\u0131n, cep telefonlar\u0131n\u0131n ve g\u00fcn\u00fcm\u00fcze ait hi\u00e7bir gerecin olmad\u0131\u011f\u0131 bir d\u00fcnyaya ad\u0131m atacaks\u0131n\u0131z. Hayatta kalma g\u00fcd\u00fcs\u00fc, yaln\u0131zl\u0131k ve \u00f6l\u00fcm temalar\u0131yla \u00f6ne \u00e7\u0131kan, Galceye \u00f6zg\u00fc ak\u0131c\u0131 ve g\u00fc\u00e7l\u00fc tasvirlerle ilerleyen Nebo\u2019nun Mavi Kitab\u0131; g\u00fcn\u00fcm\u00fcz insan\u0131n\u0131n do\u011fadan ne kadar kopuk ya\u015fad\u0131\u011f\u0131n\u0131 da  g\u00f6zler \u00f6n\u00fcne seriyor.   Manon Steffan Ros \u201cekolojik distopya\u201d temeline dayanan, \u00f6d\u00fcll\u00fc ve \u00e7oksatan roman\u0131nda, insan\u0131n hayatta kalma i\u00e7g\u00fcd\u00fcs\u00fcyle birlikte, \u00e7a\u011fda\u015f d\u00fcnya d\u00fczenini de sorguluyor.  <\/p>\n","protected":false},"excerpt":{"rendered":"<p>\u201cBu yeni d\u00fcnyada saklanacak bir yer yok. \u0130nsanlar aras\u0131nda sayg\u0131 mesafesi yok,yalanlar i\u00e7in yer yok.\u201d 2019 Galler Y\u0131l\u0131n Kitab\u0131 \u00d6d\u00fcl\u00fc\u2019n\u00fcn sahibi Nebo\u2019nun Mavi Kitab\u0131, bildi\u011fimiz d\u00fcnyan\u0131n<span class=\"excerpt-hellip\"> [\u2026]<\/span><\/p>\n","protected":false},"featured_media":0,"template":"","meta":{"_monsterinsights_skip_tracking":false,"_monsterinsights_sitenote_active":false,"_monsterinsights_sitenote_note":"","_monsterinsights_sitenote_category":0},"product_brand":[],"product_cat":[12540,12291],"product_tag":[],"class_list":{"0":"post-741818","1":"product","2":"type-product","3":"status-publish","5":"product_cat-bilim-kurgu","6":"product_cat-edebiyat","7":"pa_cilt-ciltsiz","8":"pa_tur-kitap","9":"pa_yayinevi-nemesis-kitap","10":"pa_yazar-manon-steffan-ros","12":"first","13":"instock","14":"sale","15":"shipping-taxable","16":"purchasable","17":"product-type-simple"},"_links":{"self":[{"href":"https:\/\/roveyayinevi.com.tr\/index.php\/wp-json\/wp\/v2\/product\/741818","targetHints":{"allow":["GET"]}}],"collection":[{"href":"https:\/\/roveyayinevi.com.tr\/index.php\/wp-json\/wp\/v2\/product"}],"about":[{"href":"https:\/\/roveyayinevi.com.tr\/index.php\/wp-json\/wp\/v2\/types\/product"}],"wp:attachment":[{"href":"https:\/\/roveyayinevi.com.tr\/index.php\/wp-json\/wp\/v2\/media?parent=741818"}],"wp:term":[{"taxonomy":"product_brand","embeddable":true,"href":"https:\/\/roveyayinevi.com.tr\/index.php\/wp-json\/wp\/v2\/product_brand?post=741818"},{"taxonomy":"product_cat","embeddable":true,"href":"https:\/\/roveyayinevi.com.tr\/index.php\/wp-json\/wp\/v2\/product_cat?post=741818"},{"taxonomy":"product_tag","embeddable":true,"href":"https:\/\/roveyayinevi.com.tr\/index.php\/wp-json\/wp\/v2\/product_tag?post=741818"}],"curies":[{"name":"wp","href":"https:\/\/api.w.org\/{rel}","templated":true}]}}