{"id":741802,"date":"2025-08-28T00:57:09","date_gmt":"2025-08-27T21:57:09","guid":{"rendered":"https:\/\/roveyayinevi.com.tr\/index.php\/urun\/cocuga-siz-soyler-misiniz\/"},"modified":"2026-04-16T02:52:54","modified_gmt":"2026-04-15T23:52:54","slug":"cocuga-siz-soyler-misiniz","status":"publish","type":"product","link":"https:\/\/roveyayinevi.com.tr\/index.php\/urun\/cocuga-siz-soyler-misiniz\/","title":{"rendered":"\u00c7ocu\u011fa Siz S\u00f6yler misiniz?"},"content":{"rendered":"<p>Biz \u00e7ocuk geli\u015fimcilerin dan\u0131\u015fanlar\u0131m\u0131zdan \u00e7ok s\u0131k duydu\u011fu bir c\u00fcmle vard\u0131r: \u201c\u00c7ocu\u011fa siz s\u00f6yler misiniz?\u201d Kitab\u0131 bitirdikten sonra kimse bu c\u00fcmleyi kurmak zorunda kalmayacak \u00e7\u00fcnk\u00fc onlar\u0131n ne istediklerini kendi a\u011f\u0131zlar\u0131ndan dinlemi\u015f olacaks\u0131n\u0131z.   Hacettepe \u00dcniversitesi \u00c7ocuk Geli\u015fimi b\u00f6l\u00fcm\u00fcnden Prof. Dr. \u0130smihan Artan, meslekteki 37 y\u0131ll\u0131k deneyimlerini ve g\u00f6zlemlerini \u00c7ocu\u011fa Siz S\u00f6yler misiniz? kitab\u0131nda bir araya getirdi. Kendi deyimiyle insanl\u0131\u011f\u0131n ortak dili olan \u201c\u00e7ocuk olmak\u201dtan yola \u00e7\u0131kan Artan, birbirine ba\u011fl\u0131 hik\u00e2yeler arac\u0131l\u0131\u011f\u0131yla okurlar\u0131n\u0131 kendi \u00e7ocukluk an\u0131lar\u0131na, hat\u0131ralar\u0131na yolculu\u011fa \u00e7\u0131kar\u0131yor. Sayfalar aras\u0131nda gezinirken kendinize rastlayabilir ve belki de uzun zamand\u0131r dinlemeyi b\u0131rakt\u0131\u011f\u0131n\u0131z \u00e7ocuklu\u011funuzun sesini duyabilirsiniz.   Yazar Hakk\u0131nda: Prof. Dr. \u0130smihan Artan orta \u00f6\u011frenimini TED Ankara Kolejinde tamamlad\u0131. Hacettepe \u00dcniversitesi, \u00c7ocuk Geli\u015fimi ve E\u011fitimi b\u00f6l\u00fcm\u00fcn\u00fc bitirdi. Hacettepe \u00dcniversitesi Sa\u011fl\u0131k Bilimleri Enstit\u00fcs\u00fcne ba\u011fl\u0131 olarak y\u00fcksek lisans ve doktora \u00e7al\u0131\u015fmalar\u0131n\u0131 tamamlad\u0131.1994 y\u0131l\u0131nda Hacettepe \u00dcniversitesi \u00c7ocuk Geli\u015fimi ve E\u011fitimi b\u00f6l\u00fcm\u00fcnde yard\u0131mc\u0131 do\u00e7ent, 1996 y\u0131l\u0131nda do\u00e7ent unvan\u0131 ald\u0131, 2004 y\u0131l\u0131nda ayn\u0131 b\u00f6l\u00fcmde profes\u00f6rl\u00fc\u011fe atand\u0131. 0-18 ya\u015f grubu \u00e7ocuklar, aileleri ve ilgili profesyonellerle \u00e7al\u0131\u015fmalar\u0131na devam etmektedir. Cinsel geli\u015fim ve e\u011fitim, m\u00fczik ve \u00e7ocuk geli\u015fimi, i\u015fitsel alg\u0131 becerisinin geli\u015ftirilmesi, sosyal-duygusal geli\u015fim, duygusal ihmal \u00f6zel ilgi alanlar\u0131d\u0131r. Farkl\u0131 zamanlarda Hacettepe \u00dcniversitesi Sa\u011fl\u0131k Bilimleri Fak\u00fcltesi \u00c7ocuk Geli\u015fimi B\u00f6l\u00fcm\u00fc B\u00f6l\u00fcm Ba\u015fkanl\u0131\u011f\u0131, \u00c7ocuk Geli\u015fimi Anabilim Dal\u0131 Ba\u015fkanl\u0131\u011f\u0131, Sa\u011fl\u0131k Bilimleri Fak\u00fclte Kurulu \u00dcyeli\u011fi ve Hacettepe \u00dcniversitesi \u00c7ocuk Geli\u015fimi Uygulama ve Ara\u015ft\u0131rma Merkezi M\u00fcd\u00fcrl\u00fc\u011f\u00fc g\u00f6revlerini y\u00fcr\u00fctt\u00fc. Halen Hacettepe \u00dcniversitesi \u00c7ocuk Geli\u015fimi B\u00f6l\u00fcm\u00fcnde \u00f6\u011fretim \u00fcyesi olarak \u00e7al\u0131\u015fmaktad\u0131r. H.\u00dc. \u00c7ocuk Geli\u015fimi ve E\u011fitimi B\u00f6l\u00fcm\u00fc Mezunlar\u0131 Derne\u011finin kurucular\u0131ndan olup son iki d\u00f6nemdir dernek ba\u015fkan yard\u0131mc\u0131l\u0131\u011f\u0131 g\u00f6revini y\u00fcr\u00fctmektedir. Mesleki bilgi ve deneyimlerini sosyal sorumluluk \u00e7al\u0131\u015fmalar\u0131nda kullanmaktan mutluluk duymaktad\u0131r. \u201cHayatta t\u00fcm okuduklar\u0131m ve yazd\u0131klar\u0131mdan daha fazlas\u0131n\u0131 \u00f6\u011frendi\u011fim iki \u015fey var: K\u0131z\u0131m ve o\u011flum\u201d demektedir. <\/p>\n","protected":false},"excerpt":{"rendered":"<p>Biz \u00e7ocuk geli\u015fimcilerin dan\u0131\u015fanlar\u0131m\u0131zdan \u00e7ok s\u0131k duydu\u011fu bir c\u00fcmle vard\u0131r: \u201c\u00c7ocu\u011fa siz s\u00f6yler misiniz?\u201d Kitab\u0131 bitirdikten sonra kimse bu c\u00fcmleyi kurmak zorunda kalmayacak \u00e7\u00fcnk\u00fc onlar\u0131n ne<span class=\"excerpt-hellip\"> [\u2026]<\/span><\/p>\n","protected":false},"featured_media":0,"template":"","meta":{"_monsterinsights_skip_tracking":false,"_monsterinsights_sitenote_active":false,"_monsterinsights_sitenote_note":"","_monsterinsights_sitenote_category":0},"product_brand":[],"product_cat":[12364],"product_tag":[],"class_list":{"0":"post-741802","1":"product","2":"type-product","3":"status-publish","5":"product_cat-genel-konular","6":"pa_cilt-ciltsiz","7":"pa_tur-kitap","8":"pa_yayinevi-elma-yayinevi","9":"pa_yazar-ismihan-artan","11":"first","12":"instock","13":"sale","14":"shipping-taxable","15":"purchasable","16":"product-type-simple"},"_links":{"self":[{"href":"https:\/\/roveyayinevi.com.tr\/index.php\/wp-json\/wp\/v2\/product\/741802","targetHints":{"allow":["GET"]}}],"collection":[{"href":"https:\/\/roveyayinevi.com.tr\/index.php\/wp-json\/wp\/v2\/product"}],"about":[{"href":"https:\/\/roveyayinevi.com.tr\/index.php\/wp-json\/wp\/v2\/types\/product"}],"wp:attachment":[{"href":"https:\/\/roveyayinevi.com.tr\/index.php\/wp-json\/wp\/v2\/media?parent=741802"}],"wp:term":[{"taxonomy":"product_brand","embeddable":true,"href":"https:\/\/roveyayinevi.com.tr\/index.php\/wp-json\/wp\/v2\/product_brand?post=741802"},{"taxonomy":"product_cat","embeddable":true,"href":"https:\/\/roveyayinevi.com.tr\/index.php\/wp-json\/wp\/v2\/product_cat?post=741802"},{"taxonomy":"product_tag","embeddable":true,"href":"https:\/\/roveyayinevi.com.tr\/index.php\/wp-json\/wp\/v2\/product_tag?post=741802"}],"curies":[{"name":"wp","href":"https:\/\/api.w.org\/{rel}","templated":true}]}}