{"id":741703,"date":"2025-08-28T00:55:10","date_gmt":"2025-08-27T21:55:10","guid":{"rendered":"https:\/\/roveyayinevi.com.tr\/index.php\/urun\/savunma-kursusunde\/"},"modified":"2026-04-16T02:52:50","modified_gmt":"2026-04-15T23:52:50","slug":"savunma-kursusunde","status":"publish","type":"product","link":"https:\/\/roveyayinevi.com.tr\/index.php\/urun\/savunma-kursusunde\/","title":{"rendered":"Savunma K\u00fcrs\u00fcs\u00fcnde"},"content":{"rendered":"<p>\u201cSabah 09.00\u2019da ba\u015flayan Mamak duru\u015fma ve g\u00f6r\u00fc\u015fmelerinden ya saat 24\u2019e yakla\u015f\u0131rken ya da ak\u015fam saatlerinde g\u00fcn bat\u0131mlar\u0131nda d\u00f6n\u00fcyorum. Ben Mamak\u2019ta ya\u015f\u0131yorum asl\u0131nda. Ba\u015fka bir \u00fclkede gibiyim. Ak\u015fam, \u015fehir otob\u00fcs\u00fc Dikimevi\u2019ne geldi\u011finde sanki tarih de\u011fi\u015fiyor ve karanl\u0131k bir \u00e2lemden ayd\u0131nl\u0131k bir ba\u015fka \u00fclkeye d\u00fc\u015f\u00fcyorum. Garip bir duygu bu. Arkamda bamba\u015fka bir d\u00fcnya kal\u0131yor. Oras\u0131 cehennem! Bu duyguyu neden Dikimevi\u2019ne geldi\u011fimde hissediyorum, bilmiyorum. Ba\u015fka bir ruh hali. Mamak\u2019\u0131 unutmak istiyorum. Olmuyor. Eve gelince o\u011fullar\u0131m\u0131 \u00f6pmeyi, e\u015fime sar\u0131lmay\u0131 hak g\u00f6rm\u00fcyorum. Aram\u0131za Mamak\u2019ta b\u0131rak\u0131lm\u0131\u015f y\u00fczlerce y\u00fcz giriyor. Gece olup eve vard\u0131\u011f\u0131mda yeniden y\u00fcre\u011fim kanamaya ba\u015fl\u0131yor. Y\u00fcz\u00fc pencereye yap\u0131\u015f\u0131k her gece benim yolumu bekleyen Emre, sokakta beni g\u00f6r\u00fcr g\u00f6rmez karde\u015fine \u201cAnnemiz geldi! Ya\u015fas\u0131n annemiz geldi!\u201d diye sesleniyor. O\u011fullar\u0131ma sar\u0131lmak i\u00e7imi ac\u0131t\u0131yor. Mamak\u2019takiler, \u00e7ocuklar\u0131n\u0131 koklayamaz, e\u015flerine, annelerine, yak\u0131nlar\u0131na, sevdiklerine sar\u0131lamazken \u00e7ocuklar\u0131ma sar\u0131lmay\u0131 hak g\u00f6rm\u00fcyorum. Y\u00fcre\u011fim yan\u0131yor.\u201d   \u015eenal Sar\u0131han\u2019\u0131n, 68 ku\u015fa\u011f\u0131n\u0131n yurtseverlik bilinciyle ba\u015flad\u0131\u011f\u0131 \u00f6\u011fretmenlik mesle\u011fi, 12 Mart 1971 s\u0131k\u0131y\u00f6netim d\u00f6neminde onu cezaevi ile tan\u0131\u015ft\u0131r\u0131r. Ayn\u0131 d\u00f6nemde, Sa\u011fmalc\u0131lar Lisesi\u2019nden kendi \u00f6\u011frencileri ile birlikte girdi\u011fi \u00fcniversite s\u0131navlar\u0131nda hukuk fak\u00fcltesine girme hakk\u0131 da kazanm\u0131\u015ft\u0131r. D\u00f6nemin siyas\u00ee tutuklular\u0131n\u0131n 74 aff\u0131 ile \u00f6zg\u00fcrle\u015fmesinden sonra hukuk fak\u00fcltesini bitirir. Bir siyas\u00ee dava san\u0131\u011f\u0131 olarak ya\u015fad\u0131klar\u0131 onu siyas\u00ee dava avukat\u0131 olmaya y\u00f6nlendirir. Bu kitapta, bir kad\u0131n avukat\u0131n, insan haklar\u0131 ve kad\u0131n haklar\u0131 m\u00fccadelesinin \u00f6yk\u00fcs\u00fcn\u00fc okuyacaks\u0131n\u0131z. Bu \u00f6yk\u00fc, ayn\u0131 zamanda 12 Mart, 12 Eyl\u00fcl ve 90\u2019l\u0131 y\u0131llar olarak bilinen ola\u011fan\u00fcst\u00fc hal d\u00f6nemleri yarg\u0131lamalar\u0131na tan\u0131kl\u0131kt\u0131r.     \u0130\u00e7indekiler;   \u00c7ocukluk \u0130lk Gen\u00e7lik \u00d6\u011fretmenlik 12 Mart ve Cezaevi Evlilik ve S\u00fcrg\u00fcnler Savunmada: 1977-1980 Savunmada: 1980-1986 Savunmada: 1986-1990 Savunmada: 1990-1993 Savunmada: 1993-1997 Savunmada: 1997-2006 Savunmada: 2006-2014 Alb\u00fcm <\/p>\n","protected":false},"excerpt":{"rendered":"<p>\u201cSabah 09.00\u2019da ba\u015flayan Mamak duru\u015fma ve g\u00f6r\u00fc\u015fmelerinden ya saat 24\u2019e yakla\u015f\u0131rken ya da ak\u015fam saatlerinde g\u00fcn bat\u0131mlar\u0131nda d\u00f6n\u00fcyorum. Ben Mamak\u2019ta ya\u015f\u0131yorum asl\u0131nda. Ba\u015fka bir \u00fclkede gibiyim.<span class=\"excerpt-hellip\"> [\u2026]<\/span><\/p>\n","protected":false},"featured_media":0,"template":"","meta":{"_monsterinsights_skip_tracking":false,"_monsterinsights_sitenote_active":false,"_monsterinsights_sitenote_note":"","_monsterinsights_sitenote_category":0},"product_brand":[],"product_cat":[14009,12291],"product_tag":[],"class_list":{"0":"post-741703","1":"product","2":"type-product","3":"status-publish","5":"product_cat-biyografi-otobiyografi-edebiyat","6":"product_cat-edebiyat","7":"pa_cilt-ciltsiz","8":"pa_tur-kitap","9":"pa_yayinevi-literatur-yayinevi","10":"pa_yazar-senal-sarihan","12":"first","13":"instock","14":"sale","15":"shipping-taxable","16":"purchasable","17":"product-type-simple"},"_links":{"self":[{"href":"https:\/\/roveyayinevi.com.tr\/index.php\/wp-json\/wp\/v2\/product\/741703","targetHints":{"allow":["GET"]}}],"collection":[{"href":"https:\/\/roveyayinevi.com.tr\/index.php\/wp-json\/wp\/v2\/product"}],"about":[{"href":"https:\/\/roveyayinevi.com.tr\/index.php\/wp-json\/wp\/v2\/types\/product"}],"wp:attachment":[{"href":"https:\/\/roveyayinevi.com.tr\/index.php\/wp-json\/wp\/v2\/media?parent=741703"}],"wp:term":[{"taxonomy":"product_brand","embeddable":true,"href":"https:\/\/roveyayinevi.com.tr\/index.php\/wp-json\/wp\/v2\/product_brand?post=741703"},{"taxonomy":"product_cat","embeddable":true,"href":"https:\/\/roveyayinevi.com.tr\/index.php\/wp-json\/wp\/v2\/product_cat?post=741703"},{"taxonomy":"product_tag","embeddable":true,"href":"https:\/\/roveyayinevi.com.tr\/index.php\/wp-json\/wp\/v2\/product_tag?post=741703"}],"curies":[{"name":"wp","href":"https:\/\/api.w.org\/{rel}","templated":true}]}}