{"id":741534,"date":"2025-08-28T00:51:33","date_gmt":"2025-08-27T21:51:33","guid":{"rendered":"https:\/\/roveyayinevi.com.tr\/index.php\/urun\/ataturk-anlatiyor-hatiralarim\/"},"modified":"2026-02-03T03:07:29","modified_gmt":"2026-02-03T00:07:29","slug":"ataturk-anlatiyor-hatiralarim","status":"publish","type":"product","link":"https:\/\/roveyayinevi.com.tr\/index.php\/urun\/ataturk-anlatiyor-hatiralarim\/","title":{"rendered":"Atat\u00fcrk Anlat\u0131yor: \u201cHat\u0131ralar\u0131m\u201d"},"content":{"rendered":"<p>Bu kitap, Mustafa Kemal Atat\u00fcrk\u2019\u00fcn bizzat kendisinin anlatt\u0131\u011f\u0131 hat\u0131ralar\u0131d\u0131r. Bu hat\u0131ralar, Milli M\u00fccadele ate\u015fini yakt\u0131\u011f\u0131 1919\u2019dan \u00f6nceki hayat\u0131n\u0131n esrarl\u0131 kimi noktalar\u0131na \u0131\u015f\u0131k tutmaktad\u0131r.13 Mart 1926\u2019da H\u00e2kimiyeti Milliye, Milliyet ve birka\u00e7 g\u00fcn sonra da Cumhuriyet gazetesinde yay\u0131mlanmaya ba\u015flayan ve \u00fc\u00e7 ayr\u0131 d\u00f6nem olarak planlanan an\u0131lar, 12 Nisan 1926\u2019da sona ermi\u015ftir. Bir ay s\u00fcren bu k\u0131s\u0131mlar olduk\u00e7a ilgin\u00e7 ve \u00f6nemli bilgiler bar\u0131nd\u0131rmaktad\u0131r. Hat\u0131ralar\u0131n bu b\u00f6l\u00fcm\u00fcnde \u00f6zetle neler yer almaktad\u0131r:Veliaht Vahdeddin ile Almanya gezisi\u2026Osmanl\u0131 Devleti\u2019nin Birinci D\u00fcnya Sava\u015f\u0131\u2019na giri\u015fi ile ilgili de\u011ferlendirmeleri\u2026\u0130ttihat Terakki\u2019nin fedaisi Yakup Cemil\u2019in Mustafa Kemal ile ili\u015fkisi\u2026Enver, Talat ve Cemal Pa\u015falarla g\u00f6r\u00fc\u015fmeler\u2026Mustafa Kemal Atat\u00fcrk an\u0131lar\u0131nda ayr\u0131ca bir hat\u0131ras\u0131ndan yola \u00e7\u0131karak, \u201cb\u00fcy\u00fck adam nas\u0131l olur ve kime denir\u201d sorusuna da yan\u0131t vermektedir.<\/p>\n","protected":false},"excerpt":{"rendered":"<p>Bu kitap, Mustafa Kemal Atat\u00fcrk\u2019\u00fcn bizzat kendisinin anlatt\u0131\u011f\u0131 hat\u0131ralar\u0131d\u0131r. Bu hat\u0131ralar, Milli M\u00fccadele ate\u015fini yakt\u0131\u011f\u0131 1919\u2019dan \u00f6nceki hayat\u0131n\u0131n esrarl\u0131 kimi noktalar\u0131na \u0131\u015f\u0131k tutmaktad\u0131r.13 Mart 1926\u2019da H\u00e2kimiyeti<span class=\"excerpt-hellip\"> [\u2026]<\/span><\/p>\n","protected":false},"featured_media":0,"template":"","meta":{"_monsterinsights_skip_tracking":false,"_monsterinsights_sitenote_active":false,"_monsterinsights_sitenote_note":"","_monsterinsights_sitenote_category":0},"product_brand":[],"product_cat":[12312,12304],"product_tag":[],"class_list":{"0":"post-741534","1":"product","2":"type-product","3":"status-publish","5":"product_cat-diger","6":"product_cat-tarih","7":"pa_cilt-ciltsiz","8":"pa_tur-kitap","9":"pa_yayinevi-frekans-kitap","10":"pa_yazar-sinan-onus","12":"first","13":"instock","14":"sale","15":"shipping-taxable","16":"purchasable","17":"product-type-simple"},"_links":{"self":[{"href":"https:\/\/roveyayinevi.com.tr\/index.php\/wp-json\/wp\/v2\/product\/741534","targetHints":{"allow":["GET"]}}],"collection":[{"href":"https:\/\/roveyayinevi.com.tr\/index.php\/wp-json\/wp\/v2\/product"}],"about":[{"href":"https:\/\/roveyayinevi.com.tr\/index.php\/wp-json\/wp\/v2\/types\/product"}],"wp:attachment":[{"href":"https:\/\/roveyayinevi.com.tr\/index.php\/wp-json\/wp\/v2\/media?parent=741534"}],"wp:term":[{"taxonomy":"product_brand","embeddable":true,"href":"https:\/\/roveyayinevi.com.tr\/index.php\/wp-json\/wp\/v2\/product_brand?post=741534"},{"taxonomy":"product_cat","embeddable":true,"href":"https:\/\/roveyayinevi.com.tr\/index.php\/wp-json\/wp\/v2\/product_cat?post=741534"},{"taxonomy":"product_tag","embeddable":true,"href":"https:\/\/roveyayinevi.com.tr\/index.php\/wp-json\/wp\/v2\/product_tag?post=741534"}],"curies":[{"name":"wp","href":"https:\/\/api.w.org\/{rel}","templated":true}]}}