{"id":741530,"date":"2025-08-28T00:51:29","date_gmt":"2025-08-27T21:51:29","guid":{"rendered":"https:\/\/roveyayinevi.com.tr\/index.php\/urun\/devrime-dogru-ilk-adim\/"},"modified":"2026-04-16T02:52:43","modified_gmt":"2026-04-15T23:52:43","slug":"devrime-dogru-ilk-adim","status":"publish","type":"product","link":"https:\/\/roveyayinevi.com.tr\/index.php\/urun\/devrime-dogru-ilk-adim\/","title":{"rendered":"Devrime Do\u011fru \u0130lk Ad\u0131m"},"content":{"rendered":"<p>Bug\u00fcne dek bir\u00e7ok kaynakta ad\u0131 ge\u00e7mesine ra\u011fmen metni bulunmayan; kimi tarih\u00e7ilerce varl\u0131\u011f\u0131na dahi \u015f\u00fcpheyle yakla\u015f\u0131lan 1920 Halk\u00e7\u0131l\u0131k Program\u0131, ilk kez tam metni ve iktisadi-tarihsel ger\u00e7ekli\u011fi ile okura sunuluyor. Serdar \u015eahinkaya, bu titiz \u00e7al\u0131\u015fmas\u0131nda, Osmanl\u0131\u2019n\u0131n y\u0131k\u0131l\u0131\u015f\u0131 sonras\u0131 Anadolu\u2019da yak\u0131lmaya ba\u015flanan devrim ate\u015flerinin, halk\u00e7\u0131 bir \u00f6zle b\u00fcy\u00fcy\u00fcp, y\u00fczy\u0131llar s\u00fcren bir karanl\u0131\u011f\u0131 yurttan kovu\u015funu farkl\u0131 bir cepheden inceliyor. Mustafa Kemal\u2019in daha ilk ad\u0131mda kurtulu\u015f m\u00fccadelesine verdi\u011fi devrimci cansuyunu; Sovyetler Birli\u011fi ile karde\u015f\u00e7e ve halk\u00e7\u0131 \u00f6zde y\u00fcr\u00fct\u00fclen i\u015fbirli\u011fini, bir yandan hatlar\u0131 ortaya \u00e7\u0131kan gelecek hedefini ve t\u00fcm bunlar\u0131n somutla\u015ft\u0131\u011f\u0131 metin olan ve 18 Eyl\u00fcl 1920\u2019de TBMM k\u00fcrs\u00fcs\u00fcnden okunan \u2018Halk\u00e7\u0131l\u0131k Program\u0131\u2019n\u0131, Cumhuriyet\u2019in \u00e2deta de\u011fi\u015fmez yasas\u0131 olarak bir kez daha ortaya koyuyor.   \u201c1919\u2019un sonundan 1920\u2019nin sonuna uzanan s\u00fcre\u00e7, bir devrim d\u00f6nemidir. G\u00f6r\u00fclmektedir ki; Mustafa Kemal Pa\u015fa\u2019n\u0131n Halk\u00e7\u0131l\u0131k Program\u0131, k\u00fct\u00fcphane masalar\u0131nda de\u011fil, cephelerdeki s\u00fcng\u00fclerin \u015fak\u0131rt\u0131s\u0131, \u00e7izmelerin tozu ile yani \u2018ate\u015fle, demirle, kanla\u2019 yaz\u0131lm\u0131\u015ft\u0131r&#8230;\u201d <\/p>\n","protected":false},"excerpt":{"rendered":"<p>Bug\u00fcne dek bir\u00e7ok kaynakta ad\u0131 ge\u00e7mesine ra\u011fmen metni bulunmayan; kimi tarih\u00e7ilerce varl\u0131\u011f\u0131na dahi \u015f\u00fcpheyle yakla\u015f\u0131lan 1920 Halk\u00e7\u0131l\u0131k Program\u0131, ilk kez tam metni ve iktisadi-tarihsel ger\u00e7ekli\u011fi ile<span class=\"excerpt-hellip\"> [\u2026]<\/span><\/p>\n","protected":false},"featured_media":0,"template":"","meta":{"_monsterinsights_skip_tracking":false,"_monsterinsights_sitenote_active":false,"_monsterinsights_sitenote_note":"","_monsterinsights_sitenote_category":0},"product_brand":[],"product_cat":[12312,12304],"product_tag":[],"class_list":{"0":"post-741530","1":"product","2":"type-product","3":"status-publish","5":"product_cat-diger","6":"product_cat-tarih","7":"pa_cilt-ciltsiz","8":"pa_tur-kitap","9":"pa_yayinevi-telgrafhane-yayinlari","10":"pa_yazar-serdar-sahinkaya","12":"first","13":"instock","14":"sale","15":"shipping-taxable","16":"purchasable","17":"product-type-simple"},"_links":{"self":[{"href":"https:\/\/roveyayinevi.com.tr\/index.php\/wp-json\/wp\/v2\/product\/741530","targetHints":{"allow":["GET"]}}],"collection":[{"href":"https:\/\/roveyayinevi.com.tr\/index.php\/wp-json\/wp\/v2\/product"}],"about":[{"href":"https:\/\/roveyayinevi.com.tr\/index.php\/wp-json\/wp\/v2\/types\/product"}],"wp:attachment":[{"href":"https:\/\/roveyayinevi.com.tr\/index.php\/wp-json\/wp\/v2\/media?parent=741530"}],"wp:term":[{"taxonomy":"product_brand","embeddable":true,"href":"https:\/\/roveyayinevi.com.tr\/index.php\/wp-json\/wp\/v2\/product_brand?post=741530"},{"taxonomy":"product_cat","embeddable":true,"href":"https:\/\/roveyayinevi.com.tr\/index.php\/wp-json\/wp\/v2\/product_cat?post=741530"},{"taxonomy":"product_tag","embeddable":true,"href":"https:\/\/roveyayinevi.com.tr\/index.php\/wp-json\/wp\/v2\/product_tag?post=741530"}],"curies":[{"name":"wp","href":"https:\/\/api.w.org\/{rel}","templated":true}]}}