{"id":741476,"date":"2025-08-28T00:50:24","date_gmt":"2025-08-27T21:50:24","guid":{"rendered":"https:\/\/roveyayinevi.com.tr\/index.php\/urun\/kazim-karabekir\/"},"modified":"2026-02-23T12:04:33","modified_gmt":"2026-02-23T09:04:33","slug":"kazim-karabekir","status":"publish","type":"product","link":"https:\/\/roveyayinevi.com.tr\/index.php\/urun\/kazim-karabekir\/","title":{"rendered":"Kaz\u0131m Karabekir"},"content":{"rendered":"<p>\u201cPa\u015fa babam; sadece Erzurum, Kars Ardahan ve Do\u011fu Anadolu\u2019nun kurtar\u0131c\u0131s\u0131, \u2018\u015eark Fatihi\u2019, \u0130stiklal Harbi\u2019nin gidi\u015fat\u0131n\u0131 de\u011fi\u015ftirip T\u00fcrkiye Cumhuriyeti\u2019nin kurulmas\u0131na sebep olacak b\u00fcy\u00fck bir komutan de\u011fildi. Onun beni en \u00e7ok etkileyen y\u00f6nlerinden biri de yetim babas\u0131 olmas\u0131yd\u0131.Sava\u015fta yetim kalan binlerce \u00e7ocu\u011fa manevi babal\u0131k ederek onlar\u0131 subay, \u00f6\u011fretmen, terzi, sa\u011fl\u0131k\u00e7\u0131 gibi \u00f6nemli meslek dallar\u0131nda yeti\u015ftirerek vatana kazand\u0131rm\u0131\u015ft\u0131 Do\u011fudaki olaylar sonras\u0131 yetim kalan bir\u00e7ok \u00e7ocu\u011fun bak\u0131m ve e\u011fitimi ile bizzat me\u015fgul olmu\u015f; onlar i\u00e7in mar\u015flar, \u015fark\u0131lar, piyesler, \u00f6\u011f\u00fctler kaleme alm\u0131\u015ft\u0131. Bu \u00e7ocuklar\u0131n ekserisi de subayl\u0131k mesle\u011fini se\u00e7mi\u015fti. Sava\u015fta yetim kalm\u0131\u015f, anne babas\u0131 -t\u00fcm ailesi- sava\u015fta \u00f6lm\u00fc\u015f, kaybolmu\u015f, ate\u015ften yeniden do\u011fmu\u015f Ankalara benzeyen bu \u00e7ocuklar\u0131n hayat\u0131 kurtulmu\u015ftu. Babam sadece bize, \u00fc\u00e7 k\u0131z\u0131na, de\u011fil binlerce \u00e7ocu\u011fa da atal\u0131k yapm\u0131\u015f ve yetimlerin, fakirlerin, garibanlar\u0131n babas\u0131 olmu\u015ftu.\u201d Timsal KARABEK\u0130R <\/p>\n","protected":false},"excerpt":{"rendered":"<p>\u201cPa\u015fa babam; sadece Erzurum, Kars Ardahan ve Do\u011fu Anadolu\u2019nun kurtar\u0131c\u0131s\u0131, \u2018\u015eark Fatihi\u2019, \u0130stiklal Harbi\u2019nin gidi\u015fat\u0131n\u0131 de\u011fi\u015ftirip T\u00fcrkiye Cumhuriyeti\u2019nin kurulmas\u0131na sebep olacak b\u00fcy\u00fck bir komutan de\u011fildi. Onun<span class=\"excerpt-hellip\"> [\u2026]<\/span><\/p>\n","protected":false},"featured_media":0,"template":"","meta":{"_monsterinsights_skip_tracking":false,"_monsterinsights_sitenote_active":false,"_monsterinsights_sitenote_note":"","_monsterinsights_sitenote_category":0},"product_brand":[],"product_cat":[13946,12304],"product_tag":[],"class_list":{"0":"post-741476","1":"product","2":"type-product","3":"status-publish","5":"product_cat-biyografi-otobiyografi","6":"product_cat-tarih","7":"pa_cilt-ciltsiz","8":"pa_tur-kitap","9":"pa_yayinevi-sozcu-kitabevi","10":"pa_yazar-hasan-baran","12":"first","13":"instock","14":"sale","15":"shipping-taxable","16":"purchasable","17":"product-type-simple"},"_links":{"self":[{"href":"https:\/\/roveyayinevi.com.tr\/index.php\/wp-json\/wp\/v2\/product\/741476","targetHints":{"allow":["GET"]}}],"collection":[{"href":"https:\/\/roveyayinevi.com.tr\/index.php\/wp-json\/wp\/v2\/product"}],"about":[{"href":"https:\/\/roveyayinevi.com.tr\/index.php\/wp-json\/wp\/v2\/types\/product"}],"wp:attachment":[{"href":"https:\/\/roveyayinevi.com.tr\/index.php\/wp-json\/wp\/v2\/media?parent=741476"}],"wp:term":[{"taxonomy":"product_brand","embeddable":true,"href":"https:\/\/roveyayinevi.com.tr\/index.php\/wp-json\/wp\/v2\/product_brand?post=741476"},{"taxonomy":"product_cat","embeddable":true,"href":"https:\/\/roveyayinevi.com.tr\/index.php\/wp-json\/wp\/v2\/product_cat?post=741476"},{"taxonomy":"product_tag","embeddable":true,"href":"https:\/\/roveyayinevi.com.tr\/index.php\/wp-json\/wp\/v2\/product_tag?post=741476"}],"curies":[{"name":"wp","href":"https:\/\/api.w.org\/{rel}","templated":true}]}}