{"id":741466,"date":"2025-08-28T00:50:11","date_gmt":"2025-08-27T21:50:11","guid":{"rendered":"https:\/\/roveyayinevi.com.tr\/index.php\/urun\/ataturk-ve-turk-milli-mars-devrimi\/"},"modified":"2026-04-16T02:52:41","modified_gmt":"2026-04-15T23:52:41","slug":"ataturk-ve-turk-milli-mars-devrimi","status":"publish","type":"product","link":"https:\/\/roveyayinevi.com.tr\/index.php\/urun\/ataturk-ve-turk-milli-mars-devrimi\/","title":{"rendered":"Atat\u00fcrk ve T\u00fcrk Milli Mar\u015f Devrimi"},"content":{"rendered":"<p>Atat\u00fcrk\u2019\u00fcn \u00f6nderli\u011finde tasarlan\u0131p ger\u00e7ekle\u015ftirilen T\u00fcrk Devrimi Ulusal Kurtulu\u015f, Egemenle\u015fi\u015f ve Kurulu\u015f temellidir. Bu temelin en anlaml\u0131 boyutlar\u0131ndan biri T\u00fcrk Mill\u00ee Mar\u015f Devrimidir. Bu devrimin tarihsel d\u00f6nemi ve kayna\u011f\u0131 T\u00fcrk \u0130stiklal Sava\u015f\u0131, an\u0131tsal yap\u0131t\u0131 ve simgesi T\u00fcrk \u0130stiklal Mar\u015f\u0131\u2019d\u0131r; planlan\u0131\u015f ve uygulan\u0131\u015f\u0131 kendine \u00f6zg\u00fc bir olgudur. Bunlar\u0131n t\u00fcm yurtta\u015flarca t\u00fcm y\u00f6nleri ve a\u015famalar\u0131yla bir b\u00fct\u00fcn olarak iyi bilinmesi gerekir. Elinizdeki kitap bu \u00e7ok y\u00f6nl\u00fc ve a\u015famal\u0131 devrimi derli toplu bir b\u00fct\u00fcn olarak anlatan ilk \u00f6zg\u00fcn ve geni\u015f kapsaml\u0131 kaynakt\u0131r. Yirmi b\u00f6l\u00fcmden olu\u015fmaktad\u0131r. \u0130lk d\u00f6rt b\u00f6l\u00fcmde Atat\u00fcrk ve T\u00fcrk devrimi, d\u00fcnyada ve T\u00fcrkiye\u2019de mill\u00ee mar\u015f olgusu, Osmanl\u0131 Devleti\u2019nin mar\u015f-\u0131 sultanileri ve yeni T\u00fcrkiye Devleti\u2019nin mill\u00ee mar\u015f gereksinimi \u00fczerinde durulmaktad\u0131r. \u0130kinci d\u00f6rt b\u00f6l\u00fcmde Mill\u00ee Mar\u015f-\u0130stiklal Mar\u015f\u0131 g\u00fcfte yar\u0131\u015fmas\u0131n\u0131n a\u00e7\u0131l\u0131\u015f\u0131, Mehmet Akif\u2019in yar\u0131\u015fmaya \u00e7a\u011fr\u0131l\u0131 kat\u0131l\u0131\u015f\u0131, \u015fiirlerin eleni\u015fi, TBMM\u2019de Akif\u2019in \u015fiirinin se\u00e7ilip kabul edili\u015fi a\u00e7\u0131klanmaktad\u0131r. \u0130zleyen be\u015f b\u00f6l\u00fcmde \u0130stiklal Mar\u015f\u0131 beste yar\u0131\u015fmas\u0131, TBMM\u2019de beste se\u00e7iminin g\u00f6r\u00fc\u015f\u00fclmesi, \u0130stiklal Mar\u015f\u0131\u2019nda \u00e7ok besteli evre, Mill\u00ee E\u011fitim Bakanl\u0131\u011f\u0131nca \u00f6nce \u00c7a\u011fatay bestesinin, bir s\u00fcre sonra \u00dcng\u00f6r bestesinin se\u00e7ili\u015fi ve y\u00fcr\u00fcrl\u00fc\u011fe konulu\u015fu anlat\u0131l\u0131p irdelenmektedir. Ard\u0131ndan gelen be\u015f b\u00f6l\u00fcmde Ulusal Mar\u015f-\u0130stiklal Mar\u015f\u0131 \u00e7\u00f6z\u00fcmlenmekte, Akif\u2019in mar\u015f\u0131 nas\u0131l yazd\u0131\u011f\u0131, \u00c7a\u011fatay\u2019\u0131n ve \u00dcng\u00f6r\u2019\u00fcn nas\u0131l besteledikleri, Atat\u00fcrk\u2019\u00fcn nas\u0131l de\u011ferlendirdi\u011fi betimlenmektedir. Son iki b\u00f6l\u00fcmde ise genel bir \u00f6zet, sonu\u00e7land\u0131rma ve de\u011ferlendirme yap\u0131lmakta, Atat\u00fcrk\u2019\u00fcn \u0130stiklal Mar\u015f\u0131\u2019na ili\u015fkin \u201cT\u00fcrk devrimini anlatan mar\u015f\u201d tan\u0131m\u0131 a\u00e7\u0131klanmaktad\u0131r. Kitap zengin bir kaynak\u00e7a ve ayr\u0131nt\u0131l\u0131 bir bulduru-dizin ile sonlanmaktad\u0131r. Ayd\u0131n, d\u00fc\u015f\u00fcn\u00fcr, k\u00fclt\u00fcrc\u00fc, tarih\u00e7i, bilimci, sanat\u00e7\u0131, teknik\u00e7i, sporcu, m\u00fczik\u00e7i, e\u011fitimci-\u00f6\u011fretmen, \u00f6\u011frenci\u2026 her yurtta\u015f i\u00e7in bir ba\u015fucu ve ba\u015fvuru kitab\u0131 niteli\u011findedir.   <\/p>\n","protected":false},"excerpt":{"rendered":"<p>Atat\u00fcrk\u2019\u00fcn \u00f6nderli\u011finde tasarlan\u0131p ger\u00e7ekle\u015ftirilen T\u00fcrk Devrimi Ulusal Kurtulu\u015f, Egemenle\u015fi\u015f ve Kurulu\u015f temellidir. Bu temelin en anlaml\u0131 boyutlar\u0131ndan biri T\u00fcrk Mill\u00ee Mar\u015f Devrimidir. Bu devrimin tarihsel d\u00f6nemi<span class=\"excerpt-hellip\"> [\u2026]<\/span><\/p>\n","protected":false},"featured_media":0,"template":"","meta":{"_monsterinsights_skip_tracking":false,"_monsterinsights_sitenote_active":false,"_monsterinsights_sitenote_note":"","_monsterinsights_sitenote_category":0},"product_brand":[],"product_cat":[12370,12304],"product_tag":[],"class_list":{"0":"post-741466","1":"product","2":"type-product","3":"status-publish","5":"product_cat-arastirma-inceleme","6":"product_cat-tarih","7":"pa_cilt-ciltsiz","8":"pa_tur-kitap","9":"pa_yayinevi-arkadas-yayinlari","10":"pa_yazar-ali-ucan","12":"first","13":"instock","14":"sale","15":"shipping-taxable","16":"purchasable","17":"product-type-simple"},"_links":{"self":[{"href":"https:\/\/roveyayinevi.com.tr\/index.php\/wp-json\/wp\/v2\/product\/741466","targetHints":{"allow":["GET"]}}],"collection":[{"href":"https:\/\/roveyayinevi.com.tr\/index.php\/wp-json\/wp\/v2\/product"}],"about":[{"href":"https:\/\/roveyayinevi.com.tr\/index.php\/wp-json\/wp\/v2\/types\/product"}],"wp:attachment":[{"href":"https:\/\/roveyayinevi.com.tr\/index.php\/wp-json\/wp\/v2\/media?parent=741466"}],"wp:term":[{"taxonomy":"product_brand","embeddable":true,"href":"https:\/\/roveyayinevi.com.tr\/index.php\/wp-json\/wp\/v2\/product_brand?post=741466"},{"taxonomy":"product_cat","embeddable":true,"href":"https:\/\/roveyayinevi.com.tr\/index.php\/wp-json\/wp\/v2\/product_cat?post=741466"},{"taxonomy":"product_tag","embeddable":true,"href":"https:\/\/roveyayinevi.com.tr\/index.php\/wp-json\/wp\/v2\/product_tag?post=741466"}],"curies":[{"name":"wp","href":"https:\/\/api.w.org\/{rel}","templated":true}]}}