{"id":741462,"date":"2025-08-28T00:50:08","date_gmt":"2025-08-27T21:50:08","guid":{"rendered":"https:\/\/roveyayinevi.com.tr\/index.php\/urun\/ates-i-ask-2\/"},"modified":"2026-04-16T02:52:41","modified_gmt":"2026-04-15T23:52:41","slug":"ates-i-ask-2","status":"publish","type":"product","link":"https:\/\/roveyayinevi.com.tr\/index.php\/urun\/ates-i-ask-2\/","title":{"rendered":"Ate\u015f-i A\u015fk"},"content":{"rendered":"<p>Ate\u015f-i A\u015fk, yak\u0131n tarihimizin en trajik olaylar\u0131ndan Sivas Katliam\u0131\u2019n\u0131, Alevi hareketinin \u00f6nde gelen \u00f6rg\u00fctlerinden Pir Sultan Abdal K\u00fclt\u00fcr ve Tan\u0131tma Derne\u011fi\u2019nin kurucu genel ba\u015fkan\u0131 Murtaza Demir\u2019in \u00e7arp\u0131c\u0131 tan\u0131kl\u0131klar\u0131yla yeniden g\u00fcndeme getiriyor.   Murtaza Demir, 1990\u2019lardan sonra Alevi kitle \u00f6rg\u00fctlerinin ortaya \u00e7\u0131k\u0131\u015flar\u0131n\u0131, Sivas Katliam\u0131\u2019yla y\u00fczle\u015fmelerini ve sonras\u0131nda m\u00fccadelelerinin nas\u0131l geli\u015fip ilerledi\u011fini kendi deneyimlerinden yola \u00e7\u0131karak anlat\u0131yor.   Alevi toplumunun \u00f6nde gelen isimlerinden Murtaza Demir sadece bir katliam\u0131n tan\u0131kl\u0131\u011f\u0131n\u0131 yapmakla kalm\u0131yor, Ezilen D\u00fcnya\u2019n\u0131n \u201cmezhep sava\u015flar\u0131na\u201d s\u00fcr\u00fcklendi\u011fi yeni d\u00f6nemi de inceliyor.   Ate\u015f-i A\u015fk, \u00fclkemizin Alevi-S\u00fcnni \u00e7at\u0131\u015fmas\u0131na itildi\u011fi g\u00fcn\u00fcm\u00fczde Alevilerin d\u00fc\u015f\u00fcn d\u00fcnyas\u0131 ve ruh halini \u201ci\u00e7eriden\u201d aktaran \u00f6nemli bir kaynak kitap.   <\/p>\n","protected":false},"excerpt":{"rendered":"<p>Ate\u015f-i A\u015fk, yak\u0131n tarihimizin en trajik olaylar\u0131ndan Sivas Katliam\u0131\u2019n\u0131, Alevi hareketinin \u00f6nde gelen \u00f6rg\u00fctlerinden Pir Sultan Abdal K\u00fclt\u00fcr ve Tan\u0131tma Derne\u011fi\u2019nin kurucu genel ba\u015fkan\u0131 Murtaza Demir\u2019in<span class=\"excerpt-hellip\"> [\u2026]<\/span><\/p>\n","protected":false},"featured_media":0,"template":"","meta":{"_monsterinsights_skip_tracking":false,"_monsterinsights_sitenote_active":false,"_monsterinsights_sitenote_note":"","_monsterinsights_sitenote_category":0},"product_brand":[],"product_cat":[13059,12337],"product_tag":[],"class_list":{"0":"post-741462","1":"product","2":"type-product","3":"status-publish","5":"product_cat-diger-politika-siyaset","6":"product_cat-politika-siyaset","7":"pa_cilt-ciltsiz","8":"pa_tur-kitap","9":"pa_yayinevi-la-kitap-yayinlari","10":"pa_yazar-murtaza-demir","12":"first","13":"instock","14":"sale","15":"shipping-taxable","16":"purchasable","17":"product-type-simple"},"_links":{"self":[{"href":"https:\/\/roveyayinevi.com.tr\/index.php\/wp-json\/wp\/v2\/product\/741462","targetHints":{"allow":["GET"]}}],"collection":[{"href":"https:\/\/roveyayinevi.com.tr\/index.php\/wp-json\/wp\/v2\/product"}],"about":[{"href":"https:\/\/roveyayinevi.com.tr\/index.php\/wp-json\/wp\/v2\/types\/product"}],"wp:attachment":[{"href":"https:\/\/roveyayinevi.com.tr\/index.php\/wp-json\/wp\/v2\/media?parent=741462"}],"wp:term":[{"taxonomy":"product_brand","embeddable":true,"href":"https:\/\/roveyayinevi.com.tr\/index.php\/wp-json\/wp\/v2\/product_brand?post=741462"},{"taxonomy":"product_cat","embeddable":true,"href":"https:\/\/roveyayinevi.com.tr\/index.php\/wp-json\/wp\/v2\/product_cat?post=741462"},{"taxonomy":"product_tag","embeddable":true,"href":"https:\/\/roveyayinevi.com.tr\/index.php\/wp-json\/wp\/v2\/product_tag?post=741462"}],"curies":[{"name":"wp","href":"https:\/\/api.w.org\/{rel}","templated":true}]}}