{"id":741410,"date":"2025-08-28T00:49:01","date_gmt":"2025-08-27T21:49:01","guid":{"rendered":"https:\/\/roveyayinevi.com.tr\/index.php\/urun\/dunyanin-en-mutlu-adami\/"},"modified":"2026-04-16T02:52:39","modified_gmt":"2026-04-15T23:52:39","slug":"dunyanin-en-mutlu-adami","status":"publish","type":"product","link":"https:\/\/roveyayinevi.com.tr\/index.php\/urun\/dunyanin-en-mutlu-adami\/","title":{"rendered":"D\u00fcnyan\u0131n En Mutlu Adam\u0131"},"content":{"rendered":"<p>Eddie Jaku, \u201ckendilerini \u00f6nce Alman, sonra yine Alman ve ondan sonra Yahudi olarak g\u00f6ren\u201d Leipzigli bir ailenin \u00e7ocu\u011fuydu. Birinci D\u00fcnya Sava\u015f\u0131\u2019nda Almanya i\u00e7in a\u011f\u0131r silah \u00fcretiminde \u00e7al\u0131\u015fan babas\u0131 gibi o da bir Alman Yahudisi olarak \u00fclkesiyle iftihar ediyor; d\u00fcnyan\u0131n en ayd\u0131nlanm\u0131\u015f, en k\u00fclt\u00fcrl\u00fc ve en e\u011fitimli toplumunun par\u00e7as\u0131 oldu\u011funa inan\u0131yordu. Ancak bu d\u00fc\u015f\u00fcncelerinin hepsi, Yahudi oldu\u011fu gerek\u00e7esiyle Nazi milisleri taraf\u0131ndan darp edilip tutuklanarak bir toplama kamp\u0131na at\u0131laca\u011f\u0131 1938 Kas\u0131m\u2019\u0131nda de\u011fi\u015fti. Jaku, bundan sonraki yedi y\u0131ll\u0131k deh\u015fetengiz yolculu\u011funa Buchenwald Toplama Kamp\u0131\u2019nda ba\u015flad\u0131. Toplama kamp\u0131nda g\u00f6revli eski bir tan\u0131d\u0131\u011f\u0131 sayesinde Buchenwald\u2019dan \u00e7\u0131kmay\u0131 ba\u015faran Jaku, Nazi zulm\u00fcne u\u011frayan gruplar\u0131 Almanya\u2019dan \u00e7\u0131karan insan ka\u00e7ak\u00e7\u0131lar\u0131 arac\u0131l\u0131\u011f\u0131yla babas\u0131yla birlikte Bel\u00e7ika\u2019ya ka\u00e7t\u0131. Nazilerin Bel\u00e7ika\u2019y\u0131 i\u015fgaliyle birlikte Fransa\u2019ya ge\u00e7en Jaku, Alman panzerlerinin M\u00fcttefik ordular\u0131n\u0131 \u00f6nlerine katt\u0131\u011f\u0131 s\u0131rada me\u015fhur Dunkirk tahliyesine tan\u0131kl\u0131k etti. Akabinde Fransa\u2019da k\u0131l\u0131k de\u011fi\u015ftirmi\u015f bir Alman askeri san\u0131larak tutukland\u0131 ve Almanlar\u0131n bu \u00fclkeyi topyek\u00fbn i\u015fgaliyle birlikte Frans\u0131z polisince Almanlara iade edildi. M\u00fchendislik becerileri sayesinde onu Almanya\u2019ya g\u00f6t\u00fcrecek trenden ka\u00e7\u0131p, Bel\u00e7ika\u2019da ailesiyle bir araya gelmeyi ba\u015fard\u0131. Ancak \u00e7ok ge\u00e7meden jurnallenerek Gestapo taraf\u0131ndan tutukland\u0131 ve t\u00fcm aile fertleriyle birlikte 1.1 milyon insan\u0131n son dura\u011f\u0131 olacak Auschwitz\u2019e g\u00f6nderildi. Onu ve ailesini peronda kar\u015f\u0131layacak ki\u015fi ise \u201c\u00d6l\u00fcm Mele\u011fi\u201d lakab\u0131yla al\u0131nan Dr. Josef Mengele\u2019ydi. Y\u0131llar boyunca maruz kald\u0131\u011f\u0131 deh\u015fetler ve soyk\u0131r\u0131mda yitirdi\u011fi t\u00fcm sevdiklerine ra\u011fmen Hitler\u2019den intik\u00e2m\u0131n\u0131 \u201cd\u00fcnyan\u0131n en mutlu adam\u0131\u201d olarak almaya karar veren Jaku, bu yer yer kederli yer yer de umut dolu hik\u00e2yesiyle, d\u00f6rt bir yan\u0131 karanl\u0131klarla \u00e7evriliyken bile mutlulu\u011fu nas\u0131l bulabilece\u011fine dair insanl\u0131\u011fa \u0131\u015f\u0131k tutuyor. <\/p>\n","protected":false},"excerpt":{"rendered":"<p>Eddie Jaku, \u201ckendilerini \u00f6nce Alman, sonra yine Alman ve ondan sonra Yahudi olarak g\u00f6ren\u201d Leipzigli bir ailenin \u00e7ocu\u011fuydu. Birinci D\u00fcnya Sava\u015f\u0131\u2019nda Almanya i\u00e7in a\u011f\u0131r silah \u00fcretiminde<span class=\"excerpt-hellip\"> [\u2026]<\/span><\/p>\n","protected":false},"featured_media":0,"template":"","meta":{"_monsterinsights_skip_tracking":false,"_monsterinsights_sitenote_active":false,"_monsterinsights_sitenote_note":"","_monsterinsights_sitenote_category":0},"product_brand":[],"product_cat":[12312,12304],"product_tag":[],"class_list":{"0":"post-741410","1":"product","2":"type-product","3":"status-publish","5":"product_cat-diger","6":"product_cat-tarih","7":"pa_cilt-ciltsiz","8":"pa_tur-kitap","9":"pa_yayinevi-kronik-kitap","10":"pa_yazar-eddie-jaku","12":"first","13":"instock","14":"sale","15":"shipping-taxable","16":"purchasable","17":"product-type-simple"},"_links":{"self":[{"href":"https:\/\/roveyayinevi.com.tr\/index.php\/wp-json\/wp\/v2\/product\/741410","targetHints":{"allow":["GET"]}}],"collection":[{"href":"https:\/\/roveyayinevi.com.tr\/index.php\/wp-json\/wp\/v2\/product"}],"about":[{"href":"https:\/\/roveyayinevi.com.tr\/index.php\/wp-json\/wp\/v2\/types\/product"}],"wp:attachment":[{"href":"https:\/\/roveyayinevi.com.tr\/index.php\/wp-json\/wp\/v2\/media?parent=741410"}],"wp:term":[{"taxonomy":"product_brand","embeddable":true,"href":"https:\/\/roveyayinevi.com.tr\/index.php\/wp-json\/wp\/v2\/product_brand?post=741410"},{"taxonomy":"product_cat","embeddable":true,"href":"https:\/\/roveyayinevi.com.tr\/index.php\/wp-json\/wp\/v2\/product_cat?post=741410"},{"taxonomy":"product_tag","embeddable":true,"href":"https:\/\/roveyayinevi.com.tr\/index.php\/wp-json\/wp\/v2\/product_tag?post=741410"}],"curies":[{"name":"wp","href":"https:\/\/api.w.org\/{rel}","templated":true}]}}