{"id":741383,"date":"2025-08-28T00:48:32","date_gmt":"2025-08-27T21:48:32","guid":{"rendered":"https:\/\/roveyayinevi.com.tr\/index.php\/urun\/emperyalizm-ve-taliban-kiskacinda-afganistan\/"},"modified":"2026-04-16T02:52:38","modified_gmt":"2026-04-15T23:52:38","slug":"emperyalizm-ve-taliban-kiskacinda-afganistan","status":"publish","type":"product","link":"https:\/\/roveyayinevi.com.tr\/index.php\/urun\/emperyalizm-ve-taliban-kiskacinda-afganistan\/","title":{"rendered":"Emperyalizm ve Taliban K\u0131skac\u0131nda Afganistan"},"content":{"rendered":"<p>\u201cAfganistan\u2019da ya\u015fananlar, emperyalist barbarl\u0131k, dinci gericilik ve a\u015firetler aras\u0131nda s\u0131k\u0131\u015fan bir kadim \u00fclkenin hazin \u00f6yk\u00fcs\u00fcd\u00fcr. Neresinden tutsan\u0131z elinizde kalan, k\u00fcresel g\u00fc\u00e7 merkezleriyle yerel i\u015fbirlik\u00e7ilerin el birli\u011fiyle \u00e7\u00f6kertti\u011fi G\u00fcney Asya\u2019n\u0131n bu mazlum \u00fclkesinde 15 A\u011fustos 2021 tarihi itibariyle yeni bir sayfa a\u00e7\u0131ld\u0131. ABD emperyalizminin bir so\u011fuk sava\u015f stratejisi olarak hayata ge\u00e7irdi\u011fi Ye\u015fil Ku\u015fak projesinin yeti\u015ftirmesi olan \u2018M\u00fccahitler\u2019in g\u00fcn\u00fcm\u00fczdeki Talebeler\u2019i 20 y\u0131l sonra yeniden \u00fclkenin kontrol\u00fcn\u00fc ele ge\u00e7irdi. B\u00fct\u00fcn d\u00fcnyan\u0131n g\u00f6zleri \u00f6n\u00fcnde cereyan eden bu vaka adeta pandoran\u0131n da kutusunu a\u00e7m\u0131\u015f oldu\u2026\u201d   Irak, Suriye, Filistin \u0130ran, Libya, Yemen, G\u00fcney \u00c7in denizi, Hint-Pasifik politikalar\u0131yla birlikte ele al\u0131nd\u0131\u011f\u0131nda Afganistan\u2019\u0131 nas\u0131l okumal\u0131? Ortaya \u00e7\u0131kan b\u00fcy\u00fck tabloda ya\u015fananlar\u0131n k\u0131sa, orta ve uzun vadeli sonu\u00e7lar\u0131 ne olur? Ve elbette ki b\u00fct\u00fcn bu denklemde siyasal \u0130slamc\u0131 AKP\u2019ye bi\u00e7ilen roller, \u00fclkeyi bekleyen tehlikeler neler? Bu \u00e7al\u0131\u015fmada Afganistan \u00fczerinden bir okuma yap\u0131larak t\u00fcm bu sorulara yan\u0131tlar \u00fcretilmeye \u00e7al\u0131\u015f\u0131ld\u0131.<\/p>\n","protected":false},"excerpt":{"rendered":"<p>\u201cAfganistan\u2019da ya\u015fananlar, emperyalist barbarl\u0131k, dinci gericilik ve a\u015firetler aras\u0131nda s\u0131k\u0131\u015fan bir kadim \u00fclkenin hazin \u00f6yk\u00fcs\u00fcd\u00fcr. Neresinden tutsan\u0131z elinizde kalan, k\u00fcresel g\u00fc\u00e7 merkezleriyle yerel i\u015fbirlik\u00e7ilerin el birli\u011fiyle<span class=\"excerpt-hellip\"> [\u2026]<\/span><\/p>\n","protected":false},"featured_media":0,"template":"","meta":{"_monsterinsights_skip_tracking":false,"_monsterinsights_sitenote_active":false,"_monsterinsights_sitenote_note":"","_monsterinsights_sitenote_category":0},"product_brand":[],"product_cat":[13059,12337],"product_tag":[],"class_list":{"0":"post-741383","1":"product","2":"type-product","3":"status-publish","5":"product_cat-diger-politika-siyaset","6":"product_cat-politika-siyaset","7":"pa_cilt-ciltsiz","8":"pa_tur-kitap","9":"pa_yayinevi-sol-kultur","10":"pa_yazar-sol-kultur-yayinlari-kolektif","12":"first","13":"instock","14":"sale","15":"shipping-taxable","16":"purchasable","17":"product-type-simple"},"_links":{"self":[{"href":"https:\/\/roveyayinevi.com.tr\/index.php\/wp-json\/wp\/v2\/product\/741383","targetHints":{"allow":["GET"]}}],"collection":[{"href":"https:\/\/roveyayinevi.com.tr\/index.php\/wp-json\/wp\/v2\/product"}],"about":[{"href":"https:\/\/roveyayinevi.com.tr\/index.php\/wp-json\/wp\/v2\/types\/product"}],"wp:attachment":[{"href":"https:\/\/roveyayinevi.com.tr\/index.php\/wp-json\/wp\/v2\/media?parent=741383"}],"wp:term":[{"taxonomy":"product_brand","embeddable":true,"href":"https:\/\/roveyayinevi.com.tr\/index.php\/wp-json\/wp\/v2\/product_brand?post=741383"},{"taxonomy":"product_cat","embeddable":true,"href":"https:\/\/roveyayinevi.com.tr\/index.php\/wp-json\/wp\/v2\/product_cat?post=741383"},{"taxonomy":"product_tag","embeddable":true,"href":"https:\/\/roveyayinevi.com.tr\/index.php\/wp-json\/wp\/v2\/product_tag?post=741383"}],"curies":[{"name":"wp","href":"https:\/\/api.w.org\/{rel}","templated":true}]}}