{"id":741382,"date":"2025-08-28T00:48:31","date_gmt":"2025-08-27T21:48:31","guid":{"rendered":"https:\/\/roveyayinevi.com.tr\/index.php\/urun\/bir-yol-var\/"},"modified":"2026-04-16T02:52:38","modified_gmt":"2026-04-15T23:52:38","slug":"bir-yol-var","status":"publish","type":"product","link":"https:\/\/roveyayinevi.com.tr\/index.php\/urun\/bir-yol-var\/","title":{"rendered":"Bir Yol Var"},"content":{"rendered":"<p>\u201cSosyalizm sadece do\u011fru fikirlerin egemen oldu\u011fu bir uzmanlar sistemi de\u011fil, iyi kalplilerin nefes ald\u0131\u011f\u0131 bir d\u00fcnya olarak tasarland\u0131\u011f\u0131 \u00f6l\u00e7\u00fcde, insanl\u0131\u011f\u0131n kay\u0131p r\u00fcyas\u0131n\u0131 yeniden var edebilecektir\u201d. Kitab\u0131n birinci b\u00f6l\u00fcm\u00fcnde siyasi geli\u015fmeler ve sol hareketin bu s\u00fcre\u00e7ler kar\u015f\u0131s\u0131nda izledi\u011fi politikalara ili\u015fkin de\u011ferlendirmelere yer verdik. \u0130kinci b\u00f6l\u00fcmde ise solda kafa kar\u0131\u015f\u0131kl\u0131\u011f\u0131n\u0131n devam etti\u011fi baz\u0131 teorik ba\u015fl\u0131klardaki ayr\u0131m noktalar\u0131n\u0131n ele al\u0131nd\u0131\u011f\u0131 yaz\u0131lar yer al\u0131yor. Kitab\u0131n \u00fc\u00e7\u00fcnc\u00fc b\u00f6l\u00fcm\u00fc ise a\u011f\u0131rl\u0131kla 21. Y\u00fczy\u0131l\u0131n direni\u015f hareketleri eksenindeki aray\u0131\u015flar ve tart\u0131\u015fmalara ili\u015fkin notlardan olu\u015fuyor. Kitapta ayr\u0131ca  \u201c12 Eyl\u00fcl ve Sol\u201d ba\u015fl\u0131kl\u0131 ara b\u00f6l\u00fcme de yer verdik. YOL Dergisi\u2019nin, 12 Eyl\u00fcl\u2019\u00fcn 40. Y\u0131l\u0131 vesilesiyle haz\u0131rlad\u0131\u011f\u0131 bu dosyada Devrimci Yol ve sol hareketin 12 Eyl\u00fcl\u2019\u00fc nas\u0131l de\u011ferlendirdi\u011fini okuyabilirsiniz. YOL Dergi Kolektifi\u2019ne ayr\u0131ca te\u015fekk\u00fcr ediyoruz. <\/p>\n","protected":false},"excerpt":{"rendered":"<p>\u201cSosyalizm sadece do\u011fru fikirlerin egemen oldu\u011fu bir uzmanlar sistemi de\u011fil, iyi kalplilerin nefes ald\u0131\u011f\u0131 bir d\u00fcnya olarak tasarland\u0131\u011f\u0131 \u00f6l\u00e7\u00fcde, insanl\u0131\u011f\u0131n kay\u0131p r\u00fcyas\u0131n\u0131 yeniden var edebilecektir\u201d. Kitab\u0131n<span class=\"excerpt-hellip\"> [\u2026]<\/span><\/p>\n","protected":false},"featured_media":0,"template":"","meta":{"_monsterinsights_skip_tracking":false,"_monsterinsights_sitenote_active":false,"_monsterinsights_sitenote_note":"","_monsterinsights_sitenote_category":0},"product_brand":[],"product_cat":[13059,12337],"product_tag":[],"class_list":{"0":"post-741382","1":"product","2":"type-product","3":"status-publish","5":"product_cat-diger-politika-siyaset","6":"product_cat-politika-siyaset","7":"pa_cilt-ciltsiz","8":"pa_tur-kitap","9":"pa_yayinevi-sol-kultur","10":"pa_yazar-sol-kultur-yayinlari-kolektif","12":"first","13":"instock","14":"sale","15":"shipping-taxable","16":"purchasable","17":"product-type-simple"},"_links":{"self":[{"href":"https:\/\/roveyayinevi.com.tr\/index.php\/wp-json\/wp\/v2\/product\/741382","targetHints":{"allow":["GET"]}}],"collection":[{"href":"https:\/\/roveyayinevi.com.tr\/index.php\/wp-json\/wp\/v2\/product"}],"about":[{"href":"https:\/\/roveyayinevi.com.tr\/index.php\/wp-json\/wp\/v2\/types\/product"}],"wp:attachment":[{"href":"https:\/\/roveyayinevi.com.tr\/index.php\/wp-json\/wp\/v2\/media?parent=741382"}],"wp:term":[{"taxonomy":"product_brand","embeddable":true,"href":"https:\/\/roveyayinevi.com.tr\/index.php\/wp-json\/wp\/v2\/product_brand?post=741382"},{"taxonomy":"product_cat","embeddable":true,"href":"https:\/\/roveyayinevi.com.tr\/index.php\/wp-json\/wp\/v2\/product_cat?post=741382"},{"taxonomy":"product_tag","embeddable":true,"href":"https:\/\/roveyayinevi.com.tr\/index.php\/wp-json\/wp\/v2\/product_tag?post=741382"}],"curies":[{"name":"wp","href":"https:\/\/api.w.org\/{rel}","templated":true}]}}