{"id":741381,"date":"2025-08-28T00:48:31","date_gmt":"2025-08-27T21:48:31","guid":{"rendered":"https:\/\/roveyayinevi.com.tr\/index.php\/urun\/anti-emperyalizm-ve-bagiimsizlik-fikri\/"},"modified":"2026-04-16T02:52:38","modified_gmt":"2026-04-15T23:52:38","slug":"anti-emperyalizm-ve-bagiimsizlik-fikri","status":"publish","type":"product","link":"https:\/\/roveyayinevi.com.tr\/index.php\/urun\/anti-emperyalizm-ve-bagiimsizlik-fikri\/","title":{"rendered":"Anti-Emperyalizm Ve Ba\u011f\u0131\u0131ms\u0131zl\u0131k Fikri"},"content":{"rendered":"<p>\u201cBug\u00fcn bir taraftan emperyalizmin a\u015f\u0131ld\u0131\u011f\u0131 ve buna ba\u011fl\u0131 olarak anti-emperyalizmin arkaik kald\u0131\u011f\u0131na y\u00f6nelik iddialarla, ba\u011f\u0131ms\u0131zl\u0131\u011f\u0131 savunman\u0131n milliyet\u00e7ilik oldu\u011funa dair liberal fikirlerle kar\u015f\u0131la\u015fmaya ba\u015flad\u0131k. Di\u011fer taraftan da emperyalizmi kapitalizmden kopararak ulusal d\u00fczeyde ele alan ve ABD\u2019den s\u00f6zde \u201c\u00f6zerk\u201d politikalar\u0131 olumlayarak AKP\u2019yi anti-emperyalist ilan eden kesimlerin olu\u015fturdu\u011fu spek\u00fclasyonlar ciddi bir \u015fekilde bu ideolojik tahribat\u0131 peki\u015ftirdi. K\u00fcresel kapitalizmin iddia edildi\u011fi gibi demokrasi ve \u00f6zg\u00fcrl\u00fck de\u011fil, kan, g\u00f6zya\u015f\u0131 ve gericilik getirdi\u011fi, b\u00f6lgesel e\u015fitsizlikleri derinle\u015ftirdi\u011fi k\u0131sa zamanda ortaya \u00e7\u0131kt\u0131.\u201d   Ak\u0131l kar\u0131\u015f\u0131kl\u0131\u011f\u0131n\u0131n g\u00f6r\u00fcn\u00fcr hale geldi\u011fi bu iklimde, d\u00fcnden bug\u00fcne anti-emperyalist m\u00fccadelenin \u00f6nemini anlatan, birbirinden de\u011ferli d\u00fc\u015f\u00fcn\u00fcrlerin ve anti-emperyalist m\u00fccadelenin etkili bir \u015fekilde verildi\u011fi 1960- 70\u2019li y\u0131llara tan\u0131kl\u0131k etmi\u015f de\u011ferli \u00f6znelerin katk\u0131lar\u0131 ile a\u00e7\u0131\u011fa \u00e7\u0131kan bu eser, gelecek ku\u015faklar i\u00e7in de k\u0131lavuz niteli\u011finde olacakt\u0131r.<\/p>\n","protected":false},"excerpt":{"rendered":"<p>\u201cBug\u00fcn bir taraftan emperyalizmin a\u015f\u0131ld\u0131\u011f\u0131 ve buna ba\u011fl\u0131 olarak anti-emperyalizmin arkaik kald\u0131\u011f\u0131na y\u00f6nelik iddialarla, ba\u011f\u0131ms\u0131zl\u0131\u011f\u0131 savunman\u0131n milliyet\u00e7ilik oldu\u011funa dair liberal fikirlerle kar\u015f\u0131la\u015fmaya ba\u015flad\u0131k. Di\u011fer taraftan da<span class=\"excerpt-hellip\"> [\u2026]<\/span><\/p>\n","protected":false},"featured_media":0,"template":"","meta":{"_monsterinsights_skip_tracking":false,"_monsterinsights_sitenote_active":false,"_monsterinsights_sitenote_note":"","_monsterinsights_sitenote_category":0},"product_brand":[],"product_cat":[13059,12337],"product_tag":[],"class_list":{"0":"post-741381","1":"product","2":"type-product","3":"status-publish","5":"product_cat-diger-politika-siyaset","6":"product_cat-politika-siyaset","7":"pa_cilt-ciltsiz","8":"pa_tur-kitap","9":"pa_yayinevi-sol-kultur","10":"pa_yazar-sol-kultur-yayinlari-kolektif","12":"first","13":"instock","14":"sale","15":"shipping-taxable","16":"purchasable","17":"product-type-simple"},"_links":{"self":[{"href":"https:\/\/roveyayinevi.com.tr\/index.php\/wp-json\/wp\/v2\/product\/741381","targetHints":{"allow":["GET"]}}],"collection":[{"href":"https:\/\/roveyayinevi.com.tr\/index.php\/wp-json\/wp\/v2\/product"}],"about":[{"href":"https:\/\/roveyayinevi.com.tr\/index.php\/wp-json\/wp\/v2\/types\/product"}],"wp:attachment":[{"href":"https:\/\/roveyayinevi.com.tr\/index.php\/wp-json\/wp\/v2\/media?parent=741381"}],"wp:term":[{"taxonomy":"product_brand","embeddable":true,"href":"https:\/\/roveyayinevi.com.tr\/index.php\/wp-json\/wp\/v2\/product_brand?post=741381"},{"taxonomy":"product_cat","embeddable":true,"href":"https:\/\/roveyayinevi.com.tr\/index.php\/wp-json\/wp\/v2\/product_cat?post=741381"},{"taxonomy":"product_tag","embeddable":true,"href":"https:\/\/roveyayinevi.com.tr\/index.php\/wp-json\/wp\/v2\/product_tag?post=741381"}],"curies":[{"name":"wp","href":"https:\/\/api.w.org\/{rel}","templated":true}]}}