{"id":741380,"date":"2025-08-28T00:48:30","date_gmt":"2025-08-27T21:48:30","guid":{"rendered":"https:\/\/roveyayinevi.com.tr\/index.php\/urun\/savas-ve-baris-mustafa-kemal-anlatiyor\/"},"modified":"2026-04-16T02:52:38","modified_gmt":"2026-04-15T23:52:38","slug":"savas-ve-baris-mustafa-kemal-anlatiyor","status":"publish","type":"product","link":"https:\/\/roveyayinevi.com.tr\/index.php\/urun\/savas-ve-baris-mustafa-kemal-anlatiyor\/","title":{"rendered":"Sava\u015f ve Bar\u0131\u015f &#8211; Mustafa Kemal Anlat\u0131yor"},"content":{"rendered":"<p>Sava\u015f ve Bar\u0131\u015f &#8211; Mustafa Kemal Anlat\u0131yor Kitap A\u00e7\u0131klamas\u0131\u0130lker Ba\u015fbu\u011f, Mustafa Kemal Anlat\u0131yor: Sava\u015f ve Bar\u0131\u015f kitab\u0131yla, do\u011frudan Atat\u00fcrk\u2019\u00fcn g\u00f6z\u00fcnden 1. D\u00fcnya Sava\u015f\u0131 ile Kurtulu\u015f Sava\u015f\u0131 s\u00fcrecini inceliyor.Ba\u015fbu\u011f, uzun bir film izleme duygusu uyand\u0131ran bu \u00e7al\u0131\u015fmas\u0131nda, okuru, \u015fu \u00fc\u00e7 nedenle Mustafa Kemal\u2019in d\u00fc\u015f\u00fcnce d\u00fcnyas\u0131na girebilmeye y\u00f6neltiyor:Birincisi, Mustafa Kemal\u2019in kabul etti\u011fi, hi\u00e7 vazge\u00e7medi\u011fi ve asla taviz vermedi\u011fi hayati nitelikteki prensipleri ortaya koymak i\u00e7in.\u0130kincisi, Mustafa Kemal\u2019in, o g\u00fcnlerin ko\u015fullar\u0131nda kar\u015f\u0131la\u015ft\u0131\u011f\u0131 sorunlar\u0131n \u00e7\u00f6z\u00fcm\u00fcnde uygulad\u0131\u011f\u0131 modelleri anlayabilmek i\u00e7in.\u00dc\u00e7\u00fcnc\u00fcs\u00fc ise Mustafa Kemal\u2019i ki\u015fi olarak g\u00fc\u00e7l\u00fc k\u0131lan temel nitelikleri ortaya \u00e7\u0131karmak i\u00e7in.\u00c7\u00fcnk\u00fc\u2026Ba\u015fbu\u011f\u2019a g\u00f6re Mustafa Kemal\u2019i daha iyi anlamak, prensiplerini, d\u00fc\u015f\u00fcnce sistemini ve sahip oldu\u011fu ki\u015fisel nitelikleri benimsemek durumunda \u00e7\u00f6z\u00fclemeyecek sorun yok.<\/p>\n","protected":false},"excerpt":{"rendered":"<p>Sava\u015f ve Bar\u0131\u015f &#8211; Mustafa Kemal Anlat\u0131yor Kitap A\u00e7\u0131klamas\u0131\u0130lker Ba\u015fbu\u011f, Mustafa Kemal Anlat\u0131yor: Sava\u015f ve Bar\u0131\u015f kitab\u0131yla, do\u011frudan Atat\u00fcrk\u2019\u00fcn g\u00f6z\u00fcnden 1. D\u00fcnya Sava\u015f\u0131 ile Kurtulu\u015f Sava\u015f\u0131<span class=\"excerpt-hellip\"> [\u2026]<\/span><\/p>\n","protected":false},"featured_media":0,"template":"","meta":{"_monsterinsights_skip_tracking":false,"_monsterinsights_sitenote_active":false,"_monsterinsights_sitenote_note":"","_monsterinsights_sitenote_category":0},"product_brand":[],"product_cat":[12304,14128],"product_tag":[],"class_list":{"0":"post-741380","1":"product","2":"type-product","3":"status-publish","5":"product_cat-tarih","6":"product_cat-yakin-tarih","7":"pa_cilt-ciltsiz","8":"pa_tur-kitap","9":"pa_yayinevi-kirmizi-kedi-yayinevi","10":"pa_yazar-ilker-basbug","12":"first","13":"instock","14":"sale","15":"shipping-taxable","16":"purchasable","17":"product-type-simple"},"_links":{"self":[{"href":"https:\/\/roveyayinevi.com.tr\/index.php\/wp-json\/wp\/v2\/product\/741380","targetHints":{"allow":["GET"]}}],"collection":[{"href":"https:\/\/roveyayinevi.com.tr\/index.php\/wp-json\/wp\/v2\/product"}],"about":[{"href":"https:\/\/roveyayinevi.com.tr\/index.php\/wp-json\/wp\/v2\/types\/product"}],"wp:attachment":[{"href":"https:\/\/roveyayinevi.com.tr\/index.php\/wp-json\/wp\/v2\/media?parent=741380"}],"wp:term":[{"taxonomy":"product_brand","embeddable":true,"href":"https:\/\/roveyayinevi.com.tr\/index.php\/wp-json\/wp\/v2\/product_brand?post=741380"},{"taxonomy":"product_cat","embeddable":true,"href":"https:\/\/roveyayinevi.com.tr\/index.php\/wp-json\/wp\/v2\/product_cat?post=741380"},{"taxonomy":"product_tag","embeddable":true,"href":"https:\/\/roveyayinevi.com.tr\/index.php\/wp-json\/wp\/v2\/product_tag?post=741380"}],"curies":[{"name":"wp","href":"https:\/\/api.w.org\/{rel}","templated":true}]}}