{"id":741130,"date":"2025-08-28T00:42:34","date_gmt":"2025-08-27T21:42:34","guid":{"rendered":"https:\/\/roveyayinevi.com.tr\/index.php\/urun\/ayi-aradigimiz-gece\/"},"modified":"2026-04-16T02:52:14","modified_gmt":"2026-04-15T23:52:14","slug":"ayi-aradigimiz-gece","status":"publish","type":"product","link":"https:\/\/roveyayinevi.com.tr\/index.php\/urun\/ayi-aradigimiz-gece\/","title":{"rendered":"Ay&#8217;\u0131 Arad\u0131\u011f\u0131m\u0131z Gece"},"content":{"rendered":"<p>\u201cT\u00fcm g\u00fczel \u00f6yk\u00fcler bir yolculukla ya da \u015fehre bir yabanc\u0131n\u0131n gelmesiyle ba\u015flar.\u201d                                                                                                                         TolstoyBizim \u00f6yk\u00fcm\u00fcz de s\u0131cac\u0131k bir yolculuk \u00f6yk\u00fcs\u00fc&#8230; Ay\u2019\u0131n g\u00f6ky\u00fcz\u00fcnden kayboldu\u011fu gece, t\u00fcm \u00e7ocuklar ve hayvanlar Ay\u2019\u0131 aramak \u00fczere ormanda bir yolculu\u011fa \u00e7\u0131karlar. Tabiattaki harmoniyi konu edinen bu eser; hayvanlar\u0131n ve insanlar\u0131n bir b\u00fct\u00fcn\u00fcn par\u00e7as\u0131 oldu\u011funu bize hat\u0131rlat\u0131r. Orman\u0131n her bir k\u00f6\u015fesinde Ay\u2019\u0131 ararlarken, umutsuzlu\u011fa d\u00fc\u015ft\u00fcklerinde down sendromlu k\u00fc\u00e7\u00fck bir k\u0131z \u00e7ocu\u011fu grubu ne\u015felendirir. K\u00fc\u00e7\u00fck o\u011flan yoruldu\u011funda ise anne geyik onu s\u0131rt\u0131na al\u0131r, ate\u015f b\u00f6cekleri geceyi ayd\u0131nlat\u0131r\u2026 Fantastik bir evrende ge\u00e7en \u2018Ay\u2019\u0131 Arad\u0131\u011f\u0131m\u0131z Gece\u2019 kapsay\u0131c\u0131 e\u011fitim prensiplerine uygun bir \u015fekilde kaleme al\u0131nd\u0131. Mizahi bir sonla biten \u00f6yk\u00fc, \u00e7ocuklar\u0131m\u0131z\u0131 gizemli bir ormanda Ay\u2019\u0131 aramaya davet ediyor.<\/p>\n","protected":false},"excerpt":{"rendered":"<p>\u201cT\u00fcm g\u00fczel \u00f6yk\u00fcler bir yolculukla ya da \u015fehre bir yabanc\u0131n\u0131n gelmesiyle ba\u015flar.\u201d TolstoyBizim \u00f6yk\u00fcm\u00fcz de s\u0131cac\u0131k bir yolculuk \u00f6yk\u00fcs\u00fc&#8230; Ay\u2019\u0131n g\u00f6ky\u00fcz\u00fcnden kayboldu\u011fu gece, t\u00fcm \u00e7ocuklar ve<span class=\"excerpt-hellip\"> [\u2026]<\/span><\/p>\n","protected":false},"featured_media":0,"template":"","meta":{"_monsterinsights_skip_tracking":false,"_monsterinsights_sitenote_active":false,"_monsterinsights_sitenote_note":"","_monsterinsights_sitenote_category":0},"product_brand":[],"product_cat":[12913,12274],"product_tag":[],"class_list":{"0":"post-741130","1":"product","2":"type-product","3":"status-publish","5":"product_cat-3-6-yas-kitaplari","6":"product_cat-cocuk-ve-genclik-kitaplari","7":"pa_cilt-ciltsiz","8":"pa_tur-kitap","9":"pa_yayinevi-timas-cocuk","10":"pa_yazar-sevde-tuba-okcu","12":"first","13":"instock","14":"sale","15":"shipping-taxable","16":"purchasable","17":"product-type-simple"},"_links":{"self":[{"href":"https:\/\/roveyayinevi.com.tr\/index.php\/wp-json\/wp\/v2\/product\/741130","targetHints":{"allow":["GET"]}}],"collection":[{"href":"https:\/\/roveyayinevi.com.tr\/index.php\/wp-json\/wp\/v2\/product"}],"about":[{"href":"https:\/\/roveyayinevi.com.tr\/index.php\/wp-json\/wp\/v2\/types\/product"}],"wp:attachment":[{"href":"https:\/\/roveyayinevi.com.tr\/index.php\/wp-json\/wp\/v2\/media?parent=741130"}],"wp:term":[{"taxonomy":"product_brand","embeddable":true,"href":"https:\/\/roveyayinevi.com.tr\/index.php\/wp-json\/wp\/v2\/product_brand?post=741130"},{"taxonomy":"product_cat","embeddable":true,"href":"https:\/\/roveyayinevi.com.tr\/index.php\/wp-json\/wp\/v2\/product_cat?post=741130"},{"taxonomy":"product_tag","embeddable":true,"href":"https:\/\/roveyayinevi.com.tr\/index.php\/wp-json\/wp\/v2\/product_tag?post=741130"}],"curies":[{"name":"wp","href":"https:\/\/api.w.org\/{rel}","templated":true}]}}