{"id":741101,"date":"2025-08-28T00:41:59","date_gmt":"2025-08-27T21:41:59","guid":{"rendered":"https:\/\/roveyayinevi.com.tr\/index.php\/urun\/devrim-gunlerinde-trabzon\/"},"modified":"2026-04-16T02:52:13","modified_gmt":"2026-04-15T23:52:13","slug":"devrim-gunlerinde-trabzon","status":"publish","type":"product","link":"https:\/\/roveyayinevi.com.tr\/index.php\/urun\/devrim-gunlerinde-trabzon\/","title":{"rendered":"Devrim G\u00fcnlerinde Trabzon"},"content":{"rendered":"<p>Osmanl\u0131 tarihinin en h\u0131zl\u0131 de\u011fi\u015fim ve d\u00f6n\u00fc\u015f\u00fcm s\u00fcrecinin ya\u015fand\u0131\u011f\u0131 II. Me\u015frutiyet d\u00f6neminin ilk alt\u0131 y\u0131l\u0131nda (1908-1914) \u00e7ok k\u00fclt\u00fcrl\u00fc bir yap\u0131ya sahip, \u00f6nemli bir ticaret kenti olan Trabzon\u2019da ya\u015fanan siyasi, ekonomik, k\u00fclt\u00fcrel ve toplumsal olaylar asl\u0131nda Osmanl\u0131 ta\u015fras\u0131n\u0131n bir aynas\u0131 h\u00fckm\u00fcndedir.Dr. Selim Ahmeto\u011flu\u2019nun Devrim G\u00fcnlerinde Trabzon ad\u0131n\u0131 verdi\u011fi bu \u00e7al\u0131\u015fmas\u0131nda, Osmanl\u0131 \u0130mparatorlu\u011fu\u2019nun \u0130ttihat ve Terakki Cemiyeti liderli\u011finde ya\u015fad\u0131\u011f\u0131 b\u00fcy\u00fck de\u011fi\u015fim s\u00fcrecinde Kafkasya\u2019ya, Rusya\u2019ya ve \u0130ran\u2019a a\u00e7\u0131lan \u00f6nemli bir liman \u015fehri olan Trabzon\u2019da; \u0130ttihat\u00e7\u0131lar\u0131n faaliyetleri, merkez ile ta\u015fran\u0131n ili\u015fkileri, yerel e\u015fraf\u0131n \u0130ttihat ve Terakki Cemiyeti\u2019ne ve politikalar\u0131na bak\u0131\u015f\u0131, cemiyetin yerel e\u015frafa bak\u0131\u015f\u0131, \u0130ttihat ve Terakki Cemiyeti\u2019nin siyasi, k\u00fclt\u00fcrel ve iktisadi politikalar\u0131n\u0131n yerel \u00f6l\u00e7ekteki yans\u0131malar\u0131 gibi pek \u00e7ok konuya de\u011finmektedir. Daha net bir ifadeyle s\u00f6ylemek gerekirse bu \u00e7al\u0131\u015fman\u0131n ana konusu, 1908-1914 y\u0131llar\u0131 aras\u0131nda, \u0130ttihat\u00e7\u0131lar\u0131n \u00f6nc\u00fcl\u00fc\u011f\u00fcnde Trabzon\u2019da ya\u015fanan siyasi, ekonomik, k\u00fclt\u00fcrel ve toplumsal de\u011fi\u015fim ve d\u00f6n\u00fc\u015f\u00fcm\u00fcn ortaya \u00e7\u0131kar\u0131lmas\u0131d\u0131r.Cumhurba\u015fkanl\u0131\u011f\u0131 Osmanl\u0131 Ar\u015fivi\u2019nden \u0130ngiliz konsolosluk raporlar\u0131na, d\u00f6nemin yerel gazetelerinden yine d\u00f6nemi anlatan \u00f6nemli hat\u0131ratlara kadar bir\u00e7ok birincil kaynak kullan\u0131larak haz\u0131rlanan bu \u00e7al\u0131\u015fma, II. Me\u015frutiyet d\u00f6neminin Osmanl\u0131 ta\u015fras\u0131 \u00fczerindeki yans\u0131malar\u0131n\u0131 Trabzon \u00f6rne\u011fi \u00fczerinden okumak isteyen okurlar\u0131n elinden b\u0131rakmayaca\u011f\u0131 bir eser niteli\u011findedir.<\/p>\n","protected":false},"excerpt":{"rendered":"<p>Osmanl\u0131 tarihinin en h\u0131zl\u0131 de\u011fi\u015fim ve d\u00f6n\u00fc\u015f\u00fcm s\u00fcrecinin ya\u015fand\u0131\u011f\u0131 II. Me\u015frutiyet d\u00f6neminin ilk alt\u0131 y\u0131l\u0131nda (1908-1914) \u00e7ok k\u00fclt\u00fcrl\u00fc bir yap\u0131ya sahip, \u00f6nemli bir ticaret kenti olan<span class=\"excerpt-hellip\"> [\u2026]<\/span><\/p>\n","protected":false},"featured_media":0,"template":"","meta":{"_monsterinsights_skip_tracking":false,"_monsterinsights_sitenote_active":false,"_monsterinsights_sitenote_note":"","_monsterinsights_sitenote_category":0},"product_brand":[],"product_cat":[12370,12304],"product_tag":[],"class_list":{"0":"post-741101","1":"product","2":"type-product","3":"status-publish","5":"product_cat-arastirma-inceleme","6":"product_cat-tarih","7":"pa_cilt-ciltsiz","8":"pa_tur-kitap","9":"pa_yayinevi-timas-yayinlari","10":"pa_yazar-selim-ahmetoglu","12":"first","13":"instock","14":"sale","15":"shipping-taxable","16":"purchasable","17":"product-type-simple"},"_links":{"self":[{"href":"https:\/\/roveyayinevi.com.tr\/index.php\/wp-json\/wp\/v2\/product\/741101","targetHints":{"allow":["GET"]}}],"collection":[{"href":"https:\/\/roveyayinevi.com.tr\/index.php\/wp-json\/wp\/v2\/product"}],"about":[{"href":"https:\/\/roveyayinevi.com.tr\/index.php\/wp-json\/wp\/v2\/types\/product"}],"wp:attachment":[{"href":"https:\/\/roveyayinevi.com.tr\/index.php\/wp-json\/wp\/v2\/media?parent=741101"}],"wp:term":[{"taxonomy":"product_brand","embeddable":true,"href":"https:\/\/roveyayinevi.com.tr\/index.php\/wp-json\/wp\/v2\/product_brand?post=741101"},{"taxonomy":"product_cat","embeddable":true,"href":"https:\/\/roveyayinevi.com.tr\/index.php\/wp-json\/wp\/v2\/product_cat?post=741101"},{"taxonomy":"product_tag","embeddable":true,"href":"https:\/\/roveyayinevi.com.tr\/index.php\/wp-json\/wp\/v2\/product_tag?post=741101"}],"curies":[{"name":"wp","href":"https:\/\/api.w.org\/{rel}","templated":true}]}}