{"id":741099,"date":"2025-08-28T00:41:56","date_gmt":"2025-08-27T21:41:56","guid":{"rendered":"https:\/\/roveyayinevi.com.tr\/index.php\/urun\/bir-dervis-yolculuga-cikar-bir-daha-donmemek-uzere\/"},"modified":"2026-04-16T02:52:13","modified_gmt":"2026-04-15T23:52:13","slug":"bir-dervis-yolculuga-cikar-bir-daha-donmemek-uzere","status":"publish","type":"product","link":"https:\/\/roveyayinevi.com.tr\/index.php\/urun\/bir-dervis-yolculuga-cikar-bir-daha-donmemek-uzere\/","title":{"rendered":"Bir Dervi\u015f Yolculu\u011fa \u00c7\u0131kar, Bir Daha D\u00f6nmemek \u00dczere"},"content":{"rendered":"<p>M. Olgay S\u00f6yler, Bir Dervi\u015f Yolculu\u011fa \u00c7\u0131kar Bir Daha D\u00f6nmemek \u00dczere adl\u0131 \u00e7al\u0131\u015fmas\u0131nda, \u201cmarjinal sufi\u201dlerin izlerini s\u00fcr\u00fcyor. Kitap; Anadolu ve Balkanlar\u2019da ses vermi\u015f tasavvuf erbab\u0131 ve T\u00fcrk k\u00fclt\u00fcr tarihi \u00fczerine kaleme al\u0131nm\u0131\u015f makalelerden m\u00fcrekkep.Yazar; Sar\u0131 Saltuk\u2019tan \u015eeyh Bedreddin\u2019e, Hac\u0131 Bekta\u015f-\u0131 Veli\u2019den Baba \u0130lyas\u2019a, \u015eah Kalender \u00c7elebi\u2019den Pir Sultan Abdal\u2019a, H\u0131z\u0131r\u2019dan Sar\u0131k\u0131z\u2019a, Abdal Musa\u2019dan Geyikli Baba\u2019ya de\u011fin Sel\u00e7uklu ve Osmanl\u0131 tarihinin sessize ald\u0131\u011f\u0131 ki\u015filerin foto\u011fraflar\u0131n\u0131 \u00e7ekiyor. Okura; resm\u00ee anlat\u0131n\u0131n haricinde, menak\u0131pn\u00e2melerden, s\u00f6zl\u00fc k\u00fclt\u00fcrden derleyip, keramet motifleriyle zenginle\u015ftirdi\u011fi bir resim sunuyor.Bu kitapta, huruca kalkan \u015feyh efendileri, Osmanl\u0131\u2019ya \u201cpost\u201da koyan m\u00fcr\u015fitleri, meydanlara inen dervi\u015fleri, m\u00fcesses nizama kafa tutan sufi direni\u015f\u00e7ileri, Ali s\u0131rr\u0131na erenleri okuyacaks\u0131n\u0131z.Evet, \u201cisyan misti\u011fin tavr\u0131d\u0131r.\u201d<\/p>\n","protected":false},"excerpt":{"rendered":"<p>M. Olgay S\u00f6yler, Bir Dervi\u015f Yolculu\u011fa \u00c7\u0131kar Bir Daha D\u00f6nmemek \u00dczere adl\u0131 \u00e7al\u0131\u015fmas\u0131nda, \u201cmarjinal sufi\u201dlerin izlerini s\u00fcr\u00fcyor. Kitap; Anadolu ve Balkanlar\u2019da ses vermi\u015f tasavvuf erbab\u0131 ve<span class=\"excerpt-hellip\"> [\u2026]<\/span><\/p>\n","protected":false},"featured_media":0,"template":"","meta":{"_monsterinsights_skip_tracking":false,"_monsterinsights_sitenote_active":false,"_monsterinsights_sitenote_note":"","_monsterinsights_sitenote_category":0},"product_brand":[],"product_cat":[12304,13650],"product_tag":[],"class_list":{"0":"post-741099","1":"product","2":"type-product","3":"status-publish","5":"product_cat-tarih","6":"product_cat-turk-tarihi-arastirmalari","7":"pa_cilt-ciltsiz","8":"pa_tur-kitap","9":"pa_yayinevi-timas-yayinlari","10":"pa_yazar-m-olgay-soyler","12":"first","13":"instock","14":"sale","15":"shipping-taxable","16":"purchasable","17":"product-type-simple"},"_links":{"self":[{"href":"https:\/\/roveyayinevi.com.tr\/index.php\/wp-json\/wp\/v2\/product\/741099","targetHints":{"allow":["GET"]}}],"collection":[{"href":"https:\/\/roveyayinevi.com.tr\/index.php\/wp-json\/wp\/v2\/product"}],"about":[{"href":"https:\/\/roveyayinevi.com.tr\/index.php\/wp-json\/wp\/v2\/types\/product"}],"wp:attachment":[{"href":"https:\/\/roveyayinevi.com.tr\/index.php\/wp-json\/wp\/v2\/media?parent=741099"}],"wp:term":[{"taxonomy":"product_brand","embeddable":true,"href":"https:\/\/roveyayinevi.com.tr\/index.php\/wp-json\/wp\/v2\/product_brand?post=741099"},{"taxonomy":"product_cat","embeddable":true,"href":"https:\/\/roveyayinevi.com.tr\/index.php\/wp-json\/wp\/v2\/product_cat?post=741099"},{"taxonomy":"product_tag","embeddable":true,"href":"https:\/\/roveyayinevi.com.tr\/index.php\/wp-json\/wp\/v2\/product_tag?post=741099"}],"curies":[{"name":"wp","href":"https:\/\/api.w.org\/{rel}","templated":true}]}}