{"id":741091,"date":"2025-08-28T00:41:47","date_gmt":"2025-08-27T21:41:47","guid":{"rendered":"https:\/\/roveyayinevi.com.tr\/index.php\/urun\/kanun-ordusu-bir-jandarma-generalin-otobiyografisi\/"},"modified":"2025-11-21T07:59:58","modified_gmt":"2025-11-21T04:59:58","slug":"kanun-ordusu-bir-jandarma-generalin-otobiyografisi","status":"publish","type":"product","link":"https:\/\/roveyayinevi.com.tr\/index.php\/urun\/kanun-ordusu-bir-jandarma-generalin-otobiyografisi\/","title":{"rendered":"Kanun Ordusu, Bir Jandarma Generalin Otobiyografisi"},"content":{"rendered":"<p>\u201cAbd\u00fclkadir Ery\u0131lmaz, 13 ya\u015f\u0131nda giydi\u011fi askerlik \u00fcniformas\u0131n\u0131 t\u00fcmgeneral r\u00fctbesine kadar \u015ferefle ta\u015f\u0131m\u0131\u015f bir asker.          Yazar, Anadolu\u2019nun \u00fccra bir k\u00f6\u015fesinden \u00e7\u0131kan saf, temiz Anadolu \u00e7ocu\u011funun millet nezdinde \u201cPeygamber Oca\u011f\u0131\u201d olarak bilinen, \u201cAsker Oca\u011f\u0131n\u0131n\u201d her kademesinde al\u0131n teriyle vatan\u0131na milletine hizmet ederken kaynaktan \u00e7\u0131kt\u0131\u011f\u0131 suyu hi\u00e7 kirletmeden, kirletilmesine m\u00fcsaade etmeden, giydi\u011fi \u00fcniformas\u0131na leke bula\u015ft\u0131rmamaya azami gayret g\u00f6stermi\u015f.           Ama ne yaz\u0131k ki, yazar\u0131m\u0131z da \u015fer odaklar\u0131nca ordumuz mensuplar\u0131na kurulan kumpastan su\u00e7lu oldu\u011fu i\u00e7in de\u011fil, su\u00e7lu denildi\u011fi i\u00e7in nasibine d\u00fc\u015fen iftiralardan aln\u0131n\u0131n ak\u0131yla \u00e7\u0131km\u0131\u015ft\u0131r.           B\u00fct\u00fcn bunlar\u0131 bazen i\u00e7inizi ac\u0131tacak kadar h\u00fcz\u00fcnl\u00fc, bazen de g\u00fclmelere sebep olacak kadar esprili anlat\u0131mlar\u0131yla da s\u00fcslemi\u015f. Elinizden b\u0131rakmadan keyifle okuyacaks\u0131n\u0131z bu hayat hik\u00e2yesini, serencam\u0131\u2026           Ba\u015fka neler mi var i\u00e7inde?           \u2022 Eserin her sayfas\u0131nda Anadolu\u2019nun her y\u00f6resinin, her insan\u0131n\u0131n \u00f6zelliklerini ve g\u00fczelliklerini bulur; k\u00e2h onlar gibi \u00e7aresizli\u011fi ya\u015far \u00fcz\u00fcl\u00fcr, k\u00e2h hazz\u0131 doru\u011funda ya\u015fayarak yedi\u011finden i\u00e7ti\u011finden siz de nasiplenirsiniz.           \u2022 Devlet \u00e7ark\u0131ndaki \u00e7arp\u0131kl\u0131klar\u0131 ac\u0131 olaylarla, \u00fcz\u00fcc\u00fc ger\u00e7eklerle g\u00f6r\u00fcr, eseri okurken iliklerinize kadar i\u015fleyen bir s\u0131z\u0131 ile hissedersiniz.           \u2022 Okullarda \u00f6\u011frencilere vatan, bayrak gibi de\u011fer \u015fuuru kazand\u0131r\u0131lmaya \u00e7al\u0131\u015f\u0131l\u0131rken ders kitaplar\u0131na \u00f6rnek metin al\u0131nabilecek canl\u0131 ve ger\u00e7ek \u00f6rneklerini nemli g\u00f6zlerle okursunuz.           \u2022 Askeri Okul \u00f6\u011frencilerine her sat\u0131r\u0131 onlar i\u00e7in hayatiyet meselesi olacak kadar muazzam bir kaynak olarak bulursunuz.           \u2022 Vatanda\u015f s\u0131cak yata\u011f\u0131nda uyurken, ter\u00f6r \u00f6rg\u00fctleriyle \u00e7at\u0131\u015fmalara giren zor \u015fartlar\u0131n ve zor zamanlar\u0131n isimsiz kahramanlar\u0131n\u0131n cesaret ve metanetleriyle gurur duyars\u0131n\u0131z.          \u2022 Yazar su\u00e7suz yere cezaevindeyken i\u00e7inde yanarda\u011flar patlamas\u0131na ra\u011fmen, T\u00fcrk askerine yak\u0131\u015f\u0131r \u015fekilde masumiyeti ambalajlay\u0131p metanet ve sab\u0131rla ne\u015feli bir g\u00f6r\u00fcnt\u00fc vermeye \u00e7al\u0131\u015ft\u0131\u011f\u0131n\u0131 g\u00f6zlemler hay\u0131flan\u0131rs\u0131n\u0131z. K\u0131saca, yazar; yang\u0131n yerleri serinlesin, ac\u0131lar unutulsun, kederler da\u011f\u0131ls\u0131n, bir insan bir insana g\u00fcl\u00fcmsesin; bozk\u0131rlar ye\u015fersin, a\u011fa\u00e7lar dal budak sals\u0131n, \u0131rmaklar g\u00fcrlesin istiyor. Ac\u0131lar\u0131 de\u011fil, sevinci \u00e7o\u011faltal\u0131m istiyor. \u0130nsan, sevgiyle ve onurla ya\u015fas\u0131n, \u00f6zg\u00fcrce ya\u015fas\u0131n istiyor\u2026\u201d                                                                                                                                    \u0130smet KAPUSUZ                                                                                                                                 Emekli Edebiyat \u00d6\u011fretmeni          \u0130yi okumalar diliyoruz.   <\/p>\n","protected":false},"excerpt":{"rendered":"<p>\u201cAbd\u00fclkadir Ery\u0131lmaz, 13 ya\u015f\u0131nda giydi\u011fi askerlik \u00fcniformas\u0131n\u0131 t\u00fcmgeneral r\u00fctbesine kadar \u015ferefle ta\u015f\u0131m\u0131\u015f bir asker. Yazar, Anadolu\u2019nun \u00fccra bir k\u00f6\u015fesinden \u00e7\u0131kan saf, temiz Anadolu \u00e7ocu\u011funun millet nezdinde<span class=\"excerpt-hellip\"> [\u2026]<\/span><\/p>\n","protected":false},"featured_media":0,"template":"","meta":{"_monsterinsights_skip_tracking":false,"_monsterinsights_sitenote_active":false,"_monsterinsights_sitenote_note":"","_monsterinsights_sitenote_category":0},"product_brand":[],"product_cat":[13059,12337],"product_tag":[],"class_list":{"0":"post-741091","1":"product","2":"type-product","3":"status-publish","5":"product_cat-diger-politika-siyaset","6":"product_cat-politika-siyaset","7":"pa_cilt-ciltsiz","8":"pa_tur-kitap","9":"pa_yayinevi-galeati-yayincilik","10":"pa_yazar-abdulkadir-eryilmaz","12":"first","13":"instock","14":"sale","15":"shipping-taxable","16":"purchasable","17":"product-type-simple"},"_links":{"self":[{"href":"https:\/\/roveyayinevi.com.tr\/index.php\/wp-json\/wp\/v2\/product\/741091","targetHints":{"allow":["GET"]}}],"collection":[{"href":"https:\/\/roveyayinevi.com.tr\/index.php\/wp-json\/wp\/v2\/product"}],"about":[{"href":"https:\/\/roveyayinevi.com.tr\/index.php\/wp-json\/wp\/v2\/types\/product"}],"wp:attachment":[{"href":"https:\/\/roveyayinevi.com.tr\/index.php\/wp-json\/wp\/v2\/media?parent=741091"}],"wp:term":[{"taxonomy":"product_brand","embeddable":true,"href":"https:\/\/roveyayinevi.com.tr\/index.php\/wp-json\/wp\/v2\/product_brand?post=741091"},{"taxonomy":"product_cat","embeddable":true,"href":"https:\/\/roveyayinevi.com.tr\/index.php\/wp-json\/wp\/v2\/product_cat?post=741091"},{"taxonomy":"product_tag","embeddable":true,"href":"https:\/\/roveyayinevi.com.tr\/index.php\/wp-json\/wp\/v2\/product_tag?post=741091"}],"curies":[{"name":"wp","href":"https:\/\/api.w.org\/{rel}","templated":true}]}}