{"id":741065,"date":"2025-08-28T00:41:18","date_gmt":"2025-08-27T21:41:18","guid":{"rendered":"https:\/\/roveyayinevi.com.tr\/index.php\/urun\/secili-hakikatler-dunyasinda-suriyeli-gocmenler\/"},"modified":"2026-04-16T02:52:12","modified_gmt":"2026-04-15T23:52:12","slug":"secili-hakikatler-dunyasinda-suriyeli-gocmenler","status":"publish","type":"product","link":"https:\/\/roveyayinevi.com.tr\/index.php\/urun\/secili-hakikatler-dunyasinda-suriyeli-gocmenler\/","title":{"rendered":"Se\u00e7ili Hakikatler D\u00fcnyas\u0131nda Suriyeli G\u00f6\u00e7menler"},"content":{"rendered":"<p>Se\u00e7ili Hakikatler D\u00fcnyas\u0131nda Suriyeli G\u00f6\u00e7menler Dr. Esma Keskinkaya Hakikat \u00f6tesi olgusu \u00e7o\u011funlukla kamuoyunun hakikate verdi\u011fi \u00f6nemin azalmas\u0131na i\u015faret edecek bi\u00e7imde kullan\u0131l\u0131yor. G\u00fcn\u00fcm\u00fczde hakikat yerini ki\u015fisel, hissedilen, deneyimlenen ya da tercih edilen alternatif ger\u00e7ekli\u011fe b\u0131rakt\u0131. \u0130nsanlar\u0131n kendi g\u00f6r\u00fc\u015fleri ile uyumlu bir bi\u00e7imde fikir geli\u015ftirme ve kendini inand\u0131rma e\u011filimi yeni olmasa da bu durumu g\u00fcncel hale getiren bilgi ve ileti\u015fim teknolojilerindeki geli\u015fmeler oldu. Hakikat \u00f6tesi, ger\u00e7ek ile ger\u00e7ek olmayan\u0131n s\u0131n\u0131rlar\u0131n\u0131n tam olarak \u00e7izilemedi\u011fi, gri ve mu\u011flak bir alana denk d\u00fc\u015ft\u00fc\u011f\u00fc i\u00e7in yalan ve sahte haber kavramlar\u0131 da konuyla ilgili akademik tart\u0131\u015fmalara d\u00e2hil olmu\u015ftur. Hatta g\u00fcndelik tart\u0131\u015fmalarda hakikat sorgusu sahte haber kavram\u0131 \u00fczerinden de y\u00fcr\u00fct\u00fclegelmektedir. Sahte haberler ile hakikat \u00f6tesi belirli bir bak\u0131\u015f a\u00e7\u0131s\u0131n\u0131 destekleyen ve buna meydan okuyan kar\u015f\u0131t g\u00f6r\u00fc\u015fleri g\u00f6z ard\u0131 eden, kendi ger\u00e7eklerine uyan enformasyonlar\u0131 kullanma y\u00f6n\u00fcnde ortak e\u011filim g\u00f6steren durumlar\u0131 a\u00e7\u0131klamak i\u00e7in kullan\u0131lan iki kavramd\u0131r. \u015e\u00fcphesiz ki sahte haber, habercilik kadar eskidir. Hakikat \u00f6tesi ile birlikte g\u00fcncel bir kavram olarak ele al\u0131nmas\u0131ndaki en \u00f6nemli neden, dijital ortamlardaki yay\u0131lma h\u0131z\u0131d\u0131r. 2011 y\u0131l\u0131nda Suriye\u2019de ya\u015fanmaya ba\u015flayan i\u00e7 sava\u015f ile T\u00fcrkiye g\u00fcndemine gelen ve 2014 y\u0131l\u0131ndan sonra \u00fclkemize giri\u015f yapan Suriyeli g\u00f6\u00e7menler g\u00fcndelik hayat\u0131n ve \u00e7evrimi\u00e7i ortamlar\u0131n g\u00fcndeminde yo\u011fun bir bi\u00e7imde yer buldu. T\u00fcrkiye\u2019deki yerel halk\u0131n Suriye\u2019deki i\u00e7 kar\u0131\u015f\u0131kl\u0131\u011f\u0131n kurbanlar\u0131, s\u0131n\u0131rlarda bekletilen mazlumlar ve denizde bo\u011fulan bebekler \u00fczerinden tan\u0131maya ba\u015flad\u0131\u011f\u0131 Suriyeliler hakk\u0131nda sosyal medyada pek \u00e7ok payla\u015f\u0131m yap\u0131ld\u0131. Buna kar\u015f\u0131n zaman i\u00e7erisinde ya\u015fanan kitlesel g\u00f6\u00e7e ba\u011fl\u0131 olarak \u00e7evrimi\u00e7i ve \u00e7evrimd\u0131\u015f\u0131 ortamdaki g\u00f6r\u00fcn\u00fcrl\u00fcklerinin artmas\u0131na ba\u011fl\u0131 olarak da olumsuz i\u00e7erikler ve sahte haberler g\u00fcn y\u00fcz\u00fcne \u00e7\u0131kmaya ba\u015flad\u0131. \u00d6zellikle sosyal medya sahte haberlerin yayg\u0131nla\u015fmas\u0131na zemin haz\u0131rlad\u0131. <\/p>\n","protected":false},"excerpt":{"rendered":"<p>Se\u00e7ili Hakikatler D\u00fcnyas\u0131nda Suriyeli G\u00f6\u00e7menler Dr. Esma Keskinkaya Hakikat \u00f6tesi olgusu \u00e7o\u011funlukla kamuoyunun hakikate verdi\u011fi \u00f6nemin azalmas\u0131na i\u015faret edecek bi\u00e7imde kullan\u0131l\u0131yor. G\u00fcn\u00fcm\u00fczde hakikat yerini ki\u015fisel, hissedilen,<span class=\"excerpt-hellip\"> [\u2026]<\/span><\/p>\n","protected":false},"featured_media":0,"template":"","meta":{"_monsterinsights_skip_tracking":false,"_monsterinsights_sitenote_active":false,"_monsterinsights_sitenote_note":"","_monsterinsights_sitenote_category":0},"product_brand":[],"product_cat":[13059,12337],"product_tag":[],"class_list":{"0":"post-741065","1":"product","2":"type-product","3":"status-publish","5":"product_cat-diger-politika-siyaset","6":"product_cat-politika-siyaset","7":"pa_cilt-ciltsiz","8":"pa_tur-kitap","9":"pa_yayinevi-tiav","10":"pa_yazar-esma-keskinkaya","12":"first","13":"instock","14":"sale","15":"shipping-taxable","16":"purchasable","17":"product-type-simple"},"_links":{"self":[{"href":"https:\/\/roveyayinevi.com.tr\/index.php\/wp-json\/wp\/v2\/product\/741065","targetHints":{"allow":["GET"]}}],"collection":[{"href":"https:\/\/roveyayinevi.com.tr\/index.php\/wp-json\/wp\/v2\/product"}],"about":[{"href":"https:\/\/roveyayinevi.com.tr\/index.php\/wp-json\/wp\/v2\/types\/product"}],"wp:attachment":[{"href":"https:\/\/roveyayinevi.com.tr\/index.php\/wp-json\/wp\/v2\/media?parent=741065"}],"wp:term":[{"taxonomy":"product_brand","embeddable":true,"href":"https:\/\/roveyayinevi.com.tr\/index.php\/wp-json\/wp\/v2\/product_brand?post=741065"},{"taxonomy":"product_cat","embeddable":true,"href":"https:\/\/roveyayinevi.com.tr\/index.php\/wp-json\/wp\/v2\/product_cat?post=741065"},{"taxonomy":"product_tag","embeddable":true,"href":"https:\/\/roveyayinevi.com.tr\/index.php\/wp-json\/wp\/v2\/product_tag?post=741065"}],"curies":[{"name":"wp","href":"https:\/\/api.w.org\/{rel}","templated":true}]}}