{"id":741064,"date":"2025-08-28T00:41:17","date_gmt":"2025-08-27T21:41:17","guid":{"rendered":"https:\/\/roveyayinevi.com.tr\/index.php\/urun\/turkiyede-muhtarlik-koy-ve-mahalle-yonetimi\/"},"modified":"2026-04-16T02:52:11","modified_gmt":"2026-04-15T23:52:11","slug":"turkiyede-muhtarlik-koy-ve-mahalle-yonetimi","status":"publish","type":"product","link":"https:\/\/roveyayinevi.com.tr\/index.php\/urun\/turkiyede-muhtarlik-koy-ve-mahalle-yonetimi\/","title":{"rendered":"T\u00fcrkiye\u2019de Muhtarl\u0131k K\u00f6y Ve Mahalle Y\u00f6netimi"},"content":{"rendered":"<p>T\u00fcrkiye\u2019de Muhtarl\u0131k Do\u00e7. Dr. Selim \u00c7apar-Recep Demir-\u015eefik Ayg\u00f6l T\u00fcrkiye\u2019de muhtarl\u0131k, toplumsal yap\u0131 i\u00e7erisinde tarihsel s\u00fcre\u00e7te olu\u015fmu\u015f ve kendisine g\u00fc\u00e7l\u00fc bir yer edinmi\u015ftir. Muhtarl\u0131k, toplumsal yap\u0131n\u0131n taban\u0131nda, topluma en yak\u0131n y\u00f6netim yap\u0131lanmalar\u0131n\u0131n i\u00e7inde ortaya \u00e7\u0131km\u0131\u015ft\u0131r. Muhtar,\u00f6nce kentsel yerle\u015fimlerin en alt y\u00f6netim kademesi olan mahalle y\u00f6netiminin ba\u015f\u0131nda, akabinde k\u0131rsal yerle\u015fimlerde k\u00f6y y\u00f6netiminin ba\u015f\u0131nda yer almaya ba\u015flam\u0131\u015ft\u0131r. Bu \u00e7al\u0131\u015fma, muhtarl\u0131k \u00fczerine dolay\u0131s\u0131yla k\u00f6y ve mahalle idareleri \u00fczerine odaklanmaktad\u0131r. \u00c7al\u0131\u015fman\u0131n amac\u0131, bu idarelerin tarihsel s\u00fcre\u00e7te geli\u015fimlerini inceleyerek g\u00fcn\u00fcm\u00fczdeki durumlar\u0131n\u0131 ve etkililiklerini analiz etmektir. \u00c7al\u0131\u015fma, T\u00fcrkiye\u2019de tarihsel s\u00fcre\u00e7te k\u00f6y ve mahalle idarelerinin y\u00f6netimi ile muhtarl\u0131k kurumunun g\u00f6rev, yetki ve sorumluluklar\u0131n\u0131 mevzuat \u00fczerinden ele almaktad\u0131r. B\u00f6ylece, sosyoekonomik geli\u015fmelere ba\u011fl\u0131 olarak de\u011fi\u015fimlerin izi s\u00fcr\u00fclmektedir. Bu \u00e7al\u0131\u015fmada k\u00f6y y\u00f6netimi ve mahalle y\u00f6netimi ayr\u0131 ba\u015fl\u0131klar alt\u0131nda ele al\u0131nmakla birlikte, her ikisinin de ortak ele al\u0131nd\u0131\u011f\u0131 ba\u015fl\u0131klar da bulunmaktad\u0131r. K\u00f6y ve mahallenin y\u00f6netim organlar\u0131n\u0131n g\u00f6rev, sorumluluk, hak ve yetkilerine ili\u015fkin de\u011ferlendirmelerde a\u011f\u0131rl\u0131kl\u0131 olarak mevzuat ve hukuki analizler esas al\u0131nm\u0131\u015ft\u0131r. Ancak \u00e7al\u0131\u015fman\u0131n b\u00fct\u00fcn\u00fcnde,farkl\u0131 bak\u0131\u015f a\u00e7\u0131lar\u0131yla daanalizler yap\u0131lm\u0131\u015ft\u0131r. <\/p>\n","protected":false},"excerpt":{"rendered":"<p>T\u00fcrkiye\u2019de Muhtarl\u0131k Do\u00e7. Dr. Selim \u00c7apar-Recep Demir-\u015eefik Ayg\u00f6l T\u00fcrkiye\u2019de muhtarl\u0131k, toplumsal yap\u0131 i\u00e7erisinde tarihsel s\u00fcre\u00e7te olu\u015fmu\u015f ve kendisine g\u00fc\u00e7l\u00fc bir yer edinmi\u015ftir. Muhtarl\u0131k, toplumsal yap\u0131n\u0131n taban\u0131nda,<span class=\"excerpt-hellip\"> [\u2026]<\/span><\/p>\n","protected":false},"featured_media":0,"template":"","meta":{"_monsterinsights_skip_tracking":false,"_monsterinsights_sitenote_active":false,"_monsterinsights_sitenote_note":"","_monsterinsights_sitenote_category":0},"product_brand":[],"product_cat":[13059,12337],"product_tag":[],"class_list":{"0":"post-741064","1":"product","2":"type-product","3":"status-publish","5":"product_cat-diger-politika-siyaset","6":"product_cat-politika-siyaset","7":"pa_cilt-ciltsiz","8":"pa_tur-kitap","9":"pa_yayinevi-tiav","10":"pa_yazar-tiav-kolektif","12":"first","13":"instock","14":"sale","15":"shipping-taxable","16":"purchasable","17":"product-type-simple"},"_links":{"self":[{"href":"https:\/\/roveyayinevi.com.tr\/index.php\/wp-json\/wp\/v2\/product\/741064","targetHints":{"allow":["GET"]}}],"collection":[{"href":"https:\/\/roveyayinevi.com.tr\/index.php\/wp-json\/wp\/v2\/product"}],"about":[{"href":"https:\/\/roveyayinevi.com.tr\/index.php\/wp-json\/wp\/v2\/types\/product"}],"wp:attachment":[{"href":"https:\/\/roveyayinevi.com.tr\/index.php\/wp-json\/wp\/v2\/media?parent=741064"}],"wp:term":[{"taxonomy":"product_brand","embeddable":true,"href":"https:\/\/roveyayinevi.com.tr\/index.php\/wp-json\/wp\/v2\/product_brand?post=741064"},{"taxonomy":"product_cat","embeddable":true,"href":"https:\/\/roveyayinevi.com.tr\/index.php\/wp-json\/wp\/v2\/product_cat?post=741064"},{"taxonomy":"product_tag","embeddable":true,"href":"https:\/\/roveyayinevi.com.tr\/index.php\/wp-json\/wp\/v2\/product_tag?post=741064"}],"curies":[{"name":"wp","href":"https:\/\/api.w.org\/{rel}","templated":true}]}}