{"id":741036,"date":"2025-08-28T00:40:46","date_gmt":"2025-08-27T21:40:46","guid":{"rendered":"https:\/\/roveyayinevi.com.tr\/index.php\/urun\/saraya-kilinan-namazlar\/"},"modified":"2026-04-16T02:52:10","modified_gmt":"2026-04-15T23:52:10","slug":"saraya-kilinan-namazlar","status":"publish","type":"product","link":"https:\/\/roveyayinevi.com.tr\/index.php\/urun\/saraya-kilinan-namazlar\/","title":{"rendered":"Saraya K\u0131l\u0131nan Namazlar"},"content":{"rendered":"<p>D\u00fcn de bug\u00fcn de cemaat ve tarikatlar, devlete \u2018\u00e7akal\u0131n le\u015fe bakt\u0131\u011f\u0131 haz ve h\u0131rsla\u2019 yakla\u015f\u0131yorlar. Yani \u00fcretmeden, \u00e7al\u0131\u015fmadan, meslek sahibi olmadan, sadece kalabal\u0131\u011f\u0131na g\u00fcvenerek ve devleti tehdit ederek devletten yurt, ev, kasaba, k\u00f6y, yayla, vak\u0131f kopart\u0131p, vak\u0131f gelirleriyle geleni gideni ve m\u00fcritlerini a\u011f\u0131rlay\u0131p m\u00fcrit \u00e7o\u011faltmak\u2026 On y\u00fczy\u0131ldan beri de\u011fi\u015fen hi\u00e7bir \u015fey yok! Ayn\u0131 bo\u015f bele\u015f, miskin kitleler, h\u00e2len devletin arazilerinde, bakanl\u0131klar\u0131nda ayn\u0131 anlay\u0131\u015fla isk\u00e2n edilmekte, vak\u0131flar verilmekte. Hi\u00e7bir i\u015f yapmayan, yapamayan bu kitleler, s\u0131rf oy getirsinler diye ev, i\u015f, mesken sahibi yap\u0131lmakta. Din ve ahlak ad\u0131na dini, ahlak\u0131 \u2018s\u00f6\u011f\u00fc\u015fl\u00fcyorlar\u2019, milleti ve hazineyi inek gibi sa\u011f\u0131yorlar ve sorarsan hepsini Allah ad\u0131na yap\u0131yorlar ve sorarsan bu h\u0131rs\u0131zl\u0131k de\u011fil \u2018nurlanmak\u2019m\u0131\u015f. \u00dc\u00e7 ya\u015f\u0131ndaki on binlerce \u015fehit \u00e7ocu\u011fun paralar\u0131n\u0131 yiyen bunlar, yetimlerin r\u0131zk\u0131n\u0131 yiyen bunlar, sosyal devletin uzanmas\u0131 gereken a\u00e7, yoksul kitlelerin son kuru\u015funu yiyen bunlar\u2026\u201c\u015eeyhi olmayan\u0131n \u015feyhi \u015feytand\u0131r\u201d diye minicik \u00e7ocuklar\u0131 suistimal edip ellerine \u015feyhin foto\u011fraf\u0131n\u0131 vererek \u201cTuvalette bile \u015feyhin foto\u011fraf\u0131n\u0131 g\u00f6z\u00fcn\u00fcz\u00fcn \u00f6n\u00fcne getireceksiniz\u201d (rab\u0131ta) diyen bunlard\u0131r. Art\u0131k iktidarlar\u0131 var, ekranlar\u0131 var, \u00e7oktand\u0131r \u015feyhler bir milyon dolarl\u0131k ciplere biniyor, art\u0131k \u015feyhlerin elini \u00f6pen m\u00fcritler bakanl\u0131k yap\u0131yor. Bu tarikatlara \u2018sivil kurum\u2019 diyen d\u00fcnyada tek g\u00fcruh da \u2018liberallerdir\u2019. \u00dclkemizin gerici liberallerinin otuz uzun y\u0131ld\u0131r yazd\u0131klar\u0131na bak\u0131n\u0131z; i\u015fsizli\u011fi, tazminatlar\u0131, sosyal haklar\u0131, ge\u00e7im derdini, sendikal haklar\u0131 dert edinen \u201cTek bir yaz\u0131\u201d yazmad\u0131lar. Neoliberalizm \u00fclkemizde parlak bir \u00e7a\u011f ya\u015fad\u0131, otuz uzun y\u0131l ekranlara ve man\u015fetlere kurulup \u2018etnik\u2019, \u2018mezhep\u2019, \u2018kozmik oda\u2019, \u2018asker\u00ee vesayet\u2019 deyip durdu ve biri FET\u00d6\u2019yle ikincisi PKK\u2019yla iki b\u00fcy\u00fck i\u00e7 sava\u015f ba\u015flatt\u0131lar. Oysa siyasetin ger\u00e7e\u011fi Anayasa\u2019d\u0131r, hukuktur, se\u00e7imdir, halkt\u0131r, yurtta\u015fl\u0131kt\u0131r, yasa \u00f6n\u00fcnde e\u015fitliktir!   <\/p>\n","protected":false},"excerpt":{"rendered":"<p>D\u00fcn de bug\u00fcn de cemaat ve tarikatlar, devlete \u2018\u00e7akal\u0131n le\u015fe bakt\u0131\u011f\u0131 haz ve h\u0131rsla\u2019 yakla\u015f\u0131yorlar. Yani \u00fcretmeden, \u00e7al\u0131\u015fmadan, meslek sahibi olmadan, sadece kalabal\u0131\u011f\u0131na g\u00fcvenerek ve devleti<span class=\"excerpt-hellip\"> [\u2026]<\/span><\/p>\n","protected":false},"featured_media":0,"template":"","meta":{"_monsterinsights_skip_tracking":false,"_monsterinsights_sitenote_active":false,"_monsterinsights_sitenote_note":"","_monsterinsights_sitenote_category":0},"product_brand":[],"product_cat":[13059,12337],"product_tag":[],"class_list":{"0":"post-741036","1":"product","2":"type-product","3":"status-publish","5":"product_cat-diger-politika-siyaset","6":"product_cat-politika-siyaset","7":"pa_cilt-ciltsiz","8":"pa_tur-kitap","9":"pa_yayinevi-pankus-yayinlari","10":"pa_yazar-nihat-genc","12":"first","13":"instock","14":"sale","15":"shipping-taxable","16":"purchasable","17":"product-type-simple"},"_links":{"self":[{"href":"https:\/\/roveyayinevi.com.tr\/index.php\/wp-json\/wp\/v2\/product\/741036","targetHints":{"allow":["GET"]}}],"collection":[{"href":"https:\/\/roveyayinevi.com.tr\/index.php\/wp-json\/wp\/v2\/product"}],"about":[{"href":"https:\/\/roveyayinevi.com.tr\/index.php\/wp-json\/wp\/v2\/types\/product"}],"wp:attachment":[{"href":"https:\/\/roveyayinevi.com.tr\/index.php\/wp-json\/wp\/v2\/media?parent=741036"}],"wp:term":[{"taxonomy":"product_brand","embeddable":true,"href":"https:\/\/roveyayinevi.com.tr\/index.php\/wp-json\/wp\/v2\/product_brand?post=741036"},{"taxonomy":"product_cat","embeddable":true,"href":"https:\/\/roveyayinevi.com.tr\/index.php\/wp-json\/wp\/v2\/product_cat?post=741036"},{"taxonomy":"product_tag","embeddable":true,"href":"https:\/\/roveyayinevi.com.tr\/index.php\/wp-json\/wp\/v2\/product_tag?post=741036"}],"curies":[{"name":"wp","href":"https:\/\/api.w.org\/{rel}","templated":true}]}}