{"id":741034,"date":"2025-08-28T00:40:45","date_gmt":"2025-08-27T21:40:45","guid":{"rendered":"https:\/\/roveyayinevi.com.tr\/index.php\/urun\/yeni-deniz-mecmuasi-21-sayi\/"},"modified":"2026-04-16T02:52:10","modified_gmt":"2026-04-15T23:52:10","slug":"yeni-deniz-mecmuasi-21-sayi","status":"publish","type":"product","link":"https:\/\/roveyayinevi.com.tr\/index.php\/urun\/yeni-deniz-mecmuasi-21-sayi\/","title":{"rendered":"Yeni Deniz Mecmuas\u0131 21. say\u0131"},"content":{"rendered":"<p>Mavi Vatan\u2019dan\u2026Her ald\u0131\u011f\u0131m\u0131z nefeste y\u00fcre\u011fimizi k\u0131p\u0131rdatan Atat\u00fcrk\u2019\u00fcn fani varl\u0131\u011f\u0131n\u0131 topra\u011fa vereli y\u0131llar ge\u00e7mesine ra\u011fmen, manevi varl\u0131\u011f\u0131n\u0131n b\u00fct\u00fcn g\u00fcc\u00fcyle aram\u0131zda ya\u015fad\u0131\u011f\u0131 \u015f\u00fcphe g\u00f6t\u00fcrmez. Osmanl\u0131 Devleti\u2019nin gerileme ve \u00e7\u00f6k\u00fc\u015f d\u00f6nemlerinde denizcilik g\u00fcc\u00fcn\u00fcn \u00e7e\u015fitli faaliyet sahalar\u0131nda geri kald\u0131\u011f\u0131n\u0131n bilincinde olan Atat\u00fcrk, Cumhuriyet D\u00f6nemi\u2019nde ayn\u0131 hatalar\u0131n ya\u015fanmamas\u0131 i\u00e7in hem s\u00f6ylem hem de eylemleriyle biz T\u00fcrkleri denizlerle bulu\u015fturma \u00e7abas\u0131 i\u00e7ine girmi\u015f ve her vesileyle de bu konuda bizleri y\u00f6nlendirmi\u015ftir. Cumhuriyetin ilan edildi\u011fi d\u00f6nemin kendine \u00f6zg\u00fc ko\u015fullar\u0131 alt\u0131nda olduk\u00e7a s\u0131k\u0131 ve korumac\u0131 bir anlay\u0131\u015fla d\u00fczenlenip 1 Temmuz 1926 tarihinde y\u00fcr\u00fcrl\u00fc\u011fe giren Kabotaj Kanunu, T\u00fcrk denizcili\u011finin geli\u015fimine b\u00fcy\u00fck katk\u0131 sa\u011flam\u0131\u015ft\u0131r. Ulu \u00d6nder Mustafa Kemal Atat\u00fcrk, bu yasal d\u00fczenlemenin yap\u0131lmas\u0131yla da ne denli \u00fcst\u00fcn bir vizyona sahip oldu\u011funu bir kez daha kan\u0131tlam\u0131\u015ft\u0131r. Atam\u0131z\u0131n, onunla birlikteli\u011fe doyamad\u0131\u011f\u0131 sevgili ku\u011fusu \u201cSavarona\u201d bu say\u0131m\u0131z\u0131n ana temas\u0131. Bu say\u0131m\u0131zda da yine ilginizi \u00e7ekece\u011fine inand\u0131\u011f\u0131m\u0131z yaz\u0131larla kar\u015f\u0131n\u0131zday\u0131z. Cem G\u00fcrdeniz ve Levent Akson, Atam\u0131zla b\u00fct\u00fcnle\u015fen Savarona\u2019y\u0131 betimlerken, g\u00f6z ya\u015flar\u0131n\u0131z\u0131 tutamayacak, zaman zaman isyan bile edeceksiniz. Cemil \u015een, Atat\u00fcrk\u2019\u00fcn Savarona\u2019da ge\u00e7irdi\u011fi g\u00fcnleri ve Savarona\u2019n\u0131n ak\u0131betini g\u00fczel bir dille detayland\u0131rm\u0131\u015f. Akademik \u00e7al\u0131\u015fmalar\u0131n\u0131 Atat\u00fcrk\u2019\u00fcn g\u00f6r\u00fc\u015fleri \u00fczerinde yo\u011funla\u015ft\u0131rm\u0131\u015f olan Orhan \u00c7eki\u00e7, Atam\u0131z\u0131n Savarona ile olan g\u00f6n\u00fcl ili\u015fkisini, ya\u015fanan tarihi ger\u00e7ekler \u0131\u015f\u0131\u011f\u0131nda de\u011ferlendiriyor. Ali Bozo\u011flu daSavarona\u2019y\u0131 t\u00fcm ayr\u0131nt\u0131lar\u0131yla ele alm\u0131\u015f ve her y\u00f6n\u00fcyle tarih kokan bu \u00fcnl\u00fc yat\u0131, sizlere sanal olarak gezdiriyor. \u00d6mer Bozkurt\u2019un kalemiyle sundu\u011fumuz ilgin\u00e7 bir deniz seyahati \u00f6yk\u00fcs\u00fcn\u00fcn yeni b\u00f6l\u00fcm\u00fc ile yak\u0131n zamanda yitirdi\u011fimiz Ayd\u0131n Eken\u2019in bir tarih belgesi olarak sundu\u011fu tersanelerimiz konusu da bu say\u0131m\u0131zda devam ediyor. Numan Hazar, Osmanl\u0131 d\u00f6neminde denizcili\u011fe gereken \u00f6nemin verilmemesi sonucunda ortaya \u00e7\u0131kan politik olumsuzluklar\u0131, bir hariciyeci g\u00f6z\u00fcyle vurgulam\u0131\u015f ve g\u00fcn\u00fcm\u00fcz politikac\u0131lar\u0131 i\u00e7in yol g\u00f6sterici bir deneyim \u00f6zeti sunmu\u015f. G\u00fcne\u015f Atay, Karadeniz\u2019in kuzeyi ve Azak-Ker\u00e7 su alan\u0131n\u0131n stratejik de\u011ferini g\u00f6zler \u00f6n\u00fcne sererken,  Deniz G\u00fcler, Akdenizli T\u00fcrklerin \u201cdenizcile\u015fme\u201d ger\u00e7e\u011fini neden-sonu\u00e7 ili\u015fkisi i\u00e7inde sunuyor. Emin Nedret \u0130\u015fli, bu kez \u015eirket-i Hayriye i\u00e7in gemiler \u00fcretmi\u015f \u00fcnl\u00fc \u0130sko\u00e7 tersanesi Fairfield\u2019i tan\u0131t\u0131yor. Hasan Erel de ara\u015ft\u0131rmac\u0131 yazar Engdahl\u2019\u0131n yaz\u0131s\u0131ndan yapt\u0131\u011f\u0131 \u00e7eviride \u0130ngiltere\u2019nin 2. D\u00fcnya Sava\u015f\u0131\u2019ndan \u00f6nce zaten NATO\u2019yu tasarlad\u0131\u011f\u0131n\u0131 \u00e7arp\u0131c\u0131 bir \u00fcslupla belirtiyor. Bir \u00f6nceki say\u0131m\u0131zda, sizlere \u00e7ok daha m\u00fckemmel bir dergi sunabilmek amac\u0131yla baz\u0131 altyap\u0131 de\u011fi\u015fikliklerine gitti\u011fimizi duyurmu\u015ftuk. Bu say\u0131m\u0131zda da bir bayrak de\u011fi\u015fiminden s\u00f6z etmek istiyoruz. Dergimizin Genel Yay\u0131n Y\u00f6netmeni sorumlulu\u011fu, de\u011ferli Amiral Cem G\u00fcrdeniz taraf\u0131ndan, i\u015f ya\u015fam\u0131 kaptan ve gemi i\u015fletmecisi olarak denizlerle ge\u00e7mi\u015f say\u0131n Levent Akson\u2019a devredildi. \u0130yi okumalar&#8230; Pruvan\u0131z her zaman neta olsun! <\/p>\n","protected":false},"excerpt":{"rendered":"<p>Mavi Vatan\u2019dan\u2026Her ald\u0131\u011f\u0131m\u0131z nefeste y\u00fcre\u011fimizi k\u0131p\u0131rdatan Atat\u00fcrk\u2019\u00fcn fani varl\u0131\u011f\u0131n\u0131 topra\u011fa vereli y\u0131llar ge\u00e7mesine ra\u011fmen, manevi varl\u0131\u011f\u0131n\u0131n b\u00fct\u00fcn g\u00fcc\u00fcyle aram\u0131zda ya\u015fad\u0131\u011f\u0131 \u015f\u00fcphe g\u00f6t\u00fcrmez. Osmanl\u0131 Devleti\u2019nin gerileme ve<span class=\"excerpt-hellip\"> [\u2026]<\/span><\/p>\n","protected":false},"featured_media":0,"template":"","meta":{"_monsterinsights_skip_tracking":false,"_monsterinsights_sitenote_active":false,"_monsterinsights_sitenote_note":"","_monsterinsights_sitenote_category":0},"product_brand":[],"product_cat":[17574,13527],"product_tag":[],"class_list":{"0":"post-741034","1":"product","2":"type-product","3":"status-publish","5":"product_cat-politika","6":"product_cat-sureli-yayinlar","7":"pa_cilt-ciltsiz","8":"pa_tur-dergi","9":"pa_yayinevi-pankus-yayinlari","10":"pa_yazar-pankus-yayinlari-kolektif","12":"first","13":"instock","14":"sale","15":"shipping-taxable","16":"purchasable","17":"product-type-simple"},"_links":{"self":[{"href":"https:\/\/roveyayinevi.com.tr\/index.php\/wp-json\/wp\/v2\/product\/741034","targetHints":{"allow":["GET"]}}],"collection":[{"href":"https:\/\/roveyayinevi.com.tr\/index.php\/wp-json\/wp\/v2\/product"}],"about":[{"href":"https:\/\/roveyayinevi.com.tr\/index.php\/wp-json\/wp\/v2\/types\/product"}],"wp:attachment":[{"href":"https:\/\/roveyayinevi.com.tr\/index.php\/wp-json\/wp\/v2\/media?parent=741034"}],"wp:term":[{"taxonomy":"product_brand","embeddable":true,"href":"https:\/\/roveyayinevi.com.tr\/index.php\/wp-json\/wp\/v2\/product_brand?post=741034"},{"taxonomy":"product_cat","embeddable":true,"href":"https:\/\/roveyayinevi.com.tr\/index.php\/wp-json\/wp\/v2\/product_cat?post=741034"},{"taxonomy":"product_tag","embeddable":true,"href":"https:\/\/roveyayinevi.com.tr\/index.php\/wp-json\/wp\/v2\/product_tag?post=741034"}],"curies":[{"name":"wp","href":"https:\/\/api.w.org\/{rel}","templated":true}]}}