{"id":741031,"date":"2025-08-28T00:40:42","date_gmt":"2025-08-27T21:40:42","guid":{"rendered":"https:\/\/roveyayinevi.com.tr\/index.php\/urun\/yeni-deniz-mecmuasi-24-sayi\/"},"modified":"2026-04-16T02:52:10","modified_gmt":"2026-04-15T23:52:10","slug":"yeni-deniz-mecmuasi-24-sayi","status":"publish","type":"product","link":"https:\/\/roveyayinevi.com.tr\/index.php\/urun\/yeni-deniz-mecmuasi-24-sayi\/","title":{"rendered":"Yeni Deniz Mecmuas\u0131 24. Say\u0131"},"content":{"rendered":"<p>\u0130nanc\u0131n, fedak\u00e2rl\u0131\u011f\u0131n ve azmin sembol\u00fc olan \u00c7anakkale Zaferi\u2019nin 107. y\u0131l d\u00f6n\u00fcm\u00fcn\u00fc b\u00fcy\u00fck bir onur ve heyecanla idrak ediyoruz. \u00c7anakkale Zaferi, sadece mill\u00ee tarihimizin de\u011fil insanl\u0131k tarihinin en ihti\u015faml\u0131 kahramanl\u0131k destan\u0131d\u0131r. \u00c7anakkale Sava\u015f\u0131 bir vatan m\u00fcdafaas\u0131d\u0131r. Da\u011flar\u0131n, ta\u015flar\u0131n \u015f\u00fcheda g\u00f6vdesine b\u00fcr\u00fcnd\u00fc\u011f\u00fc bu muazzam zaferin y\u0131l d\u00f6n\u00fcm\u00fcnde bu g\u00fczel vatan\u0131, bu Cumhuriyeti ve her \u015feyden aziz ulusal ba\u011f\u0131ms\u0131zl\u0131\u011f\u0131m\u0131z\u0131 bizlere emanet eden Gazi Mustafa Kemal Atat\u00fcrk ve silah arkada\u015flar\u0131n\u0131 \u015f\u00fckran ve minnetle an\u0131yoruz. G\u00fcn\u00fcm\u00fczde yak\u0131n \u00e7evremizde h\u0131zla geli\u015fen siyasal olaylar, Ulu \u00d6nderimizin ne denli \u00fcst\u00fcn vizyon sahibi oldu\u011funu bir kez daha g\u00f6zler \u00f6n\u00fcne sermektedir. 9 Kas\u0131m 1936 tarihinde y\u00fcr\u00fcrl\u00fc\u011fe giren Montr\u00f6 T\u00fcrk Bo\u011fazlar\u0131 S\u00f6zle\u015fmesi, o g\u00fcn\u00fcn ko\u015fullar\u0131na g\u00f6re b\u00fcy\u00fck bir \u00f6ng\u00f6r\u00fc ve diplomatik ba\u015far\u0131 ile haz\u0131rland\u0131\u011f\u0131n\u0131n en b\u00fcy\u00fck g\u00f6stergesidir. Montr\u00f6 T\u00fcrk Bo\u011fazlar\u0131 S\u00f6zle\u015fmesi, gen\u00e7 T\u00fcrkiye Cumhuriyeti\u2019nin uluslararas\u0131 alanda edindi\u011fi itibar\u0131n bir simgesi olarak d\u0131\u015f politikada kazand\u0131\u011f\u0131 en \u00f6nemli zaferlerden birisidir. B\u00f6ylesi \u00f6nemli ve \u00fclkemiz gelece\u011finin g\u00fcvencesi olan bu s\u00f6zle\u015fmeye sahip \u00e7\u0131kmak, her T\u00fcrkiye Cumhuriyeti vatanda\u015f\u0131n\u0131n asli g\u00f6revidir. Ulusal denizcilik camiam\u0131zdan yeni isimlerin katk\u0131lar\u0131yla, dergimizin giderek zenginle\u015fen bilgi birikimi ba\u011flam\u0131nda bu say\u0131m\u0131zda da ilginizi \u00e7ekece\u011fine emin oldu\u011fumuz \u00e7ok de\u011ferli \u00e7al\u0131\u015fmalarla kar\u015f\u0131n\u0131zday\u0131z. Kaptan Ali Karakul, bir ticaret gemisinde seyre ba\u015flang\u0131\u00e7 duygular\u0131n\u0131, \u015fiirsel bir dille anlatm\u0131\u015f. Cem G\u00fcrdeniz, d\u00fcnya \u00fclkelerinin denizcilik g\u00fc\u00e7lerindeki geli\u015fmeleri kar\u015f\u0131la\u015ft\u0131rmal\u0131 olarak sunuyor. Levent Akson, y\u0131llar \u00f6nce \u0130stanbul Bo\u011faz\u0131\u2019nda ya\u015fad\u0131\u011f\u0131m\u0131z tanker kazas\u0131 facias\u0131n\u0131 bir cinayet olarak irdelemi\u015f, \u00f6neriler sunuyor. Vusal Hasanzadeh, T\u00fcrk k\u00f6kenli uluslar\u0131n Hazar\u2019dan Akdeniz\u2019e y\u00f6nlenen deniz stratejisi hakk\u0131nda bilimsel bir inceleme yapm\u0131\u015f. Selin Topkaya, tak\u0131mada devletlerinin d\u00fcnya deniz stratejisine etkileri hakk\u0131nda bilgiler verirken Deniz G\u00fcler, bir \u00f6nceki say\u0131m\u0131zda ba\u015flatt\u0131\u011f\u0131 strateji g\u00f6r\u00fc\u015flerine yeni bir boyut kazand\u0131rm\u0131\u015f. Prof.Dr. Ergun T\u00fcrkcan ile yapt\u0131\u011f\u0131m\u0131z s\u00f6yle\u015fi \u00e7ok ilgin\u00e7. Erdal Yaz\u0131c\u0131, Kanal \u0130stanbul ile \u0130stanbul Bo\u011faz\u0131\u2019n\u0131 mukayese ederken, \u00e7ok \u00f6nemli hususlara dikkat \u00e7ekiyor. K\u0131sa bir s\u00fcre \u00f6nce yitirdi\u011fimiz Prof. Dr. Sencer \u0130mer, \u00fclkemizin su sorununa dikkat \u00e7ekiyor, \u00e7\u00f6z\u00fcm tarzlar\u0131 \u00f6neriyor. Selim \u00d6zen, Osmanl\u0131 ba\u015ftardelerine farkl\u0131 bir bak\u0131\u015f a\u00e7\u0131s\u0131yla yakla\u015fm\u0131\u015f. Sedat Tenker, \u0130stanbul Bo\u011faz\u0131\u2019ndaki deniz kazalar\u0131n\u0131 d\u00f6nemsel bilgiler \u0131\u015f\u0131\u011f\u0131nda irdelemi\u015f. Mehmet Ali S\u00f6kmen\u2019in kendine \u00f6zg\u00fc anlat\u0131m\u0131yla denize hasreti okunmaya de\u011fer. Derya \u015eerif Yark\u0131n, borda fenerlerinin renkleri hakk\u0131nda belirledi\u011fi ilgin\u00e7 bilimsel bilgileri anla\u015f\u0131l\u0131r bir dille sunmu\u015f. \u00d6mer Bozkurt, bir denizci g\u00f6z\u00fcyle kaleme al\u0131nm\u0131\u015f bir roman\u0131 tan\u0131t\u0131rken deniz sava\u015f\u0131n\u0131n ac\u0131mas\u0131zl\u0131\u011f\u0131na da vurgu yap\u0131yor. Zeynep \u00d6zi\u015f, ge\u00e7 de olsa ula\u015ft\u0131\u011f\u0131 bir mutlulu\u011fu, yelkenlisiyle ya\u015fam\u0131n\u0131 bizlerle payla\u015fm\u0131\u015f. Talip \u00d6zcengiz, deniz k\u00fclt\u00fcr\u00fcm\u00fcze yine farkl\u0131 ama m\u00fczik a\u011f\u0131rl\u0131kl\u0131 olarak yakla\u015fm\u0131\u015f. Ali Bozo\u011flu, Fenerler \u0130dare-i Umumiyesi M\u00fcd\u00fcr\u00fc Michel Pa\u015fa\u2019n\u0131n Fransa\u2019dan \u0130stanbul\u2019a uzanan hik\u00e2yesini bizlerle payla\u015f\u0131yor. Sitem Ate\u015f, ilgiyle okunacak bir konuyu denizcilik k\u00fclt\u00fcr\u00fcm\u00fcze kazand\u0131rm\u0131\u015f. Ayhan Edin, \u00f6nceki say\u0131m\u0131zda ba\u015flatt\u0131\u011f\u0131 deniz tarihi incelemesini bu say\u0131m\u0131zda sonuca ula\u015ft\u0131r\u0131yor. Co\u011frafyan\u0131n gere\u011fi olarak bir \u201cDenizci \u00dclke\u201dde ya\u015famakta olan T\u00fcrk ulusunun \u201cDenizci Ulus\u201d olmas\u0131 yolunda umut var olduk\u00e7a, yeni ba\u015flayan her g\u00fcn g\u00fczel olacak d\u00fc\u015f\u00fcncesiyle, sizlere iyi okumalar diliyoruz. <\/p>\n","protected":false},"excerpt":{"rendered":"<p>\u0130nanc\u0131n, fedak\u00e2rl\u0131\u011f\u0131n ve azmin sembol\u00fc olan \u00c7anakkale Zaferi\u2019nin 107. y\u0131l d\u00f6n\u00fcm\u00fcn\u00fc b\u00fcy\u00fck bir onur ve heyecanla idrak ediyoruz. \u00c7anakkale Zaferi, sadece mill\u00ee tarihimizin de\u011fil insanl\u0131k tarihinin<span class=\"excerpt-hellip\"> [\u2026]<\/span><\/p>\n","protected":false},"featured_media":0,"template":"","meta":{"_monsterinsights_skip_tracking":false,"_monsterinsights_sitenote_active":false,"_monsterinsights_sitenote_note":"","_monsterinsights_sitenote_category":0},"product_brand":[],"product_cat":[17574,13527],"product_tag":[],"class_list":{"0":"post-741031","1":"product","2":"type-product","3":"status-publish","5":"product_cat-politika","6":"product_cat-sureli-yayinlar","7":"pa_cilt-ciltsiz","8":"pa_tur-dergi","9":"pa_yayinevi-pankus-yayinlari","10":"pa_yazar-pankus-yayinlari-kolektif","12":"first","13":"instock","14":"sale","15":"shipping-taxable","16":"purchasable","17":"product-type-simple"},"_links":{"self":[{"href":"https:\/\/roveyayinevi.com.tr\/index.php\/wp-json\/wp\/v2\/product\/741031","targetHints":{"allow":["GET"]}}],"collection":[{"href":"https:\/\/roveyayinevi.com.tr\/index.php\/wp-json\/wp\/v2\/product"}],"about":[{"href":"https:\/\/roveyayinevi.com.tr\/index.php\/wp-json\/wp\/v2\/types\/product"}],"wp:attachment":[{"href":"https:\/\/roveyayinevi.com.tr\/index.php\/wp-json\/wp\/v2\/media?parent=741031"}],"wp:term":[{"taxonomy":"product_brand","embeddable":true,"href":"https:\/\/roveyayinevi.com.tr\/index.php\/wp-json\/wp\/v2\/product_brand?post=741031"},{"taxonomy":"product_cat","embeddable":true,"href":"https:\/\/roveyayinevi.com.tr\/index.php\/wp-json\/wp\/v2\/product_cat?post=741031"},{"taxonomy":"product_tag","embeddable":true,"href":"https:\/\/roveyayinevi.com.tr\/index.php\/wp-json\/wp\/v2\/product_tag?post=741031"}],"curies":[{"name":"wp","href":"https:\/\/api.w.org\/{rel}","templated":true}]}}