{"id":741030,"date":"2025-08-28T00:40:41","date_gmt":"2025-08-27T21:40:41","guid":{"rendered":"https:\/\/roveyayinevi.com.tr\/index.php\/urun\/girdap-askeri-okullarda-katliam\/"},"modified":"2026-04-16T02:52:10","modified_gmt":"2026-04-15T23:52:10","slug":"girdap-askeri-okullarda-katliam","status":"publish","type":"product","link":"https:\/\/roveyayinevi.com.tr\/index.php\/urun\/girdap-askeri-okullarda-katliam\/","title":{"rendered":"Girdap \u2013 Askeri Okullarda Katliam"},"content":{"rendered":"<p>1986&#8217;da askeri liselere giren FET\u00d6 mensubu \u00f6\u011frenciler, 1994&#8217;te subay \u00e7\u0131karak \u00e7ok y\u00fcksek r\u00fctbelere geldi, stratejik konumlara yerle\u015fti, siyasi destekler buldu ve atamalar\u0131 yapan personel dairelerini ele ge\u00e7irdi. Bununla birlikte 15 Temmuz Darbe Giri\u015fimi&#8217;nin kilit noktalar\u0131nda, 1994 y\u0131l\u0131nda mezun olan bu kurmay subaylar a\u011f\u0131rl\u0131kl\u0131 olarak g\u00f6rev ald\u0131lar. 2006 y\u0131l\u0131 ve devam\u0131nda ise askeri okullarda FET\u00d6 h\u00e2kimiyetiyle, vatansever askeri \u00f6\u011frencilerin bir\u00e7o\u011fu \u201c\u015eok Mangalar\u0131\u201d alt\u0131nda i\u015fkencelerle tasfiye edilip yerlerine Fetullah\u00e7\u0131lar dolduruldu. Elinizdeki bu kitap askeri okullardan ayr\u0131lmak zorunda b\u0131rak\u0131lan \u00f6\u011frenci ve ailelerinin tan\u0131kl\u0131klar\u0131yla \u201c\u015eok Mangalar\u0131\u201dn\u0131n i\u015fkencelerini g\u00f6zler \u00f6n\u00fcne sererken; \u00f6rg\u00fct y\u00f6ntemlerinin ayr\u0131nt\u0131lar\u0131 ve \u00f6rg\u00fctten ayr\u0131lm\u0131\u015f eski \u00fcyelerin itiraflar\u0131yla FET\u00d6\/PDY ger\u00e7e\u011fini ortaya \u00e7\u0131kar\u0131yor. \u201cK\u00f6r oldum komutan\u0131m, g\u00f6remiyorum!\u201d kula\u011f\u0131mdan y\u0131llard\u0131r eksilmeyen bir \u00e7\u0131\u011fl\u0131kt\u0131r benim i\u00e7in. Ara ara geceleri r\u00fcyalar\u0131ma da girer. Ba\u011f\u0131ran eski bir askeri \u00f6\u011frenci. \u0130smini cismini hat\u0131rlam\u0131yorum ama \u00e7\u0131\u011fl\u0131\u011f\u0131 kulaklar\u0131mda. Zaten sa\u011f\u0131m\u0131za solumuza bakmak, konu\u015fmak, dinlenmek, d\u00fc\u015f\u00fcnmek, yemek, i\u00e7mek, uyumak hatta tuvalete gitmek bile yasak. Eriyoruz yava\u015f yava\u015f. Birileri bizi \u00f6ld\u00fcr\u00fcyor. \u201cK\u00f6r oldum komutan\u0131m, g\u00f6remiyorum!\u201d diye ba\u011f\u0131r\u0131yor. Gecenin karanl\u0131\u011f\u0131 \u00e7\u00f6km\u00fc\u015f. Dalgalar k\u0131y\u0131ya vuruyor. Art arda dizilmi\u015f, y\u0131lan olmu\u015f s\u00fcr\u00fcn\u00fcyoruz kumsalda. Ba\u015f\u0131m\u0131zdaki subay g\u00f6r\u00fcn\u00fcml\u00fc Fetullah\u00e7\u0131 birden ba\u011f\u0131rmaya ba\u015fl\u0131yor. \u201cKur\u015fun geliyor, kur\u015fun geliyor, aptal herifler, h\u0131mb\u0131l adamlar!\u201d ve ba\u015fl\u0131yor tekmelemeye. A\u011fz\u0131m\u0131za, y\u00fcz\u00fcm\u00fcze, v\u00fccudumuza tekme at\u0131yor. Hayallerimizi, gelece\u011fimizi tekmeliyor. Mustafa Kemal Atat\u00fcrk&#8217;\u00fcn \u00fcniformas\u0131n\u0131 tekmeliyor. T\u00fcrk milletini tekmeliyor. A\u011fz\u0131m\u0131z, kulaklar\u0131m\u0131z ve g\u00f6zlerimiz kumla doluyor. Yukar\u0131daki ay \u015fahit, y\u0131ld\u0131zlar\u0131m\u0131z teker teker kay\u0131yor. \u00d6l\u00fcyoruz hi\u00e7 kimse umursam\u0131yor. <\/p>\n","protected":false},"excerpt":{"rendered":"<p>1986&#8217;da askeri liselere giren FET\u00d6 mensubu \u00f6\u011frenciler, 1994&#8217;te subay \u00e7\u0131karak \u00e7ok y\u00fcksek r\u00fctbelere geldi, stratejik konumlara yerle\u015fti, siyasi destekler buldu ve atamalar\u0131 yapan personel dairelerini ele<span class=\"excerpt-hellip\"> [\u2026]<\/span><\/p>\n","protected":false},"featured_media":0,"template":"","meta":{"_monsterinsights_skip_tracking":false,"_monsterinsights_sitenote_active":false,"_monsterinsights_sitenote_note":"","_monsterinsights_sitenote_category":0},"product_brand":[],"product_cat":[13059,12337],"product_tag":[],"class_list":{"0":"post-741030","1":"product","2":"type-product","3":"status-publish","5":"product_cat-diger-politika-siyaset","6":"product_cat-politika-siyaset","7":"pa_cilt-ciltsiz","8":"pa_tur-kitap","9":"pa_yayinevi-pankus-yayinlari","10":"pa_yazar-yagiz-aksakaloglu","12":"first","13":"instock","14":"sale","15":"shipping-taxable","16":"purchasable","17":"product-type-simple"},"_links":{"self":[{"href":"https:\/\/roveyayinevi.com.tr\/index.php\/wp-json\/wp\/v2\/product\/741030","targetHints":{"allow":["GET"]}}],"collection":[{"href":"https:\/\/roveyayinevi.com.tr\/index.php\/wp-json\/wp\/v2\/product"}],"about":[{"href":"https:\/\/roveyayinevi.com.tr\/index.php\/wp-json\/wp\/v2\/types\/product"}],"wp:attachment":[{"href":"https:\/\/roveyayinevi.com.tr\/index.php\/wp-json\/wp\/v2\/media?parent=741030"}],"wp:term":[{"taxonomy":"product_brand","embeddable":true,"href":"https:\/\/roveyayinevi.com.tr\/index.php\/wp-json\/wp\/v2\/product_brand?post=741030"},{"taxonomy":"product_cat","embeddable":true,"href":"https:\/\/roveyayinevi.com.tr\/index.php\/wp-json\/wp\/v2\/product_cat?post=741030"},{"taxonomy":"product_tag","embeddable":true,"href":"https:\/\/roveyayinevi.com.tr\/index.php\/wp-json\/wp\/v2\/product_tag?post=741030"}],"curies":[{"name":"wp","href":"https:\/\/api.w.org\/{rel}","templated":true}]}}