{"id":740984,"date":"2025-08-28T00:39:10","date_gmt":"2025-08-27T21:39:10","guid":{"rendered":"https:\/\/roveyayinevi.com.tr\/index.php\/urun\/karanlik-zamanlarda-insanlar\/"},"modified":"2026-04-16T02:52:09","modified_gmt":"2026-04-15T23:52:09","slug":"karanlik-zamanlarda-insanlar","status":"publish","type":"product","link":"https:\/\/roveyayinevi.com.tr\/index.php\/urun\/karanlik-zamanlarda-insanlar\/","title":{"rendered":"Karanl\u0131k Zamanlarda \u0130nsanlar"},"content":{"rendered":"<p>Bir dizi felsefeci ve edebiyatc\u0327\u0131n\u0131n entelektu\u0308el portresinden olus\u0327an bu kitap, Hannah Arendt\u2019in ku\u0308lliyat\u0131nda kendine o\u0308zgu\u0308, farkl\u0131 bir parc\u0327ad\u0131r. Arendt ele al\u0131nan yazarlar\u0131n du\u0308s\u0327u\u0308nsel portrelerini c\u0327izerken, sanki onlar\u0131n problemlerini ve aray\u0131s\u0327lar\u0131n\u0131 kendileriyle tart\u0131s\u0327\u0131yor. Bu arada kendi sorular\u0131n\u0131n da pes\u0327indedir; Kamusal\u2019\u0131n, Siyasi\u2019nin, I\u0307nsani\u2019nin, \u201cI\u0307yi\u201d ve \u201cDog\u0306ru\u201dnun anlam\u0131n\u0131, bu entelektu\u0308ellerin du\u0308s\u0327u\u0308nsel deneyimlerinin tart\u0131s\u0131na vurur. Kitab\u0131n, Arendt\u2019in en \u201cedebi\u201d anlat\u0131ml\u0131 eseri oldug\u0306u da so\u0308ylenebilir. Arendt\u2019in and\u0131g\u0306\u0131 ve u\u0308zerine du\u0308s\u0327u\u0308ndu\u0308g\u0306u\u0308 yazarlar, bu\u0308yu\u0308k siyasi fela\u0302ketlerle, ag\u0306\u0131r ahla\u0302ki sars\u0131nt\u0131larla, trajik sorularla yu\u0308zles\u0327mis\u0327s\u0327ahsiyetlerdir. Karanl\u0131k Zamanlarda I\u0307nsanlar ad\u0131 buradan geliyor; bu\u0308tu\u0308n yaz\u0131lar\u0131 kat eden mesele, karanl\u0131k zamanlarda insan olma ve insan kalma s\u0131nav\u0131d\u0131r. Karanl\u0131k Zamanlarda I\u0307nsanlar\u2019da, Arendt\u2019in Walter Benjamin, Bertolt Brecht, Hermann Broch, Isak Dinesen (Karen Blixen), Waldemar Gurian, Randall Jarrell, Karl Jaspers, Gotthold Ephraim Lessing, Rosa Luxemburg ve Angelo Giuseppe Roncalli hakk\u0131nda denemeleri yer al\u0131yor. \u201cKaranl\u0131k Zamanlar\u2019a tan\u0131k olmak, tekrar edelim, o zaman\u0131n ic\u0327inde olmak, orada yas\u0327amakt\u0131r. Bu yas\u0327aman\u0131n o\u0308zel alan\u0131n ilgilerine kendi \u2018oda\u2019s\u0131na kapanmad\u0131g\u0306\u0131 bir tarz\u0131n ac\u0327\u0131g\u0306a vuruldug\u0306u yas\u0327amlar\u0131 okuyacag\u0306\u0131m\u0131z bu kitap, tan\u0131kl\u0131g\u0306\u0131n o zaman\u0131 konus\u0327mak da oldug\u0306unu anlat\u0131yor. Olan biteni go\u0308rmek ve konus\u0327man\u0131n her bir tarz\u0131n\u0131n bizi dig\u0306erlerine bag\u0306lad\u0131g\u0306\u0131 ve du\u0308nyaya ait olmakl\u0131g\u0306\u0131m\u0131z\u0131 ac\u0327\u0131g\u0306a vurdug\u0306unu, bunun da politik eylemin kendisi oldug\u0306unu okudug\u0306umuz bu yas\u0327amo\u0308yku\u0308leri, du\u0308nyaya kars\u0327\u0131 sorumlulug\u0306umuzun du\u0308nyay\u0131 go\u0308rme kapasitemizde yatt\u0131g\u0306\u0131n\u0131 da go\u0308steriyor.\u201d Nilgu\u0308n Toker <\/p>\n","protected":false},"excerpt":{"rendered":"<p>Bir dizi felsefeci ve edebiyatc\u0327\u0131n\u0131n entelektu\u0308el portresinden olus\u0327an bu kitap, Hannah Arendt\u2019in ku\u0308lliyat\u0131nda kendine o\u0308zgu\u0308, farkl\u0131 bir parc\u0327ad\u0131r. Arendt ele al\u0131nan yazarlar\u0131n du\u0308s\u0327u\u0308nsel portrelerini c\u0327izerken, sanki<span class=\"excerpt-hellip\"> [\u2026]<\/span><\/p>\n","protected":false},"featured_media":0,"template":"","meta":{"_monsterinsights_skip_tracking":false,"_monsterinsights_sitenote_active":false,"_monsterinsights_sitenote_note":"","_monsterinsights_sitenote_category":0},"product_brand":[],"product_cat":[13059,12337],"product_tag":[],"class_list":{"0":"post-740984","1":"product","2":"type-product","3":"status-publish","5":"product_cat-diger-politika-siyaset","6":"product_cat-politika-siyaset","7":"pa_cilt-ciltsiz","8":"pa_tur-kitap","9":"pa_yayinevi-iletisim-yayinlari","10":"pa_yazar-hannah-arendt","12":"first","13":"instock","14":"sale","15":"shipping-taxable","16":"purchasable","17":"product-type-simple"},"_links":{"self":[{"href":"https:\/\/roveyayinevi.com.tr\/index.php\/wp-json\/wp\/v2\/product\/740984","targetHints":{"allow":["GET"]}}],"collection":[{"href":"https:\/\/roveyayinevi.com.tr\/index.php\/wp-json\/wp\/v2\/product"}],"about":[{"href":"https:\/\/roveyayinevi.com.tr\/index.php\/wp-json\/wp\/v2\/types\/product"}],"wp:attachment":[{"href":"https:\/\/roveyayinevi.com.tr\/index.php\/wp-json\/wp\/v2\/media?parent=740984"}],"wp:term":[{"taxonomy":"product_brand","embeddable":true,"href":"https:\/\/roveyayinevi.com.tr\/index.php\/wp-json\/wp\/v2\/product_brand?post=740984"},{"taxonomy":"product_cat","embeddable":true,"href":"https:\/\/roveyayinevi.com.tr\/index.php\/wp-json\/wp\/v2\/product_cat?post=740984"},{"taxonomy":"product_tag","embeddable":true,"href":"https:\/\/roveyayinevi.com.tr\/index.php\/wp-json\/wp\/v2\/product_tag?post=740984"}],"curies":[{"name":"wp","href":"https:\/\/api.w.org\/{rel}","templated":true}]}}