{"id":740979,"date":"2025-08-28T00:39:04","date_gmt":"2025-08-27T21:39:04","guid":{"rendered":"https:\/\/roveyayinevi.com.tr\/index.php\/urun\/devrimin-ve-karsi-devrimin-yuz-yili-1-savas-devrim-ve-tepkiler-1919-1971\/"},"modified":"2026-04-16T02:52:08","modified_gmt":"2026-04-15T23:52:08","slug":"devrimin-ve-karsi-devrimin-yuz-yili-1-savas-devrim-ve-tepkiler-1919-1971","status":"publish","type":"product","link":"https:\/\/roveyayinevi.com.tr\/index.php\/urun\/devrimin-ve-karsi-devrimin-yuz-yili-1-savas-devrim-ve-tepkiler-1919-1971\/","title":{"rendered":"Devrimin Ve Kar\u015f\u0131 Devrimin Y\u00fcz Y\u0131l\u0131 -1 Sava\u015f, Devrim Ve Tepkiler 1919-1971"},"content":{"rendered":"<p>DEVR\u0130M\u0130N VE KAR\u015eI DEVR\u0130M\u0130N Y\u00dcZ YILI -1 Sava\u015f, Devrim ve Tepkiler 1919-1971       Bu kitap iki de\u011ferli yazar\u0131m\u0131z\u0131n y\u0131llarca s\u00fcren \u00e7al\u0131\u015fmalar\u0131 sonunda ortaya \u00e7\u0131kt\u0131. Prof. Emre Kongar ve Z\u00fcl\u00e2l Kalkandelen 19 May\u0131s 1919  ile 31 Aral\u0131k 2019 aras\u0131ndaki \u201cT\u00fcrkiye Cumhuriyeti Devrimi\u201dnin y\u00fcz y\u0131ll\u0131k tarihini \u00f6nce T\u00fcrk\u00e7e ve \u0130ngilizce kaynaklardan ve gazete ar\u015fivlerinden analitik bir bi\u00e7imde sat\u0131r sat\u0131r incelediler.  Elde ettikleri bulgular\u0131 Devrim ve Kar\u015f\u0131 Devrim etkile\u015fimi ba\u011flam\u0131nda diyalektik bir yakla\u015f\u0131mla, farkl\u0131 d\u00f6nemlere ay\u0131r\u0131p yorumlad\u0131lar. B\u00f6ylece Cumhuriyet Devrimi tarihini \u015fimdiye kadar yap\u0131lm\u0131\u015flardan \u00e7ok farkl\u0131 bir bi\u00e7imde de\u011ferlendirerek bu \u00fc\u00e7 ciltlik diziyi olu\u015fturdular. Okurlar\u0131m\u0131z, bu dizide, olaylar aras\u0131nda \u015fimdiye kadar dikkat edilmemi\u015f olan baz\u0131 ili\u015fkileri fark etmek ve yak\u0131n tarihimizi daha iyi yorumlamak olana\u011f\u0131na kavu\u015facaklard\u0131r.   \u00dc\u00e7 ciltlik dizinin bu birinci cildi, Mustafa Kemal Atat\u00fcrk\u2019\u00fcn \u201cCumhuriyet Devrimi\u201dni ger\u00e7ekle\u015ftirmek i\u00e7in \u00e7\u0131kt\u0131\u011f\u0131 \u201cBa\u011f\u0131ms\u0131zl\u0131k Sava\u015f\u0131 Yolculu\u011fu\u201dnun tarihi olan 19 May\u0131s 1919 ile ba\u015flat\u0131ld\u0131.\u201cSava\u015f\u201d ve \u201cDevrim\u201d at\u0131l\u0131mlar\u0131, \u201cTepkilerle\u201d birlikte, \u201cAskeri Kar\u015f\u0131 Devrim Darbelerinin\u201d ba\u015flang\u0131\u00e7 tarihi olan 12 Mart 1971\u2019e kadar ele al\u0131nd\u0131. De\u011ferli yazarlar\u0131m\u0131z bu d\u00f6nemi de, \u015fimdiye kadar pek al\u0131\u015f\u0131lmam\u0131\u015f diyalektik bir yakla\u015f\u0131m\u0131n gerektirdi\u011fi bir bi\u00e7imde, farkl\u0131 b\u00f6l\u00fcmlere ay\u0131rd\u0131lar ve yorumlad\u0131lar. Kitab\u0131n sonundaki isim dizini, merak edilen ki\u015fi ve konular\u0131n kolayca bulunmas\u0131na  yard\u0131mc\u0131 olacakt\u0131r.   Bu kronoloji \u00e7al\u0131\u015fmas\u0131n\u0131n ilgiyle okunaca\u011f\u0131na ve temel bir ba\u015fvuru kitab\u0131 olaca\u011f\u0131na inan\u0131yoruz. <\/p>\n","protected":false},"excerpt":{"rendered":"<p>DEVR\u0130M\u0130N VE KAR\u015eI DEVR\u0130M\u0130N Y\u00dcZ YILI -1 Sava\u015f, Devrim ve Tepkiler 1919-1971 Bu kitap iki de\u011ferli yazar\u0131m\u0131z\u0131n y\u0131llarca s\u00fcren \u00e7al\u0131\u015fmalar\u0131 sonunda ortaya \u00e7\u0131kt\u0131. Prof. Emre Kongar<span class=\"excerpt-hellip\"> [\u2026]<\/span><\/p>\n","protected":false},"featured_media":0,"template":"","meta":{"_monsterinsights_skip_tracking":false,"_monsterinsights_sitenote_active":false,"_monsterinsights_sitenote_note":"","_monsterinsights_sitenote_category":0},"product_brand":[],"product_cat":[12370,12304],"product_tag":[],"class_list":{"0":"post-740979","1":"product","2":"type-product","3":"status-publish","5":"product_cat-arastirma-inceleme","6":"product_cat-tarih","7":"pa_cilt-ciltsiz","8":"pa_tur-kitap","9":"pa_yayinevi-remzi-kitabevi","10":"pa_yazar-emre-kongar-zulal-kalkandelen","12":"first","13":"instock","14":"sale","15":"shipping-taxable","16":"purchasable","17":"product-type-simple"},"_links":{"self":[{"href":"https:\/\/roveyayinevi.com.tr\/index.php\/wp-json\/wp\/v2\/product\/740979","targetHints":{"allow":["GET"]}}],"collection":[{"href":"https:\/\/roveyayinevi.com.tr\/index.php\/wp-json\/wp\/v2\/product"}],"about":[{"href":"https:\/\/roveyayinevi.com.tr\/index.php\/wp-json\/wp\/v2\/types\/product"}],"wp:attachment":[{"href":"https:\/\/roveyayinevi.com.tr\/index.php\/wp-json\/wp\/v2\/media?parent=740979"}],"wp:term":[{"taxonomy":"product_brand","embeddable":true,"href":"https:\/\/roveyayinevi.com.tr\/index.php\/wp-json\/wp\/v2\/product_brand?post=740979"},{"taxonomy":"product_cat","embeddable":true,"href":"https:\/\/roveyayinevi.com.tr\/index.php\/wp-json\/wp\/v2\/product_cat?post=740979"},{"taxonomy":"product_tag","embeddable":true,"href":"https:\/\/roveyayinevi.com.tr\/index.php\/wp-json\/wp\/v2\/product_tag?post=740979"}],"curies":[{"name":"wp","href":"https:\/\/api.w.org\/{rel}","templated":true}]}}