{"id":740934,"date":"2025-08-28T00:38:07","date_gmt":"2025-08-27T21:38:07","guid":{"rendered":"https:\/\/roveyayinevi.com.tr\/index.php\/urun\/amerikan-adaleti\/"},"modified":"2026-04-16T02:52:07","modified_gmt":"2026-04-15T23:52:07","slug":"amerikan-adaleti","status":"publish","type":"product","link":"https:\/\/roveyayinevi.com.tr\/index.php\/urun\/amerikan-adaleti\/","title":{"rendered":"Amerikan Adaleti"},"content":{"rendered":"<p>Ara\u015ft\u0131rmac\u0131-Yazar H\u00fcseyin Atam, d\u00fcnyan\u0131n d\u00f6rt yan\u0131nda s\u00f6zde \u201cadalet da\u011f\u0131tmaya\u201d \u00e7al\u0131\u015fan ABD emperyalizminin kendi vatanda\u015flar\u0131na y\u00f6nelik adaletsizli\u011fini, zulm\u00fcn\u00fc, hukuksuzlu\u011funu anlat\u0131yor. Mahk\u00fbm haklar\u0131 ve hapishane ko\u015fullar\u0131n\u0131n \u00f6zel olarak ele al\u0131nd\u0131\u011f\u0131 kitapta, \u0131rk\u00e7\u0131l\u0131k ve polis \u015fiddeti de \u00e7arp\u0131c\u0131 bir \u015fekilde ayr\u0131nt\u0131lar\u0131yla okurlara aktar\u0131l\u0131yor.ABD\u2019nin ancak filmlerde \u201cr\u00fcya \u00fclkesi\u201d olabilece\u011fini vurgulayan Atam \u00e7arp\u0131c\u0131 verilerle bir k\u00e2buslar \u00fclkesi tablosu koyuyor ortaya.ABD, d\u00fcnya n\u00fcfusunun y\u00fczde 5\u2019ini te\u015fkil ediyor ama d\u00fcnya genelindeki mahk\u00fbmlar\u0131n y\u00fczde 25\u2019i bu \u00fclkede.\u0130ki bu\u00e7uk milyona yak\u0131n mahk\u00fbmun bulundu\u011fu \u00fclkede uluslararas\u0131 cezaevi standartlar\u0131na uyulmuyor.Her g\u00fcn \u00fc\u00e7 Amerikan vatanda\u015f\u0131 polis kur\u015funuyla \u00f6l\u00fcyor.Siyah n\u00fcfus oran\u0131 y\u00fczde 13, cezaevlerinde ise beyazlar\u0131n d\u00f6rt kat\u0131.May\u0131s 2020\u2019de ABD\u2019nin Minnesota eyaletine ba\u011fl\u0131 Minneapolis kentinde polis, George Floyd adl\u0131 siyah yurtta\u015f\u0131 dakikalarca i\u015fkence edip nefessiz b\u0131rakarak \u00f6ld\u00fcrd\u00fc. Kurban\u0131n, \u201cNefes alam\u0131yorum\u201d s\u00f6zleri t\u00fcm d\u00fcnyada zihinlere kaz\u0131nd\u0131.Ya\u015fananlar ne ilkti ne de son olacakt\u0131, \u00e7\u00fcnk\u00fc Floyd\u2019un \u00f6ld\u00fcr\u00fclmesi bir Amerikan ger\u00e7e\u011fiydi. Malcom X y\u0131llar \u00f6nce \u00f6zetlemi\u015fti her \u015feyi: \u201cAmerikan r\u00fcyas\u0131 de\u011fil, Amerikan k\u00e2busu g\u00f6r\u00fcyorum.\u201d \u201c\u0130nsan haklar\u0131 her insan\u0131n do\u011fas\u0131, yarat\u0131l\u0131\u015f\u0131 ve s\u0131rf bir insan olmas\u0131 nedeniyle sahip olmas\u0131 gereken en temel haklardan biridir. Bu evrensel haklar, d\u00fcnyan\u0131n d\u00f6rt bir yan\u0131ndaki t\u00fcm bireylere aittir ve hi\u00e7 kimse s\u0131rf ya\u015fad\u0131\u011f\u0131 co\u011frafya nedeniyle temel insan haklar\u0131ndan mahrum edilemez. Ayr\u0131ca \u0131rk, milliyet, cinsiyet vb. unsurlar ne olursa olsun t\u00fcm insanlar bu haklardan yararlanma konusunda e\u015fittir ve bu bak\u0131mdan kimse di\u011ferinden \u00fcst\u00fcn de\u011fildir.\u201d<\/p>\n","protected":false},"excerpt":{"rendered":"<p>Ara\u015ft\u0131rmac\u0131-Yazar H\u00fcseyin Atam, d\u00fcnyan\u0131n d\u00f6rt yan\u0131nda s\u00f6zde \u201cadalet da\u011f\u0131tmaya\u201d \u00e7al\u0131\u015fan ABD emperyalizminin kendi vatanda\u015flar\u0131na y\u00f6nelik adaletsizli\u011fini, zulm\u00fcn\u00fc, hukuksuzlu\u011funu anlat\u0131yor. Mahk\u00fbm haklar\u0131 ve hapishane ko\u015fullar\u0131n\u0131n \u00f6zel olarak<span class=\"excerpt-hellip\"> [\u2026]<\/span><\/p>\n","protected":false},"featured_media":0,"template":"","meta":{"_monsterinsights_skip_tracking":false,"_monsterinsights_sitenote_active":false,"_monsterinsights_sitenote_note":"","_monsterinsights_sitenote_category":0},"product_brand":[],"product_cat":[13059,12337],"product_tag":[],"class_list":{"0":"post-740934","1":"product","2":"type-product","3":"status-publish","5":"product_cat-diger-politika-siyaset","6":"product_cat-politika-siyaset","7":"pa_cilt-ciltsiz","8":"pa_tur-kitap","9":"pa_yayinevi-kaynak-yayinlari","10":"pa_yazar-huseyin-atam","12":"first","13":"instock","14":"sale","15":"shipping-taxable","16":"purchasable","17":"product-type-simple"},"_links":{"self":[{"href":"https:\/\/roveyayinevi.com.tr\/index.php\/wp-json\/wp\/v2\/product\/740934","targetHints":{"allow":["GET"]}}],"collection":[{"href":"https:\/\/roveyayinevi.com.tr\/index.php\/wp-json\/wp\/v2\/product"}],"about":[{"href":"https:\/\/roveyayinevi.com.tr\/index.php\/wp-json\/wp\/v2\/types\/product"}],"wp:attachment":[{"href":"https:\/\/roveyayinevi.com.tr\/index.php\/wp-json\/wp\/v2\/media?parent=740934"}],"wp:term":[{"taxonomy":"product_brand","embeddable":true,"href":"https:\/\/roveyayinevi.com.tr\/index.php\/wp-json\/wp\/v2\/product_brand?post=740934"},{"taxonomy":"product_cat","embeddable":true,"href":"https:\/\/roveyayinevi.com.tr\/index.php\/wp-json\/wp\/v2\/product_cat?post=740934"},{"taxonomy":"product_tag","embeddable":true,"href":"https:\/\/roveyayinevi.com.tr\/index.php\/wp-json\/wp\/v2\/product_tag?post=740934"}],"curies":[{"name":"wp","href":"https:\/\/api.w.org\/{rel}","templated":true}]}}