{"id":740904,"date":"2025-08-28T00:37:33","date_gmt":"2025-08-27T21:37:33","guid":{"rendered":"https:\/\/roveyayinevi.com.tr\/index.php\/urun\/ataturkun-psikanalitik-biyografisi\/"},"modified":"2026-04-16T02:52:06","modified_gmt":"2026-04-15T23:52:06","slug":"ataturkun-psikanalitik-biyografisi","status":"publish","type":"product","link":"https:\/\/roveyayinevi.com.tr\/index.php\/urun\/ataturkun-psikanalitik-biyografisi\/","title":{"rendered":"Atat\u00fcrk&#8217;\u00fcn Psikanalitik Biyografisi"},"content":{"rendered":"<p>\u201cBeni g\u00f6rmek demek behemehal y\u00fcz\u00fcm\u00fc g\u00f6rmek de\u011fildir. Benim fikirlerimi, benim duygular\u0131m\u0131 anl\u0131yorsan\u0131z ve hissediyorsan\u0131z bu k\u00e2fidir.\u201d- Mustafa Kemal Atat\u00fcrkAtat\u00fcrk hakk\u0131nda y\u00fczlerce kitap yaz\u0131ld\u0131. \u201cAtat\u00fcrk\u2019\u00fcn Psikanalitik Biyografisi\u201d adl\u0131 bu kitapta benim amac\u0131m, T\u00fcrkiye Cumhuriyeti\u2019nin kurulu\u015fu s\u00fcrecindeki tarihi olaylar\u0131 anlat\u0131rken, bir yandan da Atat\u00fcrk\u2019\u00fcn psikanalizini yaparak onun i\u00e7 d\u00fcnyas\u0131ndaki psikolojik s\u00fcre\u00e7lerin bu olaylar\u0131n ortaya \u00e7\u0131k\u0131\u015f\u0131ndaki rollerini anlatmakt\u0131r. Atat\u00fcrk\u2019\u00fcn i\u00e7 d\u00fcnyas\u0131n\u0131 ve yarat\u0131c\u0131l\u0131\u011f\u0131n\u0131, yeni ku\u015faktaki okuyuculara oldu\u011fu kadar, Atat\u00fcrk\u2019\u00fc \u00f6zleyen eski ku\u015fa\u011fa da ula\u015ft\u0131rmay\u0131 umuyorum.Atat\u00fcrk\u2019\u00fcn tarihe ola\u011fan\u00fcst\u00fc katk\u0131lar\u0131, 1915 Gelibolu Sava\u015f\u0131\u2019ndan ya\u015fam\u0131n\u0131n sona erdi\u011fi 1938 y\u0131l\u0131na dek s\u00fcren olduk\u00e7a k\u0131sa bir zaman dilimi i\u00e7inde ger\u00e7ekle\u015fmi\u015ftir. \u00d6zel ya\u015fam\u0131nda b\u00fcy\u00fck trajedilerle kar\u015f\u0131la\u015fan Atat\u00fcrk\u2019\u00fcn bu kadar k\u0131sa bir s\u00fcre i\u00e7inde, b\u00f6ylesine b\u00fcy\u00fck tarihi de\u011fi\u015fiklikler ger\u00e7ekle\u015ftirebilmesi, T\u00fcrkiye Cumhuriyeti\u2019ni kurmas\u0131 ve yeni bir T\u00fcrk kimli\u011fi yaratmas\u0131, \u00fcst\u00fcn zek\u00e2s\u0131n\u0131n ve karizmas\u0131n\u0131n yan\u0131 s\u0131ra ba\u015fka ne ile a\u00e7\u0131klanabilir?Atat\u00fcrk\u2019\u00fcn yapt\u0131klar\u0131n\u0131 de\u011ferlendirirken, liderli\u011fi s\u0131ras\u0131ndaki tarihi durum ve ko\u015fullar\u0131 g\u00f6z \u00f6n\u00fcnde tutmam\u0131z gerekiyor. Bir lideri ya\u015fad\u0131\u011f\u0131 d\u00f6nemden al\u0131p \u015fimdiki zamana koyar ve yapt\u0131klar\u0131n\u0131 bug\u00fcnk\u00fc sosyal, ekonomik ve politik s\u00fcre\u00e7lere g\u00f6re de\u011ferlendirmeye \u00e7al\u0131\u015f\u0131rsak, o liderin tarihi rol\u00fcn\u00fc anlamam\u0131z zorla\u015f\u0131r. Di\u011fer taraftan da T\u00fcrkiye Cumhuriyeti\u2019nin kurucusu Atat\u00fcrk\u2019\u00fcn imgesinin y\u0131prat\u0131lmas\u0131na g\u00f6z yummak, elimizdeki tabancayla kendi ayaklar\u0131m\u0131za kur\u015fun s\u0131kmak olur. T\u00fcrkiye \u015fimdiki haliyle tarihi, ekonomik, din\u00ee ve politik olaylarla de\u011fi\u015fmi\u015f bir T\u00fcrkiye olsa da Atat\u00fcrk\u2019s\u00fcz var olamazd\u0131.- Prof. Dr. Vam\u0131k D. VolkanProf. Dr. Vam\u0131k D. Volkan, Atat\u00fcrk\u2019\u00fcn ya\u015fam\u0131n\u0131, d\u00fcnyaya g\u00f6zlerini a\u00e7t\u0131\u011f\u0131 ilk g\u00fcnden \u00f6l\u00fcms\u00fczl\u00fc\u011fe ula\u015ft\u0131\u011f\u0131 son g\u00fcne kadar her y\u00f6n\u00fcyle ve t\u00fcm bilinmeyenleriyle anlatt\u0131\u011f\u0131 ve ger\u00e7ek olaylar \u00fczerinden yapt\u0131\u011f\u0131 analizlerle Atat\u00fcrk\u2019\u00fcn i\u00e7 d\u00fcnyas\u0131n\u0131 psikanalitik bak\u0131\u015f a\u00e7\u0131s\u0131yla g\u00f6zler \u00f6n\u00fcne serdi\u011fi bu kitab\u0131 ve T\u00fcrk ulusu i\u00e7in \u201cAtat\u00fcrk\u201d ve \u201cAnat\u00fcrk\u201d olan ulu \u00f6nderin \u00f6l\u00fcms\u00fczl\u00fc\u011f\u00fcn\u00fcn bir belgesi olarak gelecek nesillere arma\u011fan ediyor .<\/p>\n","protected":false},"excerpt":{"rendered":"<p>\u201cBeni g\u00f6rmek demek behemehal y\u00fcz\u00fcm\u00fc g\u00f6rmek de\u011fildir. Benim fikirlerimi, benim duygular\u0131m\u0131 anl\u0131yorsan\u0131z ve hissediyorsan\u0131z bu k\u00e2fidir.\u201d- Mustafa Kemal Atat\u00fcrkAtat\u00fcrk hakk\u0131nda y\u00fczlerce kitap yaz\u0131ld\u0131. \u201cAtat\u00fcrk\u2019\u00fcn Psikanalitik Biyografisi\u201d<span class=\"excerpt-hellip\"> [\u2026]<\/span><\/p>\n","protected":false},"featured_media":0,"template":"","meta":{"_monsterinsights_skip_tracking":false,"_monsterinsights_sitenote_active":false,"_monsterinsights_sitenote_note":"","_monsterinsights_sitenote_category":0},"product_brand":[],"product_cat":[12530,12304],"product_tag":[],"class_list":{"0":"post-740904","1":"product","2":"type-product","3":"status-publish","5":"product_cat-mustafa-kemal-ataturk","6":"product_cat-tarih","7":"pa_cilt-ciltsiz","8":"pa_tur-kitap","9":"pa_yayinevi-pusula-yayinevi-ankara","10":"pa_yazar-vamik-d-volkan","12":"first","13":"instock","14":"sale","15":"shipping-taxable","16":"purchasable","17":"product-type-simple"},"_links":{"self":[{"href":"https:\/\/roveyayinevi.com.tr\/index.php\/wp-json\/wp\/v2\/product\/740904","targetHints":{"allow":["GET"]}}],"collection":[{"href":"https:\/\/roveyayinevi.com.tr\/index.php\/wp-json\/wp\/v2\/product"}],"about":[{"href":"https:\/\/roveyayinevi.com.tr\/index.php\/wp-json\/wp\/v2\/types\/product"}],"wp:attachment":[{"href":"https:\/\/roveyayinevi.com.tr\/index.php\/wp-json\/wp\/v2\/media?parent=740904"}],"wp:term":[{"taxonomy":"product_brand","embeddable":true,"href":"https:\/\/roveyayinevi.com.tr\/index.php\/wp-json\/wp\/v2\/product_brand?post=740904"},{"taxonomy":"product_cat","embeddable":true,"href":"https:\/\/roveyayinevi.com.tr\/index.php\/wp-json\/wp\/v2\/product_cat?post=740904"},{"taxonomy":"product_tag","embeddable":true,"href":"https:\/\/roveyayinevi.com.tr\/index.php\/wp-json\/wp\/v2\/product_tag?post=740904"}],"curies":[{"name":"wp","href":"https:\/\/api.w.org\/{rel}","templated":true}]}}