{"id":740667,"date":"2025-08-28T00:32:40","date_gmt":"2025-08-27T21:32:40","guid":{"rendered":"https:\/\/roveyayinevi.com.tr\/index.php\/urun\/anekdotlar\/"},"modified":"2026-04-16T02:51:54","modified_gmt":"2026-04-15T23:51:54","slug":"anekdotlar","status":"publish","type":"product","link":"https:\/\/roveyayinevi.com.tr\/index.php\/urun\/anekdotlar\/","title":{"rendered":"Anekdotlar"},"content":{"rendered":"<p>Orhan Veli, Melih Cevdet ve Oktay Rifat bir kere \u00f6pmek i\u00e7in kimi s\u0131k\u0131\u015ft\u0131rm\u0131\u015ft\u0131?   &#8220;Evime canl\u0131 giren tavuk kendi kendine \u00f6lmeye mahkumdur&#8221; diyen yazar kimdi?   Yahya Kemal&#8217;in &#8220;manen tokat&#8221;\u0131n\u0131 hangi yazar yemi\u015fti?   Deniz Gezmi\u015fleri savundu\u011fu i\u00e7in Kemal Tahir&#8217;i masay\u0131 terk edecek kadar kim k\u0131zd\u0131rm\u0131\u015ft\u0131?   Mina Urgan&#8217;a Urgan soyad\u0131n\u0131 kim niye vermi\u015f?   &#8220;Ben bilmek i\u00e7in y\u0131llarca okudum. Onlarsa bilinmek i\u00e7in okudular&#8221; s\u00f6z\u00fc kimindi?   Gen\u00e7 \u015fairlere &#8220;Cemal S\u00fcreya&#8217;n\u0131n pe\u015fine tak\u0131lmay\u0131n&#8221; diyen \u015fair kimdi?   Dost oldu\u011fu y\u0131lan\u0131 besleyen yazar kimdi?   &#8220;Bir piyes yazamayacak kadar aptal\u0131m&#8221; diyen yazar\u0131m\u0131z kimdi?   Kayseri gar\u0131nda bir k\u00f6yl\u00fcn\u00fcn aya\u011f\u0131ndaki \u00e7orab\u0131 sat\u0131n almak isteyen kimdi?   Anekdotlar, hik\u00e2ye anlatmalar\u0131na al\u0131\u015f\u0131k oldu\u011fumuz edebiyat\u00e7\u0131lar\u0131 bu sefer hik\u00e2yesi anlat\u0131lan karakterlere d\u00f6n\u00fc\u015ft\u00fcren k\u0131sa, \u00f6zl\u00fc ve \u00e7arp\u0131c\u0131 anlat\u0131larla, merakl\u0131 okurlar\u0131 yazarlarla daha yak\u0131n ba\u011flar kuracaklar\u0131 ili\u015fkiler alemine g\u00f6t\u00fcr\u00fcyor. K\u00fclt\u00fcr tarihimizin yap\u0131ta\u015flar\u0131n\u0131 olu\u015fturan 115 edebiyat\u00e7\u0131n\u0131n ya\u015fam\u0131ndan 608 anekdot&#8230; <\/p>\n","protected":false},"excerpt":{"rendered":"<p>Orhan Veli, Melih Cevdet ve Oktay Rifat bir kere \u00f6pmek i\u00e7in kimi s\u0131k\u0131\u015ft\u0131rm\u0131\u015ft\u0131? &#8220;Evime canl\u0131 giren tavuk kendi kendine \u00f6lmeye mahkumdur&#8221; diyen yazar kimdi? Yahya Kemal&#8217;in<span class=\"excerpt-hellip\"> [\u2026]<\/span><\/p>\n","protected":false},"featured_media":0,"template":"","meta":{"_monsterinsights_skip_tracking":false,"_monsterinsights_sitenote_active":false,"_monsterinsights_sitenote_note":"","_monsterinsights_sitenote_category":0},"product_brand":[],"product_cat":[13701,12291],"product_tag":[],"class_list":{"0":"post-740667","1":"product","2":"type-product","3":"status-publish","5":"product_cat-ani-mektup-gunluk","6":"product_cat-edebiyat","7":"pa_cilt-ciltsiz","8":"pa_tur-kitap","9":"pa_yayinevi-kolektif-kitap","10":"pa_yazar-mustafa-alp-dagistanli","12":"first","13":"instock","14":"sale","15":"shipping-taxable","16":"purchasable","17":"product-type-simple"},"_links":{"self":[{"href":"https:\/\/roveyayinevi.com.tr\/index.php\/wp-json\/wp\/v2\/product\/740667","targetHints":{"allow":["GET"]}}],"collection":[{"href":"https:\/\/roveyayinevi.com.tr\/index.php\/wp-json\/wp\/v2\/product"}],"about":[{"href":"https:\/\/roveyayinevi.com.tr\/index.php\/wp-json\/wp\/v2\/types\/product"}],"wp:attachment":[{"href":"https:\/\/roveyayinevi.com.tr\/index.php\/wp-json\/wp\/v2\/media?parent=740667"}],"wp:term":[{"taxonomy":"product_brand","embeddable":true,"href":"https:\/\/roveyayinevi.com.tr\/index.php\/wp-json\/wp\/v2\/product_brand?post=740667"},{"taxonomy":"product_cat","embeddable":true,"href":"https:\/\/roveyayinevi.com.tr\/index.php\/wp-json\/wp\/v2\/product_cat?post=740667"},{"taxonomy":"product_tag","embeddable":true,"href":"https:\/\/roveyayinevi.com.tr\/index.php\/wp-json\/wp\/v2\/product_tag?post=740667"}],"curies":[{"name":"wp","href":"https:\/\/api.w.org\/{rel}","templated":true}]}}