{"id":740558,"date":"2025-08-28T00:29:37","date_gmt":"2025-08-27T21:29:37","guid":{"rendered":"https:\/\/roveyayinevi.com.tr\/index.php\/urun\/araclar-ve-silahlar\/"},"modified":"2026-04-16T02:51:24","modified_gmt":"2026-04-15T23:51:24","slug":"araclar-ve-silahlar","status":"publish","type":"product","link":"https:\/\/roveyayinevi.com.tr\/index.php\/urun\/araclar-ve-silahlar\/","title":{"rendered":"Ara\u00e7lar Ve Silahlar"},"content":{"rendered":"<p>\u201cElinizdeki kitap; teknolojinin hem bize nas\u0131l g\u00fc\u00e7 katt\u0131\u011f\u0131n\u0131 hem de bizi nas\u0131l tehdit etti\u011fini renkli bir anlat\u0131mla, \u00fcstelik bu i\u015fin i\u00e7inden ki\u015filerin bak\u0131\u015f a\u00e7\u0131s\u0131yla aktar\u0131yor. Tam zaman\u0131nda \u00e7\u0131kan bu \u00e7al\u0131\u015fma, dijital gelecekte gizlilikten siber sald\u0131r\u0131lara varan konularda kendimize nas\u0131l bir rota \u00e7izece\u011fimize k\u0131lavuzluk ediyor.\u201d\u2014WALTER ISAACSON, Gelece\u011fi Ke\u015ffedenler ve Steve Jobs kitaplar\u0131n\u0131n yazar\u0131 \u201cB\u00fcy\u00fck teknolojiyi ehlile\u015ftirmek kolay olmayacak ama bu kitap&#8230; nereden ba\u015flanaca\u011f\u0131n\u0131 g\u00f6steriyor.\u201d\u2014The Financial Times   Her yeri saran dijital d\u00f6n\u00fc\u015f\u00fcm b\u00fcy\u00fck vaatler sunsa da kritik bir d\u00f6n\u00fcm noktas\u0131nday\u0131z: D\u00fcnya, bilgi teknolojisini hem g\u00fc\u00e7l\u00fc bir araca hem de deh\u015fet verici bir silaha d\u00f6n\u00fc\u015ft\u00fcrm\u00fc\u015f durumda. Yapay zek\u00e2 gibi giderek daha da g\u00fc\u00e7 kazanan icatlar\u0131n belirledi\u011fi bir \u00e7a\u011f\u0131 y\u00f6netmek i\u00e7in yeni yakla\u015f\u0131mlar gerekece\u011fi ortada. Acaba bu yeni \u00e7a\u011fda kamu g\u00fcvenli\u011fi, bireysel kolayl\u0131k ve ki\u015fisel gizlilik aras\u0131nda do\u011fru dengeyi nas\u0131l kuraca\u011f\u0131z? \u00dclkelerimizi, i\u015fletmelerimizi veya ki\u015fisel ya\u015famlar\u0131m\u0131z\u0131 y\u0131kmak \u00fczere bu teknolojiyi kullanan siber sald\u0131r\u0131lara kar\u015f\u0131 kendimizi nas\u0131l koruyaca\u011f\u0131z? T\u00fcm toplumlarda dalga dalga g\u00f6r\u00fclen ekonomik etkilerini nas\u0131l y\u00f6netece\u011fiz? Acaba \u00e7ocuklar\u0131m\u0131z\u0131n i\u015f bulabilece\u011fi bir d\u00fcnya m\u0131 yarat\u0131yoruz? Yoksa kontrol bile edemeyece\u011fimiz bir d\u00fcnya m\u0131? Ara\u00e7lar ve Silahlar\u2019da Microsoft\u2019un k\u0131demli y\u00f6neticileri Brad Smith ve Carol Ann Browne, \u00e7a\u011f\u0131m\u0131z\u0131n en dikenli meseleleriyle kar\u015f\u0131 kar\u015f\u0131ya kalan d\u00fcnyan\u0131n en b\u00fcy\u00fck teknoloji \u015firketlerinden birinin kokpitinden b\u00fcy\u00fcleyici bir anlat\u0131 sunuyor: Ki\u015fisel verilerin gizlili\u011fi, siber su\u00e7 ve siber sava\u015fla sosyal medya, yapay zek\u00e2n\u0131n bizi soktu\u011fu ahlaki \u00e7\u0131kmazlar, b\u00fcy\u00fck teknolojilerin toplumsal e\u015fitsizlikle ili\u015fkisi, k\u0131sa ve uzun vadede demokrasilerin y\u00fczle\u015fece\u011fi zorluklar\u2026 Peki, t\u00fcm bunlarla nas\u0131l m\u00fccadele edece\u011fiz? Her \u015feyin dijitalle\u015fmesine ivme katt\u0131\u011f\u0131m\u0131z bu d\u00f6nemde, teknolojinin sundu\u011fu muazzam vaatlerle varolu\u015fa y\u00f6nelik tehditleri aras\u0131nda nas\u0131l denge kurulmas\u0131 gerekti\u011fine dair d\u00fcr\u00fcst\u00e7e, derin bir hesapla\u015fma\u2026<\/p>\n","protected":false},"excerpt":{"rendered":"<p>\u201cElinizdeki kitap; teknolojinin hem bize nas\u0131l g\u00fc\u00e7 katt\u0131\u011f\u0131n\u0131 hem de bizi nas\u0131l tehdit etti\u011fini renkli bir anlat\u0131mla, \u00fcstelik bu i\u015fin i\u00e7inden ki\u015filerin bak\u0131\u015f a\u00e7\u0131s\u0131yla aktar\u0131yor. Tam<span class=\"excerpt-hellip\"> [\u2026]<\/span><\/p>\n","protected":false},"featured_media":0,"template":"","meta":{"_monsterinsights_skip_tracking":false,"_monsterinsights_sitenote_active":false,"_monsterinsights_sitenote_note":"","_monsterinsights_sitenote_category":0},"product_brand":[],"product_cat":[12365,12364],"product_tag":[],"class_list":{"0":"post-740558","1":"product","2":"type-product","3":"status-publish","5":"product_cat-diger-genel-konular","6":"product_cat-genel-konular","7":"pa_cilt-ciltsiz","8":"pa_tur-kitap","9":"pa_yayinevi-kronik-kitap","10":"pa_yazar-brad-smith-carol-ann-browne","12":"first","13":"instock","14":"sale","15":"shipping-taxable","16":"purchasable","17":"product-type-simple"},"_links":{"self":[{"href":"https:\/\/roveyayinevi.com.tr\/index.php\/wp-json\/wp\/v2\/product\/740558","targetHints":{"allow":["GET"]}}],"collection":[{"href":"https:\/\/roveyayinevi.com.tr\/index.php\/wp-json\/wp\/v2\/product"}],"about":[{"href":"https:\/\/roveyayinevi.com.tr\/index.php\/wp-json\/wp\/v2\/types\/product"}],"wp:attachment":[{"href":"https:\/\/roveyayinevi.com.tr\/index.php\/wp-json\/wp\/v2\/media?parent=740558"}],"wp:term":[{"taxonomy":"product_brand","embeddable":true,"href":"https:\/\/roveyayinevi.com.tr\/index.php\/wp-json\/wp\/v2\/product_brand?post=740558"},{"taxonomy":"product_cat","embeddable":true,"href":"https:\/\/roveyayinevi.com.tr\/index.php\/wp-json\/wp\/v2\/product_cat?post=740558"},{"taxonomy":"product_tag","embeddable":true,"href":"https:\/\/roveyayinevi.com.tr\/index.php\/wp-json\/wp\/v2\/product_tag?post=740558"}],"curies":[{"name":"wp","href":"https:\/\/api.w.org\/{rel}","templated":true}]}}