{"id":739876,"date":"2025-08-28T00:16:41","date_gmt":"2025-08-27T21:16:41","guid":{"rendered":"https:\/\/roveyayinevi.com.tr\/index.php\/urun\/adnan-menderesin-psikolojik-analizi\/"},"modified":"2026-04-16T02:50:33","modified_gmt":"2026-04-15T23:50:33","slug":"adnan-menderesin-psikolojik-analizi","status":"publish","type":"product","link":"https:\/\/roveyayinevi.com.tr\/index.php\/urun\/adnan-menderesin-psikolojik-analizi\/","title":{"rendered":"Adnan Menderes&#8217;in Psikolojik Analizi"},"content":{"rendered":"<p>Adnan Menderes&#8217;in ya\u015fam\u0131, siyasi hayat\u0131 ve yak\u0131n ili\u015fkilerini farkl\u0131 bir bak\u0131\u015f a\u00e7\u0131s\u0131 ile ele almaya \u00e7al\u0131\u015faca\u011f\u0131z. Adnan Menderes&#8217;in ini\u015fli-\u00e7\u0131k\u0131\u015fl\u0131 hayat\u0131na paralel psikolojik yap\u0131s\u0131ndaki aynilik, siyasi tabloya nas\u0131l yans\u0131m\u0131\u015ft\u0131? Alfred Adler&#8217;den yapt\u0131\u011f\u0131m\u0131z \u015fu al\u0131nt\u0131 asl\u0131nda bunu belli bir perspektifte anlamam\u0131z\u0131, ikircikli d\u00fc\u015f\u00fcncemizin \u00d6n\u00fcndeki sisleri da\u011f\u0131tmaya biraz olsun yard\u0131mc\u0131 olabilir mi? &#8220;Sayg\u0131nl\u0131k tutkusu, ruhsal ya\u015famda bir gerginli\u011fin do\u011fmas\u0131na yol a\u00e7ar; bu erginlik nedeniyle insan g\u00fc\u00e7l\u00fcl\u00fck ve \u00fcst\u00fcnl\u00fck amac\u0131n\u0131 daha bir a\u00e7\u0131kl\u0131kla g\u00d6z\u00fcne kestirir ve normaldekinden daha yo\u011fun \u00e7abalarla s\u00d6z konusu amaca ula\u015fmaya \u00e7al\u0131\u015f\u0131r.&#8221;Buradan da anlayabilece\u011fimiz gibi asl\u0131nda Menderes&#8217;in ge\u00e7mi\u015fte ya\u015fad\u0131\u011f\u0131 ac\u0131lar, yaln\u0131zl\u0131k duygusu ilerleyen y\u0131llarda kazand\u0131\u011f\u0131 ba\u015far\u0131l\u0131 \u00e7\u0131k\u0131\u015fa tekab\u00fcl ruhundaki derin yaralar\u0131 sarmaya yetmemi\u015ftir. Tek parti d\u00d6neminden sonra halk\u0131n g\u00d6z\u00fcnde bir kurtar\u0131c\u0131, sava\u015f y\u0131llar\u0131n\u0131n ard\u0131ndan kurulamayan ideal d\u00fczen mimar\u0131 ve \u00fclkenin bulundu\u011fu ekonomik dar bo\u011faz\u0131n yaratm\u0131\u015f oldu\u011fu zilletin demokrasi k\u0131l\u0131c\u0131 olmaya gelmi\u015fti. Hem \u00e7evresindekilerle hem ona kar\u015f\u0131 muhalefet yapanlarla hem de d\u0131\u015f politikadaki ili\u015fkilerinde de \u00e7etrefilli bir \u00e7izgide idi.Yak\u0131n tarihimizde \u00d6nemli bir rol model olan Menderes kendi d\u00d6neminde, \u00fclkesinde, farkl\u0131l\u0131klar yaratmak istemi\u015fti. Zaten homojen yap\u0131da meydana gelen de\u011fi\u015fiklikler kendinden sonra gelen siyasal konjonkt\u00fcr\u00fc de etkilemi\u015ftir. Peki, do\u011fumundan \u00d6l\u00fcm\u00fcne kadar ge\u00e7en s\u00fcre\u00e7te hatalar\u0131 ve sevaplar\u0131yla de\u011ferlendirdi\u011fimizde, Adnan Menderes&#8217;in bir karakter tahlili yap\u0131labilir mi? Bu soru \u00fczerinden yola \u00e7\u0131karak s\u0131\u011f ak\u0131nt\u0131da kay\u0131\u011f\u0131m\u0131z\u0131 y\u00fcr\u00fctmeye \u00e7al\u0131\u015ft\u0131k.<\/p>\n","protected":false},"excerpt":{"rendered":"<p>Adnan Menderes&#8217;in ya\u015fam\u0131, siyasi hayat\u0131 ve yak\u0131n ili\u015fkilerini farkl\u0131 bir bak\u0131\u015f a\u00e7\u0131s\u0131 ile ele almaya \u00e7al\u0131\u015faca\u011f\u0131z. Adnan Menderes&#8217;in ini\u015fli-\u00e7\u0131k\u0131\u015fl\u0131 hayat\u0131na paralel psikolojik yap\u0131s\u0131ndaki aynilik, siyasi tabloya<span class=\"excerpt-hellip\"> [\u2026]<\/span><\/p>\n","protected":false},"featured_media":0,"template":"","meta":{"_monsterinsights_skip_tracking":false,"_monsterinsights_sitenote_active":false,"_monsterinsights_sitenote_note":"","_monsterinsights_sitenote_category":0},"product_brand":[],"product_cat":[12357],"product_tag":[],"class_list":{"0":"post-739876","1":"product","2":"type-product","3":"status-publish","5":"product_cat-psikoloji","6":"pa_cilt-ciltsiz","7":"pa_tur-kitap","8":"pa_yayinevi-platanus-publishing","9":"pa_yazar-tolga-mehmet-aksay","11":"first","12":"instock","13":"sale","14":"shipping-taxable","15":"purchasable","16":"product-type-simple"},"_links":{"self":[{"href":"https:\/\/roveyayinevi.com.tr\/index.php\/wp-json\/wp\/v2\/product\/739876","targetHints":{"allow":["GET"]}}],"collection":[{"href":"https:\/\/roveyayinevi.com.tr\/index.php\/wp-json\/wp\/v2\/product"}],"about":[{"href":"https:\/\/roveyayinevi.com.tr\/index.php\/wp-json\/wp\/v2\/types\/product"}],"wp:attachment":[{"href":"https:\/\/roveyayinevi.com.tr\/index.php\/wp-json\/wp\/v2\/media?parent=739876"}],"wp:term":[{"taxonomy":"product_brand","embeddable":true,"href":"https:\/\/roveyayinevi.com.tr\/index.php\/wp-json\/wp\/v2\/product_brand?post=739876"},{"taxonomy":"product_cat","embeddable":true,"href":"https:\/\/roveyayinevi.com.tr\/index.php\/wp-json\/wp\/v2\/product_cat?post=739876"},{"taxonomy":"product_tag","embeddable":true,"href":"https:\/\/roveyayinevi.com.tr\/index.php\/wp-json\/wp\/v2\/product_tag?post=739876"}],"curies":[{"name":"wp","href":"https:\/\/api.w.org\/{rel}","templated":true}]}}