{"id":739157,"date":"2025-08-28T00:05:15","date_gmt":"2025-08-27T21:05:15","guid":{"rendered":"https:\/\/roveyayinevi.com.tr\/index.php\/urun\/iktidar-beden-propaganda-ve-sinema\/"},"modified":"2026-04-16T02:49:30","modified_gmt":"2026-04-15T23:49:30","slug":"iktidar-beden-propaganda-ve-sinema","status":"publish","type":"product","link":"https:\/\/roveyayinevi.com.tr\/index.php\/urun\/iktidar-beden-propaganda-ve-sinema\/","title":{"rendered":"\u0130ktidar, Beden, Propaganda Ve Sinema"},"content":{"rendered":"<p>Bu kitapta Michel Foucault\u2019nun bilgi-iktidar yakla\u015f\u0131m\u0131 \u00e7er\u00e7evesinde biyo-iktidar\u0131n, 20. Y\u00fczy\u0131lda \u0131rk\u00e7\u0131 rejimlere- \u00f6zellikle Nazizme- nas\u0131l d\u00f6n\u00fc\u015ft\u00fcr\u00fcld\u00fc\u011f\u00fc ve Nazizmin bunu yaparken propaganda belgesellerinden nas\u0131l yararland\u0131\u011f\u0131 ele al\u0131n\u0131yor.   Bu \u00e7er\u00e7evede Leni Riefenstahl\u2019\u0131n \u2018\u0130radenin Zaferi\u2019 ve \u2018Olimpiyat\u2019 belgeselleri \u00e7\u00f6z\u00fcmlenir. Bu iki film, Nazi propagandas\u0131n\u0131n ve esteti\u011finin \u00f6nemli \u00f6zelliklerini yans\u0131t\u0131r. \u00d6zellikle Olimpiyat belgeseli Nazizmin saf \u0131rk, ideal beden anlay\u0131\u015f\u0131 ve tasar\u0131m\u0131 a\u00e7\u0131s\u0131ndan incelenir.<\/p>\n","protected":false},"excerpt":{"rendered":"<p>Bu kitapta Michel Foucault\u2019nun bilgi-iktidar yakla\u015f\u0131m\u0131 \u00e7er\u00e7evesinde biyo-iktidar\u0131n, 20. Y\u00fczy\u0131lda \u0131rk\u00e7\u0131 rejimlere- \u00f6zellikle Nazizme- nas\u0131l d\u00f6n\u00fc\u015ft\u00fcr\u00fcld\u00fc\u011f\u00fc ve Nazizmin bunu yaparken propaganda belgesellerinden nas\u0131l yararland\u0131\u011f\u0131 ele al\u0131n\u0131yor.<span class=\"excerpt-hellip\"> [\u2026]<\/span><\/p>\n","protected":false},"featured_media":0,"template":"","meta":{"_monsterinsights_skip_tracking":false,"_monsterinsights_sitenote_active":false,"_monsterinsights_sitenote_note":"","_monsterinsights_sitenote_category":0},"product_brand":[],"product_cat":[12573,12566],"product_tag":[],"class_list":{"0":"post-739157","1":"product","2":"type-product","3":"status-publish","5":"product_cat-akademik-kitaplar","6":"product_cat-egitim","7":"pa_cilt-ciltsiz","8":"pa_tur-kitap","9":"pa_yayinevi-egiten-kitap","10":"pa_yazar-hakan-yilmaz","12":"first","13":"instock","14":"sale","15":"shipping-taxable","16":"purchasable","17":"product-type-simple"},"_links":{"self":[{"href":"https:\/\/roveyayinevi.com.tr\/index.php\/wp-json\/wp\/v2\/product\/739157","targetHints":{"allow":["GET"]}}],"collection":[{"href":"https:\/\/roveyayinevi.com.tr\/index.php\/wp-json\/wp\/v2\/product"}],"about":[{"href":"https:\/\/roveyayinevi.com.tr\/index.php\/wp-json\/wp\/v2\/types\/product"}],"wp:attachment":[{"href":"https:\/\/roveyayinevi.com.tr\/index.php\/wp-json\/wp\/v2\/media?parent=739157"}],"wp:term":[{"taxonomy":"product_brand","embeddable":true,"href":"https:\/\/roveyayinevi.com.tr\/index.php\/wp-json\/wp\/v2\/product_brand?post=739157"},{"taxonomy":"product_cat","embeddable":true,"href":"https:\/\/roveyayinevi.com.tr\/index.php\/wp-json\/wp\/v2\/product_cat?post=739157"},{"taxonomy":"product_tag","embeddable":true,"href":"https:\/\/roveyayinevi.com.tr\/index.php\/wp-json\/wp\/v2\/product_tag?post=739157"}],"curies":[{"name":"wp","href":"https:\/\/api.w.org\/{rel}","templated":true}]}}