{"id":739148,"date":"2025-08-28T00:05:06","date_gmt":"2025-08-27T21:05:06","guid":{"rendered":"https:\/\/roveyayinevi.com.tr\/index.php\/urun\/siber-terorizm-yeni-bir-teror-tehdidi-ve-riskler\/"},"modified":"2026-04-16T02:49:30","modified_gmt":"2026-04-15T23:49:30","slug":"siber-terorizm-yeni-bir-teror-tehdidi-ve-riskler","status":"publish","type":"product","link":"https:\/\/roveyayinevi.com.tr\/index.php\/urun\/siber-terorizm-yeni-bir-teror-tehdidi-ve-riskler\/","title":{"rendered":"Siber Ter\u00f6rizm- Yeni Bir Ter\u00f6r Tehdidi Ve Riskler"},"content":{"rendered":"<p>S\u0130BER TER\u00d6R\u0130ZM    Hakan FIRAT Siber g\u00fcvenlik, siber uzama y\u00f6nelik risk ve tehditlerin ortan kald\u0131r\u0131lmas\u0131n\u0131 hedefleyen mefhumu ifade eder. Bunlar a\u011f toplumunun kendine \u00f6zg\u00fc riskleridir ve bunlardan en \u00f6nemlisi de ter\u00f6r \u00f6rg\u00fctlerinin ter\u00f6rizm tekniklerinde inovasyon ger\u00e7ekle\u015ftirmesiyle ortaya \u00e7\u0131kabilecek siber ter\u00f6rd\u00fcr. Siber ter\u00f6r, siber uzam\u0131 hedefler ve bunlar siber uzam d\u0131\u015f\u0131nda da sonu\u00e7lara sebebiyet verir. \u00d6rne\u011fin kritik altyap\u0131lar\u0131n i\u015fletim sistemlerine yap\u0131lan sald\u0131r\u0131lar, siber uzamda ger\u00e7ekle\u015fse de hem i\u015fletim sistemlerini bozar hem de siber uzam d\u0131\u015f\u0131ndaki mek\u00e2nlar\u0131 etkiler. Bu anlamda siber ter\u00f6r, a\u011f toplumu i\u00e7in \u00f6nemli bir tehdit haline gelmektedir. \u00c7al\u0131\u015fmada siber ter\u00f6r riskini anlamaya \u00e7al\u0131\u015f\u0131rken a\u011f toplumu ve onun altyap\u0131s\u0131n\u0131 olu\u015fturan sacayaklar\u0131 vurgulanmaya gayret edilmi\u015ftir. \u0130ktisadi ve teknoloji altyap\u0131s\u0131 geli\u015fmi\u015f \u00fclkelerin siber ter\u00f6r a\u00e7\u0131s\u0131ndan risk grubunda oldu\u011fu, iktisadi ve bilgi ve ileti\u015fim teknoloji altyap\u0131s\u0131 a\u00e7\u0131s\u0131ndan yeterince geli\u015fmemi\u015f \u00fclkelerinse siber sald\u0131r\u0131lara kar\u015f\u0131 savunmalar\u0131 gereken bir siber uzamlar\u0131 bulunmad\u0131\u011f\u0131ndan risk grubunda olmad\u0131\u011f\u0131 de\u011ferlendirilmektedir<\/p>\n","protected":false},"excerpt":{"rendered":"<p>S\u0130BER TER\u00d6R\u0130ZM Hakan FIRAT Siber g\u00fcvenlik, siber uzama y\u00f6nelik risk ve tehditlerin ortan kald\u0131r\u0131lmas\u0131n\u0131 hedefleyen mefhumu ifade eder. Bunlar a\u011f toplumunun kendine \u00f6zg\u00fc riskleridir ve bunlardan<span class=\"excerpt-hellip\"> [\u2026]<\/span><\/p>\n","protected":false},"featured_media":0,"template":"","meta":{"_monsterinsights_skip_tracking":false,"_monsterinsights_sitenote_active":false,"_monsterinsights_sitenote_note":"","_monsterinsights_sitenote_category":0},"product_brand":[],"product_cat":[13059,12337],"product_tag":[],"class_list":{"0":"post-739148","1":"product","2":"type-product","3":"status-publish","5":"product_cat-diger-politika-siyaset","6":"product_cat-politika-siyaset","7":"pa_cilt-ciltsiz","8":"pa_tur-kitap","9":"pa_yayinevi-tiav","10":"pa_yazar-hakan-firat","12":"first","13":"instock","14":"sale","15":"shipping-taxable","16":"purchasable","17":"product-type-simple"},"_links":{"self":[{"href":"https:\/\/roveyayinevi.com.tr\/index.php\/wp-json\/wp\/v2\/product\/739148","targetHints":{"allow":["GET"]}}],"collection":[{"href":"https:\/\/roveyayinevi.com.tr\/index.php\/wp-json\/wp\/v2\/product"}],"about":[{"href":"https:\/\/roveyayinevi.com.tr\/index.php\/wp-json\/wp\/v2\/types\/product"}],"wp:attachment":[{"href":"https:\/\/roveyayinevi.com.tr\/index.php\/wp-json\/wp\/v2\/media?parent=739148"}],"wp:term":[{"taxonomy":"product_brand","embeddable":true,"href":"https:\/\/roveyayinevi.com.tr\/index.php\/wp-json\/wp\/v2\/product_brand?post=739148"},{"taxonomy":"product_cat","embeddable":true,"href":"https:\/\/roveyayinevi.com.tr\/index.php\/wp-json\/wp\/v2\/product_cat?post=739148"},{"taxonomy":"product_tag","embeddable":true,"href":"https:\/\/roveyayinevi.com.tr\/index.php\/wp-json\/wp\/v2\/product_tag?post=739148"}],"curies":[{"name":"wp","href":"https:\/\/api.w.org\/{rel}","templated":true}]}}