{"id":739065,"date":"2025-08-28T00:03:30","date_gmt":"2025-08-27T21:03:30","guid":{"rendered":"https:\/\/roveyayinevi.com.tr\/index.php\/urun\/bir-imparatorluk-biyografisi-ihtilaller-caginda-osmanli\/"},"modified":"2026-04-16T02:49:26","modified_gmt":"2026-04-15T23:49:26","slug":"bir-imparatorluk-biyografisi-ihtilaller-caginda-osmanli","status":"publish","type":"product","link":"https:\/\/roveyayinevi.com.tr\/index.php\/urun\/bir-imparatorluk-biyografisi-ihtilaller-caginda-osmanli\/","title":{"rendered":"Bir \u0130mparatorluk Biyografisi \u2013 \u0130htilaller \u00c7a\u011f\u0131nda Osmanl\u0131"},"content":{"rendered":"<p>Osmanl\u0131 \u0130mparatorlu\u011fu\u2019nda 19. y\u00fczy\u0131la girilirken siyasette resmi kurumlar\u0131 ve din ayr\u0131mlar\u0131n\u0131 a\u015fan projeler olu\u015fturmak i\u00e7in aile ve himaye ili\u015fkilerini kullanan bireysel akt\u00f6rlerin \u00f6nemli bir a\u011f\u0131rl\u0131\u011f\u0131 vard\u0131. Bu \u201cuzun y\u00fczy\u0131l\u201d\u0131n ilk otuz y\u0131l\u0131nda imparatorlu\u011fu sarsan ihtilaller s\u00fcrecinde \u20131821\u2019de ba\u015flayan ve 1832\u2019de ba\u011f\u0131ms\u0131zl\u0131kla sonu\u00e7lanan Yunan isyan\u0131; 1826\u2019da yeni\u00e7erili\u011fin kald\u0131r\u0131lmas\u0131 ve bu ortamda M\u0131s\u0131r\u2019da Mehmed Ali Pa\u015fa\u2019n\u0131n ciddi bir tehdit olu\u015fturacak \u015fekilde y\u00fckseli\u015fi\u2013 resmi iktidar ayg\u0131t\u0131n\u0131n d\u0131\u015f\u0131nda kalsalar da s\u00f6z edilen ili\u015fkileri kullanarak Osmanl\u0131 \u201cy\u00f6neti\u015fim\u201d sistemi i\u00e7inde yer alm\u0131\u015f bu akt\u00f6rler de \u00f6nemli roller oynad\u0131lar. \u0130syanlar patlak verince, merkezi devlet su\u00e7lu olarak alg\u0131lad\u0131klar\u0131n\u0131 ve ortaklar\u0131n\u0131 cezaland\u0131rma politikas\u0131n\u0131 benimsedi. Bunu yap\u0131nca, Fenerlilerin ve yeni\u00e7erilerin i\u00e7inde yer ald\u0131klar\u0131 pek \u00e7ok siyaset alan\u0131nda bir g\u00fc\u00e7 bo\u015flu\u011fu ortaya \u00e7\u0131kt\u0131. Osmanl\u0131 devletinin restorasyonu ancak 1830\u2019larda, yeni bir y\u00f6neti\u015fim d\u00fczenlemesiyle sa\u011flanabildi. Bu yeni d\u00fczenlemede B\u00fcy\u00fck G\u00fc\u00e7ler\u2019in a\u011f\u0131rl\u0131\u011f\u0131 giderek daha \u00e7ok hissedilirken, i\u00e7eride de diplomasinin askeri g\u00fc\u00e7 kar\u015f\u0131s\u0131ndaki \u00f6nemi en az\u0131ndan Tanzimat d\u00f6neminin sonuna kadar s\u00fcrekli artt\u0131. Bab\u0131\u00e2li de, devletteki merkezile\u015fme \u00e7er\u00e7evesinde kendi kordiplomati\u011fini yeniden yap\u0131land\u0131r\u0131ncaya kadar, Fenerlilerden yararlanmay\u0131 s\u00fcrd\u00fcrd\u00fc. Christine M. Philliou, Fenerli elitin \u00f6nemli bir \u00fcyesinin, Stefanos Vogoridis\u2019in (1780-1859) mesleki kariyerinin farkl\u0131 a\u015famalar\u0131 \u00fczerinden bu kritik d\u00f6neme \u0131\u015f\u0131k tutarken, bir \u201cFenerli\u201d biyografisini Osmanl\u0131 \u0130mparatorlu\u011fu\u2019nun bu belirleyici de\u011fi\u015fim s\u00fcrecinin anlat\u0131s\u0131na, Bir \u0130mparatorluk Biyografisi \u2019ne d\u00f6n\u00fc\u015ft\u00fcr\u00fcyor. <\/p>\n","protected":false},"excerpt":{"rendered":"<p>Osmanl\u0131 \u0130mparatorlu\u011fu\u2019nda 19. y\u00fczy\u0131la girilirken siyasette resmi kurumlar\u0131 ve din ayr\u0131mlar\u0131n\u0131 a\u015fan projeler olu\u015fturmak i\u00e7in aile ve himaye ili\u015fkilerini kullanan bireysel akt\u00f6rlerin \u00f6nemli bir a\u011f\u0131rl\u0131\u011f\u0131 vard\u0131.<span class=\"excerpt-hellip\"> [\u2026]<\/span><\/p>\n","protected":false},"featured_media":0,"template":"","meta":{"_monsterinsights_skip_tracking":false,"_monsterinsights_sitenote_active":false,"_monsterinsights_sitenote_note":"","_monsterinsights_sitenote_category":0},"product_brand":[],"product_cat":[13517,12304],"product_tag":[],"class_list":{"0":"post-739065","1":"product","2":"type-product","3":"status-publish","5":"product_cat-osmanli-tarihi","6":"product_cat-tarih","7":"pa_cilt-ciltsiz","8":"pa_tur-kitap","9":"pa_yayinevi-is-bankasi-kultur-yayinlari","10":"pa_yazar-christine-m-philliou","12":"first","13":"instock","14":"sale","15":"shipping-taxable","16":"purchasable","17":"product-type-simple"},"_links":{"self":[{"href":"https:\/\/roveyayinevi.com.tr\/index.php\/wp-json\/wp\/v2\/product\/739065","targetHints":{"allow":["GET"]}}],"collection":[{"href":"https:\/\/roveyayinevi.com.tr\/index.php\/wp-json\/wp\/v2\/product"}],"about":[{"href":"https:\/\/roveyayinevi.com.tr\/index.php\/wp-json\/wp\/v2\/types\/product"}],"wp:attachment":[{"href":"https:\/\/roveyayinevi.com.tr\/index.php\/wp-json\/wp\/v2\/media?parent=739065"}],"wp:term":[{"taxonomy":"product_brand","embeddable":true,"href":"https:\/\/roveyayinevi.com.tr\/index.php\/wp-json\/wp\/v2\/product_brand?post=739065"},{"taxonomy":"product_cat","embeddable":true,"href":"https:\/\/roveyayinevi.com.tr\/index.php\/wp-json\/wp\/v2\/product_cat?post=739065"},{"taxonomy":"product_tag","embeddable":true,"href":"https:\/\/roveyayinevi.com.tr\/index.php\/wp-json\/wp\/v2\/product_tag?post=739065"}],"curies":[{"name":"wp","href":"https:\/\/api.w.org\/{rel}","templated":true}]}}