{"id":739037,"date":"2025-08-28T00:02:59","date_gmt":"2025-08-27T21:02:59","guid":{"rendered":"https:\/\/roveyayinevi.com.tr\/index.php\/urun\/genclik-donemi-din-egitimi\/"},"modified":"2026-04-16T02:49:24","modified_gmt":"2026-04-15T23:49:24","slug":"genclik-donemi-din-egitimi","status":"publish","type":"product","link":"https:\/\/roveyayinevi.com.tr\/index.php\/urun\/genclik-donemi-din-egitimi\/","title":{"rendered":"Gen\u00e7lik D\u00f6nemi Din E\u011fitimi"},"content":{"rendered":"<p>Dinin insan i\u00e7in \u00f6nemi ve insan\u0131n hayat\u0131ndaki yeri yads\u0131namaz bir ger\u00e7ekliktir. Dinler insanl\u0131k tarihi incelendi\u011finde hep insan\u0131n hayat\u0131nda \u00f6nemle yer alm\u0131\u015f, onu ve ya\u015fam\u0131n\u0131 pek \u00e7ok a\u00e7\u0131dan etkilemi\u015ftir. Dini inan\u00e7 ve rit\u00fceller insan\u0131n ya\u015fad\u0131\u011f\u0131 her yer ve zamanda insan\u0131n duygu, d\u00fc\u015f\u00fcnce ve davran\u0131\u015flar\u0131n\u0131 y\u00f6nlendirmi\u015f, insan\u0131n ya\u015fam tarz\u0131n\u0131 belirlemede temel hareket noktas\u0131 olmu\u015ftur.   \u0130slam ise \u201cdinler\u201d \u015feklinde ifade etti\u011fimiz genel ifadenin Hak ve Ger\u00e7eklik olan yeg\u00e2ne k\u0131sm\u0131n\u0131n \u0130lah taraf\u0131ndan belirlenen tek ismi olarak insan\u0131n var oldu\u011fu g\u00fcnden bu yana \u00f6ncelikle kendisine inanan kitleler olmak \u00fczere asl\u0131nda t\u00fcm insanl\u0131\u011fa rehberlik etmeye \u00e7al\u0131\u015fan ger\u00e7ek dindir.<\/p>\n","protected":false},"excerpt":{"rendered":"<p>Dinin insan i\u00e7in \u00f6nemi ve insan\u0131n hayat\u0131ndaki yeri yads\u0131namaz bir ger\u00e7ekliktir. Dinler insanl\u0131k tarihi incelendi\u011finde hep insan\u0131n hayat\u0131nda \u00f6nemle yer alm\u0131\u015f, onu ve ya\u015fam\u0131n\u0131 pek \u00e7ok<span class=\"excerpt-hellip\"> [\u2026]<\/span><\/p>\n","protected":false},"featured_media":0,"template":"","meta":{"_monsterinsights_skip_tracking":false,"_monsterinsights_sitenote_active":false,"_monsterinsights_sitenote_note":"","_monsterinsights_sitenote_category":0},"product_brand":[],"product_cat":[12573,12566],"product_tag":[],"class_list":{"0":"post-739037","1":"product","2":"type-product","3":"status-publish","5":"product_cat-akademik-kitaplar","6":"product_cat-egitim","7":"pa_cilt-ciltsiz","8":"pa_tur-kitap","9":"pa_yayinevi-egiten-kitap","10":"pa_yazar-egiten-kitap-kolektif","12":"first","13":"instock","14":"sale","15":"shipping-taxable","16":"purchasable","17":"product-type-simple"},"_links":{"self":[{"href":"https:\/\/roveyayinevi.com.tr\/index.php\/wp-json\/wp\/v2\/product\/739037","targetHints":{"allow":["GET"]}}],"collection":[{"href":"https:\/\/roveyayinevi.com.tr\/index.php\/wp-json\/wp\/v2\/product"}],"about":[{"href":"https:\/\/roveyayinevi.com.tr\/index.php\/wp-json\/wp\/v2\/types\/product"}],"wp:attachment":[{"href":"https:\/\/roveyayinevi.com.tr\/index.php\/wp-json\/wp\/v2\/media?parent=739037"}],"wp:term":[{"taxonomy":"product_brand","embeddable":true,"href":"https:\/\/roveyayinevi.com.tr\/index.php\/wp-json\/wp\/v2\/product_brand?post=739037"},{"taxonomy":"product_cat","embeddable":true,"href":"https:\/\/roveyayinevi.com.tr\/index.php\/wp-json\/wp\/v2\/product_cat?post=739037"},{"taxonomy":"product_tag","embeddable":true,"href":"https:\/\/roveyayinevi.com.tr\/index.php\/wp-json\/wp\/v2\/product_tag?post=739037"}],"curies":[{"name":"wp","href":"https:\/\/api.w.org\/{rel}","templated":true}]}}