{"id":738873,"date":"2025-08-27T23:58:53","date_gmt":"2025-08-27T20:58:53","guid":{"rendered":"https:\/\/roveyayinevi.com.tr\/index.php\/urun\/cehrin-kusatmasi-1678\/"},"modified":"2026-04-16T02:49:14","modified_gmt":"2026-04-15T23:49:14","slug":"cehrin-kusatmasi-1678","status":"publish","type":"product","link":"https:\/\/roveyayinevi.com.tr\/index.php\/urun\/cehrin-kusatmasi-1678\/","title":{"rendered":"\u00c7ehrin Ku\u015fatmas\u0131 1678"},"content":{"rendered":"<p>Asker\u00ee tarih\u00e7i Kahraman \u015eakul, 1683 Viyana Bozgunu\u2019na giden s\u00fcrecin arka plan\u0131n\u0131 anlatmaya, b\u00fcy\u00fck ma\u011flubiyet \u00f6ncesi kazan\u0131lan zaferlerin haritas\u0131n\u0131 \u00e7\u0131karmaya devam ediyor.1678 \u00c7ehrin Ku\u015fatmas\u0131, Osmanl\u0131lar\u0131n Ukrayna\u2019y\u0131 Moskoflara b\u0131rakmamas\u0131n\u0131n hik\u00e2yesi asl\u0131nda. \u015eakul, g\u00fcn\u00fcm\u00fczde yeniden bir sava\u015f alan\u0131 olan Ukrayna\u2019n\u0131n ge\u00e7mi\u015fteki T\u00fcrk seslerini takip ediyor. IV. Mehmed zaman\u0131nda, Merzifonlu Kara Mustafa Pa\u015fa\u2019n\u0131n 1678\u2019de ger\u00e7ekle\u015ftirdi\u011fi ve \u00c7ehrin Kalesi\u2019nin al\u0131nmas\u0131yla neticelenen bu sefer, Osmanl\u0131lar\u0131n Ukrayna bozk\u0131rlar\u0131nda Ruslara kar\u015f\u0131 kazand\u0131klar\u0131 galibiyetin ad\u0131.Kalemiyle askerin \u00e7ad\u0131r\u0131na giren \u015eakul, ordunun insan taraf\u0131na dikkat \u00e7ekiyor. Bu \u00e7al\u0131\u015fmada; tarih, sadece kronolojik tekrarlardan ibaret de\u011fil. Sayfalar\u0131 \u00e7evirdik\u00e7e kararg\u00e2h\u0131n gerilimine, ordunun psikolojisine, baz\u0131 din\u00ee beklentilere yak\u0131ndan tan\u0131kl\u0131k edeceksiniz.Yazar, birbiriyle ilgili anlat\u0131lar\u0131 bir ba\u011flam i\u00e7inde aktar\u0131yor. 1683 II. Viyana Ku\u015fatmas\u0131\u2019n\u0131n replikas\u0131 olan \u00c7ehrin\u2019de g\u00f6vde g\u00f6sterisi yapan Osmanl\u0131 ordusu, ne oldu da be\u015f sene sonra travmatik bir yenilgi ile kar\u015f\u0131la\u015ft\u0131? Kara Mustafa Pa\u015fa\u2019n\u0131n takti\u011fi \u00c7ehrin\u2019de parlak bir galibiyete d\u00f6n\u00fc\u015f\u00fcrken; Viyana\u2019da neden hezimet getirdi? Bu ve benzeri sorular\u0131n cevaplar\u0131n\u0131 bulaca\u011f\u0131n\u0131z, arkeolojik bir titizlikte haz\u0131rlanan eser, d\u00f6nemin kaynaklar\u0131n\u0131, g\u00f6rsel haf\u0131zas\u0131n\u0131, yal\u0131n ve ak\u0131c\u0131 bir \u00fcsluplu okura sunuyor.Kitapta ge\u00e7en \u015fu c\u00fcmlenin pe\u015finde ge\u00e7mi\u015fin ge\u00e7ip gitmedi\u011fine, g\u00fcncelli\u011fini her daim muhafaza etti\u011fine \u015fahit olacaks\u0131n\u0131z: \u201cIV. Mehmed, Moskoflar\u0131n \u2018Ukrayna m\u00fclk\u00fc\u2019 \u00c7ehrin\u2019i i\u015fgal etmelerini kar\u015f\u0131l\u0131ks\u0131z b\u0131rakmayaca\u011f\u0131n\u0131 ilan ediyordu.\u201dKahraman \u015eakul, 1663 Uyvar Ku\u015fatmas\u0131, 1672 Kamani\u00e7e Ku\u015fatmas\u0131 \u00e7al\u0131\u015fmalar\u0131n\u0131n ard\u0131ndan \u201cG\u00f6rsel Osmanl\u0131 Sava\u015f Tarihi\u201d koleksiyonuna bir yenisi daha ekliyor: 1678 \u00c7ehrin Ku\u015fatmas\u0131!<\/p>\n","protected":false},"excerpt":{"rendered":"<p>Asker\u00ee tarih\u00e7i Kahraman \u015eakul, 1683 Viyana Bozgunu\u2019na giden s\u00fcrecin arka plan\u0131n\u0131 anlatmaya, b\u00fcy\u00fck ma\u011flubiyet \u00f6ncesi kazan\u0131lan zaferlerin haritas\u0131n\u0131 \u00e7\u0131karmaya devam ediyor.1678 \u00c7ehrin Ku\u015fatmas\u0131, Osmanl\u0131lar\u0131n Ukrayna\u2019y\u0131 Moskoflara<span class=\"excerpt-hellip\"> [\u2026]<\/span><\/p>\n","protected":false},"featured_media":0,"template":"","meta":{"_monsterinsights_skip_tracking":false,"_monsterinsights_sitenote_active":false,"_monsterinsights_sitenote_note":"","_monsterinsights_sitenote_category":0},"product_brand":[],"product_cat":[12370,12304],"product_tag":[],"class_list":{"0":"post-738873","1":"product","2":"type-product","3":"status-publish","5":"product_cat-arastirma-inceleme","6":"product_cat-tarih","7":"pa_cilt-ciltsiz","8":"pa_tur-kitap","9":"pa_yayinevi-timas-yayinlari","10":"pa_yazar-kahraman-sakul","12":"first","13":"instock","14":"sale","15":"shipping-taxable","16":"purchasable","17":"product-type-simple"},"_links":{"self":[{"href":"https:\/\/roveyayinevi.com.tr\/index.php\/wp-json\/wp\/v2\/product\/738873","targetHints":{"allow":["GET"]}}],"collection":[{"href":"https:\/\/roveyayinevi.com.tr\/index.php\/wp-json\/wp\/v2\/product"}],"about":[{"href":"https:\/\/roveyayinevi.com.tr\/index.php\/wp-json\/wp\/v2\/types\/product"}],"wp:attachment":[{"href":"https:\/\/roveyayinevi.com.tr\/index.php\/wp-json\/wp\/v2\/media?parent=738873"}],"wp:term":[{"taxonomy":"product_brand","embeddable":true,"href":"https:\/\/roveyayinevi.com.tr\/index.php\/wp-json\/wp\/v2\/product_brand?post=738873"},{"taxonomy":"product_cat","embeddable":true,"href":"https:\/\/roveyayinevi.com.tr\/index.php\/wp-json\/wp\/v2\/product_cat?post=738873"},{"taxonomy":"product_tag","embeddable":true,"href":"https:\/\/roveyayinevi.com.tr\/index.php\/wp-json\/wp\/v2\/product_tag?post=738873"}],"curies":[{"name":"wp","href":"https:\/\/api.w.org\/{rel}","templated":true}]}}