{"id":738751,"date":"2025-08-27T23:56:13","date_gmt":"2025-08-27T20:56:13","guid":{"rendered":"https:\/\/roveyayinevi.com.tr\/index.php\/urun\/1972-mesaleyi-yakanlarin-oykusu\/"},"modified":"2026-04-16T02:48:53","modified_gmt":"2026-04-15T23:48:53","slug":"1972-mesaleyi-yakanlarin-oykusu","status":"publish","type":"product","link":"https:\/\/roveyayinevi.com.tr\/index.php\/urun\/1972-mesaleyi-yakanlarin-oykusu\/","title":{"rendered":"1972 Me\u015faleyi Yakanlar\u0131n \u00d6yk\u00fcs\u00fc"},"content":{"rendered":"<p>\u0130\u00c7ER\u0130K TANITIM (Arka Kapak) Anlat\u0131lan, yaln\u0131z ge\u00e7mi\u015fin de\u011fil, bug\u00fcn\u00fcn ve yar\u0131n\u0131n da \u00f6yk\u00fcs\u00fcd\u00fcr. Ad\u0131n\u0131 ta\u015f\u0131yan \u00e7ocuklar\u0131n dahi, isimlerinin ger\u00e7ek sahiplerini yeterince tan\u0131mad\u0131klar\u0131 bir \u00fclkede, ya\u015fananlar\u0131n bir hayalden ibaret olmad\u0131\u011f\u0131n\u0131 gelece\u011fe aktarma \u00e7abas\u0131d\u0131r. Sanat\u00e7\u0131 Burhan Kum, d\u00fcnyada b\u00fcy\u00fck yank\u0131lar uyand\u0131ran, \u00fclkemizde de toplumsal m\u00fccadelenin tarihini derinden etkilemi\u015f bir d\u00f6nemin kahramanlar\u0131n\u0131 yeniden an\u0131msat\u0131rken, belle\u011fin ya\u011fmalanmas\u0131na da itiraz ediyor. \u201c1972 &#8211; Me\u015faleyi Yakanlar\u0131n \u00d6yk\u00fcs\u00fc\u201d, Dolmabah\u00e7e\u2019den ODT\u00dc\u2019ye, Nurhak\u2019tan K\u0131z\u0131ldere\u2019ye uzanan, tarihi belgelere ve tan\u0131kl\u0131klara dayanan titiz bir \u00e7al\u0131\u015fman\u0131n \u00fcr\u00fcn\u00fc&#8230; Eserin bir ba\u015fka \u00e7arp\u0131c\u0131 y\u00f6n\u00fc de 68\u2019in \u00f6zlemini, sorgulamaya ve de\u011fi\u015ftirmeye \u00e7al\u0131\u015fan refleksini, Gezi\u2019nin gen\u00e7leri ve Z Ku\u015fa\u011f\u0131\u2019yla bulu\u015fturarak me\u015falenin h\u00e2l\u00e2 yanmakta oldu\u011funu vurgulamas\u0131. En \u00e7ok da bu y\u00fczden, anlat\u0131lan, yaln\u0131z ge\u00e7mi\u015fin de\u011fil, bug\u00fcn\u00fcn ve yar\u0131n\u0131n da \u00f6yk\u00fcs\u00fcd\u00fcr. BURHAN KUM 1962 y\u0131l\u0131nda \u0130stanbul\u2019da do\u011fdu. Dar\u00fc\u015f\u015fafaka Lisesi\u2019nin ard\u0131ndan \u0130T\u00dc Elektronik B\u00f6l\u00fcm\u00fc\u2019ne girdi. E\u011fitimini yar\u0131da b\u0131rakarak 1983 y\u0131l\u0131nda ka\u00e7ak olarak Hollanda\u2019ya gitti. 1984\u2019de Den Bosch Kraliyet G\u00fczel Sanatlar Akademisi Resim B\u00f6l\u00fcm\u00fc, 1986\u2019da Amsterdam Rietveld Akademisi G\u00f6rsel \u0130leti\u015fim B\u00f6l\u00fcm\u00fc\u2019ne girdi. 1989 y\u0131l\u0131nda Den Bosch Akademisi Resim B\u00f6l\u00fcm\u00fc\u2019nden mezun oldu. \u0130lk sergisini 1991 y\u0131l\u0131nda Azerbaycan, Bak\u00fc\u2019de a\u00e7t\u0131. 1995\u2019de Antalya\u2019ya ta\u015f\u0131nd\u0131. 1998 y\u0131l\u0131ndan g\u00fcn\u00fcm\u00fcze dek on be\u015f ki\u015fisel sergi a\u00e7t\u0131, \u00e7e\u015fitli dergilerde makaleler yay\u0131nlad\u0131. 2006-2019 y\u0131llar\u0131 aras\u0131nda, aral\u0131klarla alt\u0131 y\u0131l Akdeniz \u00dcniversitesi GSF\u2019de \u201cKar\u015f\u0131la\u015ft\u0131rmal\u0131 Resim\u201d dersleri verdi. 2019 y\u0131l\u0131nda 1984 Yay\u0131nlar\u0131\u2019ndan Gentile Bellini\u2019nin Resimli Konstantiniyye G\u00fcnl\u00fc\u011f\u00fc adl\u0131 \u00e7izgi roman\u0131 \u00e7\u0131kt\u0131. At\u00f6lyesi Antalya\u2019dad\u0131r.   Kullan\u0131lan Reklam Mecralar\u0131: Sosyal Medya ve Gazete\/Dergiler <\/p>\n","protected":false},"excerpt":{"rendered":"<p>\u0130\u00c7ER\u0130K TANITIM (Arka Kapak) Anlat\u0131lan, yaln\u0131z ge\u00e7mi\u015fin de\u011fil, bug\u00fcn\u00fcn ve yar\u0131n\u0131n da \u00f6yk\u00fcs\u00fcd\u00fcr. Ad\u0131n\u0131 ta\u015f\u0131yan \u00e7ocuklar\u0131n dahi, isimlerinin ger\u00e7ek sahiplerini yeterince tan\u0131mad\u0131klar\u0131 bir \u00fclkede, ya\u015fananlar\u0131n bir<span class=\"excerpt-hellip\"> [\u2026]<\/span><\/p>\n","protected":false},"featured_media":0,"template":"","meta":{"_monsterinsights_skip_tracking":false,"_monsterinsights_sitenote_active":false,"_monsterinsights_sitenote_note":"","_monsterinsights_sitenote_category":0},"product_brand":[],"product_cat":[12304,14128],"product_tag":[],"class_list":{"0":"post-738751","1":"product","2":"type-product","3":"status-publish","5":"product_cat-tarih","6":"product_cat-yakin-tarih","7":"pa_cilt-ciltsiz","8":"pa_tur-kitap","9":"pa_yayinevi-ayrinti-yayinlari","10":"pa_yazar-burhan-kum","12":"first","13":"instock","14":"sale","15":"shipping-taxable","16":"purchasable","17":"product-type-simple"},"_links":{"self":[{"href":"https:\/\/roveyayinevi.com.tr\/index.php\/wp-json\/wp\/v2\/product\/738751","targetHints":{"allow":["GET"]}}],"collection":[{"href":"https:\/\/roveyayinevi.com.tr\/index.php\/wp-json\/wp\/v2\/product"}],"about":[{"href":"https:\/\/roveyayinevi.com.tr\/index.php\/wp-json\/wp\/v2\/types\/product"}],"wp:attachment":[{"href":"https:\/\/roveyayinevi.com.tr\/index.php\/wp-json\/wp\/v2\/media?parent=738751"}],"wp:term":[{"taxonomy":"product_brand","embeddable":true,"href":"https:\/\/roveyayinevi.com.tr\/index.php\/wp-json\/wp\/v2\/product_brand?post=738751"},{"taxonomy":"product_cat","embeddable":true,"href":"https:\/\/roveyayinevi.com.tr\/index.php\/wp-json\/wp\/v2\/product_cat?post=738751"},{"taxonomy":"product_tag","embeddable":true,"href":"https:\/\/roveyayinevi.com.tr\/index.php\/wp-json\/wp\/v2\/product_tag?post=738751"}],"curies":[{"name":"wp","href":"https:\/\/api.w.org\/{rel}","templated":true}]}}