{"id":738726,"date":"2025-08-27T23:55:53","date_gmt":"2025-08-27T20:55:53","guid":{"rendered":"https:\/\/roveyayinevi.com.tr\/index.php\/urun\/safvet-pasa\/"},"modified":"2026-04-16T02:48:52","modified_gmt":"2026-04-15T23:48:52","slug":"safvet-pasa","status":"publish","type":"product","link":"https:\/\/roveyayinevi.com.tr\/index.php\/urun\/safvet-pasa\/","title":{"rendered":"Safvet Pa\u015fa"},"content":{"rendered":"<p>&#8220;\u0130\u015fitti\u011finiz \u015fu top sesleri bu andan itibaren b\u00fct\u00fcn Memalik-i Osmaniyye&#8217;de Kanun-\u0131 Esasi&#8217;nin ilan edildi\u011fini haber veriyor. Art\u0131k Osmanl\u0131 Devleti de Me\u015frutiyet&#8217;le iadere edilen devletler z\u00fcmresine dahil olmu\u015ftur. \u0130dare-i me\u015fruta tekmil akvam-\u0131 muhtelif-i Osmaniyye&#8217;nin h\u00fcrriyet-i \u015fahsiyyelerine kefil bulundu\u011fundan bu ink\u0131lab-\u0131 m\u00fchimme kar\u015f\u0131s\u0131nda sizlerin yapaca\u011f\u0131n\u0131z \u0131slahat teklifleri l\u00fczumsuz ve i\u00e7tima\u0131m\u0131z zait olur&#8221;Tersane Konferans\u0131 S\u0131ras\u0131ndaSafvet Pa\u015fa, Osmanl\u0131 Devleti&#8217;nin en buhranl\u0131 d\u00f6neminde d\u00f6rt padi\u015fahla \u00e7al\u0131\u015fan ve bilhassa d\u0131\u015f siyasetindeki vukufu ile dikkat \u00e7eken g\u00fcvenilir bir devlet adam\u0131yd\u0131. \u0130darenin ve maarifin Avrupai bir tarzda haz\u0131rlanmas\u0131 gerekti\u011fine inanmaktayd\u0131. Bu ama\u00e7la Maarif Nezareti g\u00f6revinde iken &#8220;Maarif-i Umumiye Nizamnamesi&#8221;ni haz\u0131rlad\u0131 ve Osmanl\u0131 e\u011fitim sistemindeki k\u00f6kl\u00fc de\u011fi\u015fiklikleri ba\u015flatm\u0131\u015f oldu. Ayn\u0131 \u015fekilde &#8220;Kanun-i Esasi&#8221; haz\u0131rlan\u0131rken kendisinden taslak istenmi\u015f; O da 130 maddelik bir taslak haz\u0131rlam\u0131\u015f ve kabul edilen metin \u00fczerine etkisi b\u00fcy\u00fck olmu\u015ftur.Balkan isyanlar\u0131 s\u0131ras\u0131ndaki siyasi g\u00f6r\u00fc\u015fmelerde, Tersane Konferas\u0131&#8217;nda ve Ayastefanos Antla\u015fmas\u0131&#8217;nda devleti temsil etmi\u015ftir. Berlin Antla\u015fmas\u0131 daha \u00f6nce kararla\u015ft\u0131r\u0131lm\u0131\u015f olmakla beraber kendisinin Sadareti d\u00f6neminde y\u00fcr\u00fcrl\u00fc\u011fe girmi\u015f ve K\u0131br\u0131s yine bu s\u0131rada \u0130ngilizlere verilmi\u015ftir. Ayastefanos Antla\u015fmas\u0131&#8217;n\u0131 getirdi\u011fi a\u011f\u0131r h\u00fck\u00fcmlerinden \u00f6t\u00fcr\u00fc g\u00f6zya\u015flar\u0131 i\u00e7in imzalam\u0131\u015f oldu\u011fu bilinmektedir.Safvet Pa\u015fa, resmi i\u015flerinde gayet ciddi ve vakur, \u00f6zel meclislerde ise \u00e7ok n\u00fcktedan bir insand\u0131. G\u00fczel s\u00f6zler s\u00f6ylerdi. Uzun s\u00fcre y\u00fcksek g\u00f6revlerde bulunmas\u0131na ra\u011fmen emsalleri gibi zenginle\u015fmeyen namuslu, g\u00fcvenilir bir devlet adam\u0131 idi..<\/p>\n","protected":false},"excerpt":{"rendered":"<p>&#8220;\u0130\u015fitti\u011finiz \u015fu top sesleri bu andan itibaren b\u00fct\u00fcn Memalik-i Osmaniyye&#8217;de Kanun-\u0131 Esasi&#8217;nin ilan edildi\u011fini haber veriyor. Art\u0131k Osmanl\u0131 Devleti de Me\u015frutiyet&#8217;le iadere edilen devletler z\u00fcmresine dahil<span class=\"excerpt-hellip\"> [\u2026]<\/span><\/p>\n","protected":false},"featured_media":0,"template":"","meta":{"_monsterinsights_skip_tracking":false,"_monsterinsights_sitenote_active":false,"_monsterinsights_sitenote_note":"","_monsterinsights_sitenote_category":0},"product_brand":[],"product_cat":[14009,12291],"product_tag":[],"class_list":{"0":"post-738726","1":"product","2":"type-product","3":"status-publish","5":"product_cat-biyografi-otobiyografi-edebiyat","6":"product_cat-edebiyat","7":"pa_cilt-ciltsiz","8":"pa_tur-kitap","9":"pa_yayinevi-divan-kitap","10":"pa_yazar-mehmet-zeki-pakalin","12":"first","13":"instock","14":"sale","15":"shipping-taxable","16":"purchasable","17":"product-type-simple"},"_links":{"self":[{"href":"https:\/\/roveyayinevi.com.tr\/index.php\/wp-json\/wp\/v2\/product\/738726","targetHints":{"allow":["GET"]}}],"collection":[{"href":"https:\/\/roveyayinevi.com.tr\/index.php\/wp-json\/wp\/v2\/product"}],"about":[{"href":"https:\/\/roveyayinevi.com.tr\/index.php\/wp-json\/wp\/v2\/types\/product"}],"wp:attachment":[{"href":"https:\/\/roveyayinevi.com.tr\/index.php\/wp-json\/wp\/v2\/media?parent=738726"}],"wp:term":[{"taxonomy":"product_brand","embeddable":true,"href":"https:\/\/roveyayinevi.com.tr\/index.php\/wp-json\/wp\/v2\/product_brand?post=738726"},{"taxonomy":"product_cat","embeddable":true,"href":"https:\/\/roveyayinevi.com.tr\/index.php\/wp-json\/wp\/v2\/product_cat?post=738726"},{"taxonomy":"product_tag","embeddable":true,"href":"https:\/\/roveyayinevi.com.tr\/index.php\/wp-json\/wp\/v2\/product_tag?post=738726"}],"curies":[{"name":"wp","href":"https:\/\/api.w.org\/{rel}","templated":true}]}}