{"id":738687,"date":"2025-08-27T23:55:16","date_gmt":"2025-08-27T20:55:16","guid":{"rendered":"https:\/\/roveyayinevi.com.tr\/index.php\/urun\/cocuklar-icin-odullu-oyku-kitaplari-elma-agaci-serisi-10-kitap-takim\/"},"modified":"2026-04-16T02:48:50","modified_gmt":"2026-04-15T23:48:50","slug":"cocuklar-icin-odullu-oyku-kitaplari-elma-agaci-serisi-10-kitap-takim","status":"publish","type":"product","link":"https:\/\/roveyayinevi.com.tr\/index.php\/urun\/cocuklar-icin-odullu-oyku-kitaplari-elma-agaci-serisi-10-kitap-takim\/","title":{"rendered":"\u00c7ocuklar \u0130\u00e7in \u00d6d\u00fcll\u00fc \u00d6yk\u00fc Kitaplar\u0131-Elma A\u011fac\u0131 Serisi-10 Kitap Tak\u0131m"},"content":{"rendered":"<p>\u00c7ocuklar i\u00e7in \u00f6d\u00fcll\u00fc \u00f6yk\u00fc kitaplar\u0131 serisi 10\u2019ar kitapl\u0131k 3 setten olu\u015fmaktad\u0131r. Seride, ba\u015fta Bologna \u00c7ocuk Kitaplar\u0131 Fuar\u0131 olmak \u00fczere, bir\u00e7ok uluslararas\u0131 kitap fuar\u0131nda \u00f6d\u00fcl alm\u0131\u015f kitaplar bulunmaktad\u0131r. Kitaplarda yer alan resimler ve \u00e7izimler, \u00e7ocuklar\u0131n g\u00f6rsel haf\u0131zalar\u0131n\u0131 ve analitik zekalar\u0131n\u0131 geli\u015ftirmeye yard\u0131mc\u0131d\u0131r. \u00c7ocuklar\u0131n okuma prati\u011fini geli\u015ftirmede de yard\u0131mc\u0131 olmas\u0131 a\u00e7\u0131s\u0131ndan, serideki kitaplar d\u00fcz yaz\u0131 ile haz\u0131rlanm\u0131\u015ft\u0131r. Her y\u0131l yeni kitaplar eklenmekte ve olu\u015fan yeni setlerle \u00f6d\u00fcll\u00fc \u00e7ocuk kitaplar\u0131 serisi daha da zenginle\u015fmektedir.Bir A\u015fa\u011f\u0131 Bir Yukar\u0131 &#8211; Ku\u0308\u00e7u\u0308k Maymun kaybolmu\u015ftu. Asl\u0131nda ona \u00f6yle geliyordu \u00e7u\u0308nku\u0308 bugu\u0308ne kadar hat\u0131rlad\u0131\u011f\u0131 tek \u015fey, hep yaln\u0131z ve du\u0308nyadan kopuk hissetti\u011fiydi.Bir Dilek &#8211; Elma a\u011fac\u0131 hafiflemi\u015fti ve o s\u0131cak \u00f6\u011fleden sonra yava\u015f\u00e7a uykuya dald\u0131. Uykuya dalarken bile \u201ca\u011fa\u00e7lar da u\u00e7abilseydi ne gu\u0308zel olurdu\u201d diye du\u0308\u015fu\u0308nu\u0308yordu.G\u00f6lge &#8211; G\u00f6lge bir f\u0131s\u0131lt\u0131 duyar gibi oldu ama ne s\u00f6ylendi\u011fini tamanlayamad\u0131. \u201cEn az\u0131ndan Hi\u00e7bir \u015fey, hi\u00e7bir \u015feydir. Ben hi\u00e7bir \u015fey bile de\u011filim.\u201d dedi.Karanl\u0131ktaki G\u00f6lge &#8211; Okuldaki bu\u0308tu\u0308n \u00e7ocuklar onunla dalga ge\u00e7iyordu. Ku\u0308.u\u0308k korkak bir fare gibi, her tu\u0308r sesten korktu\u011fu ve sakland\u0131\u011f\u0131 i\u00e7in ona \u201cKu\u0308\u00e7u\u0308k Fare\u201d ismini takm\u0131\u015flard\u0131.K\u0131rm\u0131z\u0131 Anne ile Ye\u015fil Baba &#8211; Gu\u0308ne\u015f do\u011funca, K\u0131rm\u0131z\u0131 Anne uyand\u0131 ve \u201cMerhaba, gu\u0308nayd\u0131n sevgili Ye\u015fil.\u201d dedi.Senin \u0130\u00e7in &#8211; \u201cDilek dilerken ge\u00e7mi\u015fe de\u011fil gelece\u011fe gitmeyi dilemi\u015ftim.\u201d \u201cH\u0131mm&#8230; Asl\u0131nda ben de\u2026\u201dSeslerle Oynad\u0131\u011f\u0131m Oyum &#8211; Seslerle nas\u0131l oynad\u0131\u011f\u0131m\u0131 biliyor musun? \u0130\u015fte \u015f\u00f6yle yap\u0131yorum: \u00d6nce etraf\u0131mdaki sesleri dikkatlice dinliyorum, sonra da duydu\u011fum sesleri taklit ediyorum.\u015ea\u015fk\u0131n Ku\u015f &#8211; K\u0131rm\u0131z\u0131 balina, a\u011fz\u0131yla mavi balinan\u0131n kuyru\u011funu yakalad\u0131 ve onu h\u0131zl\u0131ca sallad\u0131. Mavi balina kuyru\u011fundan ba\u015f\u0131na kadar sars\u0131ld\u0131. Birden mavi balinan\u0131n burnundan bir ku\u015f f\u0131rlay\u0131p u\u00e7tu.Uyku Vakti &#8211; Ben annenim. Ninniler s\u00f6ylerim, \u015fak\u0131yarak. Uyuman\u0131 sa\u011flar\u0131m, nazik\u00e7e.Ye\u015fil Pantolon ve Mort Ti\u015f\u00f6rt &#8211; Ye\u015fil pantolonum, kendisinin mor ti\u015f\u00f6rtu\u0308mle hi\u00e7 uyumlu olamayaca\u011f\u0131n\u0131 du\u0308\u015fu\u0308nu\u0308yordu.(Tan\u0131t\u0131m B\u00fclteninden)<\/p>\n","protected":false},"excerpt":{"rendered":"<p>\u00c7ocuklar i\u00e7in \u00f6d\u00fcll\u00fc \u00f6yk\u00fc kitaplar\u0131 serisi 10\u2019ar kitapl\u0131k 3 setten olu\u015fmaktad\u0131r. Seride, ba\u015fta Bologna \u00c7ocuk Kitaplar\u0131 Fuar\u0131 olmak \u00fczere, bir\u00e7ok uluslararas\u0131 kitap fuar\u0131nda \u00f6d\u00fcl alm\u0131\u015f kitaplar<span class=\"excerpt-hellip\"> [\u2026]<\/span><\/p>\n","protected":false},"featured_media":0,"template":"","meta":{"_monsterinsights_skip_tracking":false,"_monsterinsights_sitenote_active":false,"_monsterinsights_sitenote_note":"","_monsterinsights_sitenote_category":0},"product_brand":[],"product_cat":[12274,12284],"product_tag":[],"class_list":{"0":"post-738687","1":"product","2":"type-product","3":"status-publish","5":"product_cat-cocuk-ve-genclik-kitaplari","6":"product_cat-hikayeler","7":"pa_cilt-ciltsiz","8":"pa_tur-kitap","9":"pa_yayinevi-odtu-gelistirme-vakfi-yayincilik","10":"pa_yazar-kolektif","12":"first","13":"instock","14":"sale","15":"shipping-taxable","16":"purchasable","17":"product-type-simple"},"_links":{"self":[{"href":"https:\/\/roveyayinevi.com.tr\/index.php\/wp-json\/wp\/v2\/product\/738687","targetHints":{"allow":["GET"]}}],"collection":[{"href":"https:\/\/roveyayinevi.com.tr\/index.php\/wp-json\/wp\/v2\/product"}],"about":[{"href":"https:\/\/roveyayinevi.com.tr\/index.php\/wp-json\/wp\/v2\/types\/product"}],"wp:attachment":[{"href":"https:\/\/roveyayinevi.com.tr\/index.php\/wp-json\/wp\/v2\/media?parent=738687"}],"wp:term":[{"taxonomy":"product_brand","embeddable":true,"href":"https:\/\/roveyayinevi.com.tr\/index.php\/wp-json\/wp\/v2\/product_brand?post=738687"},{"taxonomy":"product_cat","embeddable":true,"href":"https:\/\/roveyayinevi.com.tr\/index.php\/wp-json\/wp\/v2\/product_cat?post=738687"},{"taxonomy":"product_tag","embeddable":true,"href":"https:\/\/roveyayinevi.com.tr\/index.php\/wp-json\/wp\/v2\/product_tag?post=738687"}],"curies":[{"name":"wp","href":"https:\/\/api.w.org\/{rel}","templated":true}]}}