{"id":738540,"date":"2025-08-27T23:51:59","date_gmt":"2025-08-27T20:51:59","guid":{"rendered":"https:\/\/roveyayinevi.com.tr\/index.php\/urun\/akil-ve-toplumun-ozgurlesimi\/"},"modified":"2026-04-16T02:48:45","modified_gmt":"2026-04-15T23:48:45","slug":"akil-ve-toplumun-ozgurlesimi","status":"publish","type":"product","link":"https:\/\/roveyayinevi.com.tr\/index.php\/urun\/akil-ve-toplumun-ozgurlesimi\/","title":{"rendered":"Ak\u0131l ve Toplumun \u00d6zg\u00fcrle\u015fimi"},"content":{"rendered":"<p>G\u00fcn\u00fcm\u00fcz\u00fcn en b\u00fcy\u00fck filozof ve d\u00fc\u015f\u00fcn\u00fcrlerinden J\u00fcrgen Habermas\u2019\u0131n epistemolojiyi sosyal bir teori olarak kurma \u00e7abas\u0131ndan kalkarak Ak\u0131l ve Toplumun \u00d6zg\u00fcrle\u015fimi, ele\u015ftirel bir bilgi teorisinin tarih\u00ee ve sosyal temellerine uzanan bir dikkatle, Habermas\u2019\u0131n entelekt\u00fcel birikimini, en az\u0131ndan ilk d\u00f6nemdeki eserleriyle, bor\u00e7lu oldu\u011fu Frankfurt Okulu\u2019nun fikr\u00ee verimiyle bulu\u015fturmay\u0131 deniyor.   Kitab\u0131n ay\u0131rt edici bir \u00f6zelli\u011fi de, ele\u015ftirel bir bilgi teorisinin, sosyal bir teoriyle ba\u011f\u0131n\u0131n vazge\u00e7ilmezli\u011fine y\u00f6nelik vurgu. Bilgiyle d\u00fcnya aras\u0131nda kurulan ili\u015fkinin verili tahakk\u00fcm ili\u015fkilerini dikkate alma mecburiyetine odaklanan bir tutumu savunan kitap, bilgiyi \u201canlam\u201d ve \u201ci\u015flev\u201d ikilisine indirgeyen yakla\u015f\u0131mlar\u0131n d\u0131\u015f\u0131na \u00e7\u0131kmay\u0131 ama\u00e7lamakta. <\/p>\n","protected":false},"excerpt":{"rendered":"<p>G\u00fcn\u00fcm\u00fcz\u00fcn en b\u00fcy\u00fck filozof ve d\u00fc\u015f\u00fcn\u00fcrlerinden J\u00fcrgen Habermas\u2019\u0131n epistemolojiyi sosyal bir teori olarak kurma \u00e7abas\u0131ndan kalkarak Ak\u0131l ve Toplumun \u00d6zg\u00fcrle\u015fimi, ele\u015ftirel bir bilgi teorisinin tarih\u00ee ve<span class=\"excerpt-hellip\"> [\u2026]<\/span><\/p>\n","protected":false},"featured_media":0,"template":"","meta":{"_monsterinsights_skip_tracking":false,"_monsterinsights_sitenote_active":false,"_monsterinsights_sitenote_note":"","_monsterinsights_sitenote_category":0},"product_brand":[],"product_cat":[12351,12324],"product_tag":[],"class_list":{"0":"post-738540","1":"product","2":"type-product","3":"status-publish","5":"product_cat-siyaset-sosyolojisi","6":"product_cat-sosyoloji","7":"pa_cilt-ciltsiz","8":"pa_tur-kitap","9":"pa_yayinevi-vulgus-yayinlari","10":"pa_yazar-ahmet-cigdem","12":"first","13":"instock","14":"sale","15":"shipping-taxable","16":"purchasable","17":"product-type-simple"},"_links":{"self":[{"href":"https:\/\/roveyayinevi.com.tr\/index.php\/wp-json\/wp\/v2\/product\/738540","targetHints":{"allow":["GET"]}}],"collection":[{"href":"https:\/\/roveyayinevi.com.tr\/index.php\/wp-json\/wp\/v2\/product"}],"about":[{"href":"https:\/\/roveyayinevi.com.tr\/index.php\/wp-json\/wp\/v2\/types\/product"}],"wp:attachment":[{"href":"https:\/\/roveyayinevi.com.tr\/index.php\/wp-json\/wp\/v2\/media?parent=738540"}],"wp:term":[{"taxonomy":"product_brand","embeddable":true,"href":"https:\/\/roveyayinevi.com.tr\/index.php\/wp-json\/wp\/v2\/product_brand?post=738540"},{"taxonomy":"product_cat","embeddable":true,"href":"https:\/\/roveyayinevi.com.tr\/index.php\/wp-json\/wp\/v2\/product_cat?post=738540"},{"taxonomy":"product_tag","embeddable":true,"href":"https:\/\/roveyayinevi.com.tr\/index.php\/wp-json\/wp\/v2\/product_tag?post=738540"}],"curies":[{"name":"wp","href":"https:\/\/api.w.org\/{rel}","templated":true}]}}