{"id":738537,"date":"2025-08-27T23:51:56","date_gmt":"2025-08-27T20:51:56","guid":{"rendered":"https:\/\/roveyayinevi.com.tr\/index.php\/urun\/bir-imkan-olarak-modernite-weber-ve-habermas\/"},"modified":"2026-04-16T02:48:45","modified_gmt":"2026-04-15T23:48:45","slug":"bir-imkan-olarak-modernite-weber-ve-habermas","status":"publish","type":"product","link":"https:\/\/roveyayinevi.com.tr\/index.php\/urun\/bir-imkan-olarak-modernite-weber-ve-habermas\/","title":{"rendered":"Bir \u0130mkan Olarak Modernite- Weber ve Habermas"},"content":{"rendered":"<p>Bir \u0130mk\u00e2n Olarak Modernite, iki bak\u0131mdan T\u00fcrk\u00e7e literat\u00fcre \u00f6nemli bir katk\u0131 sunmaktad\u0131r. \u0130lkin, modernitenin bir idea ve s\u00fcre\u00e7 olarak sosyal teori ve sosyoloji disiplinleri i\u00e7erisinde nas\u0131l kavramsalla\u015ft\u0131r\u0131ld\u0131\u011f\u0131n\u0131 incelemekte, sonra da bu edimin Weber ve Habermas\u2019\u0131n ki\u015fili\u011finde tarihsel ve \u00e7a\u011fda\u015f tasvirlerinin y\u00f6neldi\u011fi u\u011fraklar\u0131 \u00f6ne \u00e7\u0131karmaktad\u0131r.   80\u2019li y\u0131llardan itibaren sadece akademik s\u00f6ylemin de\u011fil, g\u00fcndelik ve politik s\u00f6ylemin de ba\u015fat bir temas\u0131 olagelen modernite kavram\u0131n\u0131n tarihsel arka plan\u0131n\u0131n da de\u011ferlendirildi\u011fi bu \u00e7al\u0131\u015fma, g\u00fcn\u00fcm\u00fczdeki tart\u0131\u015fmalara da \u0131\u015f\u0131k tutabilme \u00f6zelli\u011fine sahiptir. <\/p>\n","protected":false},"excerpt":{"rendered":"<p>Bir \u0130mk\u00e2n Olarak Modernite, iki bak\u0131mdan T\u00fcrk\u00e7e literat\u00fcre \u00f6nemli bir katk\u0131 sunmaktad\u0131r. \u0130lkin, modernitenin bir idea ve s\u00fcre\u00e7 olarak sosyal teori ve sosyoloji disiplinleri i\u00e7erisinde nas\u0131l<span class=\"excerpt-hellip\"> [\u2026]<\/span><\/p>\n","protected":false},"featured_media":0,"template":"","meta":{"_monsterinsights_skip_tracking":false,"_monsterinsights_sitenote_active":false,"_monsterinsights_sitenote_note":"","_monsterinsights_sitenote_category":0},"product_brand":[],"product_cat":[12351,12324],"product_tag":[],"class_list":{"0":"post-738537","1":"product","2":"type-product","3":"status-publish","5":"product_cat-siyaset-sosyolojisi","6":"product_cat-sosyoloji","7":"pa_cilt-ciltsiz","8":"pa_tur-kitap","9":"pa_yayinevi-vulgus-yayinlari","10":"pa_yazar-ahmet-cigdem","12":"first","13":"instock","14":"sale","15":"shipping-taxable","16":"purchasable","17":"product-type-simple"},"_links":{"self":[{"href":"https:\/\/roveyayinevi.com.tr\/index.php\/wp-json\/wp\/v2\/product\/738537","targetHints":{"allow":["GET"]}}],"collection":[{"href":"https:\/\/roveyayinevi.com.tr\/index.php\/wp-json\/wp\/v2\/product"}],"about":[{"href":"https:\/\/roveyayinevi.com.tr\/index.php\/wp-json\/wp\/v2\/types\/product"}],"wp:attachment":[{"href":"https:\/\/roveyayinevi.com.tr\/index.php\/wp-json\/wp\/v2\/media?parent=738537"}],"wp:term":[{"taxonomy":"product_brand","embeddable":true,"href":"https:\/\/roveyayinevi.com.tr\/index.php\/wp-json\/wp\/v2\/product_brand?post=738537"},{"taxonomy":"product_cat","embeddable":true,"href":"https:\/\/roveyayinevi.com.tr\/index.php\/wp-json\/wp\/v2\/product_cat?post=738537"},{"taxonomy":"product_tag","embeddable":true,"href":"https:\/\/roveyayinevi.com.tr\/index.php\/wp-json\/wp\/v2\/product_tag?post=738537"}],"curies":[{"name":"wp","href":"https:\/\/api.w.org\/{rel}","templated":true}]}}