{"id":738476,"date":"2025-08-27T23:50:49","date_gmt":"2025-08-27T20:50:49","guid":{"rendered":"https:\/\/roveyayinevi.com.tr\/index.php\/urun\/islam-dunyasinda-hat-ve-mimari\/"},"modified":"2026-04-16T02:48:42","modified_gmt":"2026-04-15T23:48:42","slug":"islam-dunyasinda-hat-ve-mimari","status":"publish","type":"product","link":"https:\/\/roveyayinevi.com.tr\/index.php\/urun\/islam-dunyasinda-hat-ve-mimari\/","title":{"rendered":"\u0130slam D\u00fcnyas\u0131nda Hat ve Mimari"},"content":{"rendered":"<p>H\u00fcsn\u00fchat, \u0130slam sanat\u0131n\u0131n ve mimarisinin ayr\u0131lmaz bir par\u00e7as\u0131d\u0131r. \u0130slam d\u00fcnyas\u0131n\u0131n hemen her co\u011frafyas\u0131nda camiler, tekkeler, k\u00fct\u00fcphaneler, \u00e7ar\u015f\u0131lar ve daha nice mek\u00e2nlar h\u00fcsn\u00fchat metinleri ile donat\u0131lm\u0131\u015ft\u0131r. H\u00fcsn\u00fchat, bir s\u00fcsleme unsuru olman\u0131n \u00f6tesinde mek\u00e2na her y\u00f6n\u00fcyle ebed\u00ee bir anlam a\u015f\u0131lamaya da yard\u0131mc\u0131 olmaktad\u0131r.     Elinizdeki kitap, mimari mek\u00e2n\u0131n h\u00fcsn\u00fchatt\u0131 nas\u0131l \u015fekillendirdi\u011fini incelerken h\u00fcsn\u00fchatt\u0131n da mek\u00e2n\u0131n in\u015fas\u0131nda ve ayn\u0131 zamanda sahip oldu\u011fu anlam\u0131 kazanmas\u0131nda nas\u0131l rol oynad\u0131\u011f\u0131n\u0131 ele almaktad\u0131r.     Mek\u00e2nlar, \u00dcslup \/ \u0130\u00e7erik, Baniler, Sanatk\u00e2rlar, B\u00f6lgeler ve Modernle\u015fme olmak \u00fczere alt\u0131 ana ba\u015fl\u0131ktan olu\u015fan bu kitap, \u00e7e\u015fitli d\u00f6nemlere ve co\u011frafyalara ait h\u00fcsn\u00fchat kitabelerini her y\u00f6n\u00fcyle incelemektedir. Alan\u0131nda usta bir\u00e7ok ara\u015ft\u0131rmac\u0131, konular\u0131 \u00c7in\u2019den \u0130spanya\u2019ya; ele ald\u0131klar\u0131 d\u00f6nem itibar\u0131yla da \u0130slam\u2019\u0131n ilk y\u0131llar\u0131ndan 21. y\u00fczy\u0131l ba\u015f\u0131na kadar de\u011fi\u015fen makalelerle elinizdeki eserin ortaya \u00e7\u0131kmas\u0131na katk\u0131da bulunmu\u015ftur.  <\/p>\n","protected":false},"excerpt":{"rendered":"<p>H\u00fcsn\u00fchat, \u0130slam sanat\u0131n\u0131n ve mimarisinin ayr\u0131lmaz bir par\u00e7as\u0131d\u0131r. \u0130slam d\u00fcnyas\u0131n\u0131n hemen her co\u011frafyas\u0131nda camiler, tekkeler, k\u00fct\u00fcphaneler, \u00e7ar\u015f\u0131lar ve daha nice mek\u00e2nlar h\u00fcsn\u00fchat metinleri ile donat\u0131lm\u0131\u015ft\u0131r. H\u00fcsn\u00fchat,<span class=\"excerpt-hellip\"> [\u2026]<\/span><\/p>\n","protected":false},"featured_media":0,"template":"","meta":{"_monsterinsights_skip_tracking":false,"_monsterinsights_sitenote_active":false,"_monsterinsights_sitenote_note":"","_monsterinsights_sitenote_category":0},"product_brand":[],"product_cat":[44608,12408],"product_tag":[],"class_list":{"0":"post-738476","1":"product","2":"type-product","3":"status-publish","5":"product_cat-diger-sanat","6":"product_cat-sanat","7":"pa_cilt-ciltsiz","8":"pa_tur-kitap","9":"pa_yayinevi-albaraka-yayinlari","10":"pa_yazar-irvin-cemil-schick-mohammad-gharipour","12":"first","13":"instock","14":"sale","15":"shipping-taxable","16":"purchasable","17":"product-type-simple"},"_links":{"self":[{"href":"https:\/\/roveyayinevi.com.tr\/index.php\/wp-json\/wp\/v2\/product\/738476","targetHints":{"allow":["GET"]}}],"collection":[{"href":"https:\/\/roveyayinevi.com.tr\/index.php\/wp-json\/wp\/v2\/product"}],"about":[{"href":"https:\/\/roveyayinevi.com.tr\/index.php\/wp-json\/wp\/v2\/types\/product"}],"wp:attachment":[{"href":"https:\/\/roveyayinevi.com.tr\/index.php\/wp-json\/wp\/v2\/media?parent=738476"}],"wp:term":[{"taxonomy":"product_brand","embeddable":true,"href":"https:\/\/roveyayinevi.com.tr\/index.php\/wp-json\/wp\/v2\/product_brand?post=738476"},{"taxonomy":"product_cat","embeddable":true,"href":"https:\/\/roveyayinevi.com.tr\/index.php\/wp-json\/wp\/v2\/product_cat?post=738476"},{"taxonomy":"product_tag","embeddable":true,"href":"https:\/\/roveyayinevi.com.tr\/index.php\/wp-json\/wp\/v2\/product_tag?post=738476"}],"curies":[{"name":"wp","href":"https:\/\/api.w.org\/{rel}","templated":true}]}}