{"id":738391,"date":"2025-08-27T23:48:51","date_gmt":"2025-08-27T20:48:51","guid":{"rendered":"https:\/\/roveyayinevi.com.tr\/index.php\/urun\/adaletin-iktidarla-mucadelesi-insan-haklari\/"},"modified":"2026-04-16T02:48:39","modified_gmt":"2026-04-15T23:48:39","slug":"adaletin-iktidarla-mucadelesi-insan-haklari","status":"publish","type":"product","link":"https:\/\/roveyayinevi.com.tr\/index.php\/urun\/adaletin-iktidarla-mucadelesi-insan-haklari\/","title":{"rendered":"Adaletin \u0130ktidarla M\u00fccadelesi: \u0130nsan Haklar\u0131"},"content":{"rendered":"<p>ADALET\u0130N \u0130KT\u0130DARLA M\u00dcCADELES\u0130: \u0130NSAN HAKLARI   Aradan y\u0131llar ge\u00e7mi\u015f olmas\u0131na ra\u011fmen 11 Eyl\u00fcl gibi felaketler h\u00e2l\u00e2 g\u00fcndemimizdeyken, d\u00fcnyan\u0131n d\u00f6rt bir yan\u0131nda i\u015flenen insanl\u0131k su\u00e7lar\u0131n\u0131 \u00e7ok daha h\u0131zl\u0131 unutuyoruz. Avrupa Anayasa ve \u0130nsan Haklar\u0131 Merkezi\u2019nin kurucusu Wolfgang Kaleck bizlere etkisi Bat\u0131 merkezli olmayan insan hakk\u0131 ihlallerini hat\u0131rlatmakla kalmay\u0131p, bu ihlallerin haf\u0131zalarda kalmas\u0131n\u0131n onlara kar\u015f\u0131 direnmek i\u00e7in gerekli g\u00fcc\u00fc olu\u015fturdu\u011funu hat\u0131rlat\u0131yor. Kaleck canl\u0131 ve etkili hikayelerle global adalet aray\u0131\u015f\u0131nda g\u00fcce ve iktidara kar\u015f\u0131 direni\u015f ve cesaret g\u00f6sterenlerin sesini duyuruyor.   D\u00fcnyan\u0131n yaln\u0131zca k\u00f6t\u00fcl\u00fckle de\u011fil direni\u015f ve adalet umuduyla da dolu oldu\u011funu okurlara anlatan \u201cAdaletin \u0130ktidarla M\u00fccadelesi: \u0130nsan Haklar\u0131\u201d kitab\u0131 21 Mart 2022 tarihinde raflarda yerini ald\u0131. B\u00fcy\u00fck Britanya\u2019n\u0131n Kenya\u2019da yapt\u0131klar\u0131, ABD\u2019nin Vietnam\u2019da yapt\u0131klar\u0131, Fransa\u2019n\u0131n Cezayir\u2019de yapt\u0131klar\u0131 ve daha bir\u00e7ok insanl\u0131k su\u00e7u&#8230; \u0130nsan haklar\u0131n\u0131n en \u00f6nemli savunucular\u0131ndan biri olan d\u00fcnyaca \u00fcnl\u00fc Avukat Wolfgang Kaleck; adaletin, yasalar\u0131n ve insan haklar\u0131n\u0131n her zaman ve herkes i\u00e7in ge\u00e7erli olmas\u0131 i\u00e7in m\u00fccadele ediyor. Kaleck bu kitapta, ac\u0131 dolu hat\u0131ralar\u0131n\u0131 dinledi\u011fi insanlardan, i\u00e7 sava\u015f\u0131n yak\u0131p y\u0131kt\u0131\u011f\u0131 \u00fclkelerden ve i\u015fkencelere maruz kalarak hayat\u0131n\u0131 kaybeden insanlar\u0131n ailelerinden bahsediyor. Unutman\u0131n cezas\u0131zl\u0131k k\u00fclt\u00fcr\u00fcn\u00fc geni\u015fletti\u011fini d\u00fc\u015f\u00fcnd\u00fc\u011f\u00fc i\u00e7in bu ac\u0131lar\u0131, adaletsizlikleri ve k\u00f6t\u00fcl\u00fckleri her zaman hat\u0131rlaman\u0131n \u00f6nemini vurguluyor. \u0130ktidar\u0131n, kendi \u00e7\u0131karlar\u0131na g\u00f6re i\u015fletti\u011fi hukuki dinamiklere \u015fiddetle kar\u015f\u0131 \u00e7\u0131kan Kaleck; her \u00fclkenin, en g\u00fc\u00e7l\u00fc \u00fclkelerin bile hesap vermesi gerekti\u011fini s\u00f6yl\u00fcyor. Amerika\u2019ya, Mercedes-Benz\u2019e ve daha bir\u00e7ok g\u00fc\u00e7l\u00fc \u00fclkeye, olu\u015fuma veya \u015firkete davalar a\u00e7an Wolfgang Kaleck, iktidar kar\u015f\u0131s\u0131nda \u00e2ciz duruma d\u00fc\u015fm\u00fc\u015f olan adaleti yeniden ye\u015fertmenin yollar\u0131n\u0131 ar\u0131yor. <\/p>\n","protected":false},"excerpt":{"rendered":"<p>ADALET\u0130N \u0130KT\u0130DARLA M\u00dcCADELES\u0130: \u0130NSAN HAKLARI Aradan y\u0131llar ge\u00e7mi\u015f olmas\u0131na ra\u011fmen 11 Eyl\u00fcl gibi felaketler h\u00e2l\u00e2 g\u00fcndemimizdeyken, d\u00fcnyan\u0131n d\u00f6rt bir yan\u0131nda i\u015flenen insanl\u0131k su\u00e7lar\u0131n\u0131 \u00e7ok daha h\u0131zl\u0131<span class=\"excerpt-hellip\"> [\u2026]<\/span><\/p>\n","protected":false},"featured_media":0,"template":"","meta":{"_monsterinsights_skip_tracking":false,"_monsterinsights_sitenote_active":false,"_monsterinsights_sitenote_note":"","_monsterinsights_sitenote_category":0},"product_brand":[],"product_cat":[13059,12337],"product_tag":[],"class_list":{"0":"post-738391","1":"product","2":"type-product","3":"status-publish","5":"product_cat-diger-politika-siyaset","6":"product_cat-politika-siyaset","7":"pa_cilt-ciltsiz","8":"pa_tur-kitap","9":"pa_yayinevi-the-kitap","10":"pa_yazar-wolfgang-kaleck","12":"first","13":"instock","14":"sale","15":"shipping-taxable","16":"purchasable","17":"product-type-simple"},"_links":{"self":[{"href":"https:\/\/roveyayinevi.com.tr\/index.php\/wp-json\/wp\/v2\/product\/738391","targetHints":{"allow":["GET"]}}],"collection":[{"href":"https:\/\/roveyayinevi.com.tr\/index.php\/wp-json\/wp\/v2\/product"}],"about":[{"href":"https:\/\/roveyayinevi.com.tr\/index.php\/wp-json\/wp\/v2\/types\/product"}],"wp:attachment":[{"href":"https:\/\/roveyayinevi.com.tr\/index.php\/wp-json\/wp\/v2\/media?parent=738391"}],"wp:term":[{"taxonomy":"product_brand","embeddable":true,"href":"https:\/\/roveyayinevi.com.tr\/index.php\/wp-json\/wp\/v2\/product_brand?post=738391"},{"taxonomy":"product_cat","embeddable":true,"href":"https:\/\/roveyayinevi.com.tr\/index.php\/wp-json\/wp\/v2\/product_cat?post=738391"},{"taxonomy":"product_tag","embeddable":true,"href":"https:\/\/roveyayinevi.com.tr\/index.php\/wp-json\/wp\/v2\/product_tag?post=738391"}],"curies":[{"name":"wp","href":"https:\/\/api.w.org\/{rel}","templated":true}]}}