{"id":738360,"date":"2025-08-27T23:48:19","date_gmt":"2025-08-27T20:48:19","guid":{"rendered":"https:\/\/roveyayinevi.com.tr\/index.php\/urun\/ataurk-emperyalizm-ve-bati-merkezcilik\/"},"modified":"2026-04-16T02:48:38","modified_gmt":"2026-04-15T23:48:38","slug":"ataurk-emperyalizm-ve-bati-merkezcilik","status":"publish","type":"product","link":"https:\/\/roveyayinevi.com.tr\/index.php\/urun\/ataurk-emperyalizm-ve-bati-merkezcilik\/","title":{"rendered":"Ata\u00fcrk Emperyalizm Ve Bat\u0131 Merkezcilik"},"content":{"rendered":"<p>ATAT\u00dcRK&#8217;\u00dc anlamak, Atat\u00fcrk&#8217;\u00fcn Cumhuriyet De\u011ferleri \u00fczerine kurdu\u011fu ulus devleti \u00f6z\u00fcmsemek, bu de\u011ferler \u00fczerinden ya\u015fam\u0131 s\u00fcrd\u00fcrmek insanla\u015fman\u0131n ve uygarla\u015fman\u0131n ilk \u015fart\u0131d\u0131r. Bunun i\u00e7in her t\u00fcr emperyalizmden korunmak tam ba\u011f\u0131ms\u0131z olman\u0131n da ilk \u015fart\u0131d\u0131r. \u0130ngiliz egemen emperyalizme birlikte oldu\u011fu m\u00fcttefiklerine tarihte ilk yenilgiyi tatt\u0131ran, onlarla m\u00fccadelesinden zaferle \u00e7\u0131kan Atat\u00fcrk&#8217;\u00fcn \u00e7a\u011f\u0131ndaki s\u00f6m\u00fcrgecili\u011fe kar\u015f\u0131 emsalsiz ba\u015far\u0131s\u0131 g\u00fcn\u00fcm\u00fczde de gelecekte de \u00f6rnek al\u0131nacak \u00f6nem ve de\u011ferdedir. Atat\u00fcrk emperyalizm konusunda \u015f\u00f6yle diyor: \u201cEfendiler, biz hakk\u0131m\u0131z\u0131 sakl\u0131 bulundurmak, ba\u011f\u0131ms\u0131zl\u0131\u011f\u0131m\u0131z\u0131 emin bulundurabilmek i\u00e7in heyeti umumiyemizce, heyeti milliyemizce, bizi mahvetmek isteyen EMPERYAL\u0130ZME KAR\u015eI ve bizi yutmak isteyen KAP\u0130TAL\u0130ZME KAR\u015eI heyeti milliyece m\u00fccahedeyi uygun g\u00f6ren bir mesle\u011fi takip eden insanlar\u0131z.&#8221; &#8220;En b\u00fcy\u00fck d\u00fc\u015fman, d\u00fc\u015fmanlar\u0131n d\u00fc\u015fman\u0131, ne falan ne de filan milletler. Bilakis bu, adeta her taraf\u0131 kaplam\u0131\u015f ve saltanat halinde b\u00fct\u00fcn d\u00fcnyaya h\u00e2kim olan kapitalizm afeti ve onun \u00e7ocu\u011fu olan emperyalizmdir.&#8221; &#8220;Bizi mahvetmek isteyen emperyalizme kar\u015f\u0131 ve bizi yutmak isteyen kapitalizme kar\u015f\u0131 sava\u015f\u0131yoruz&#8221; ATAT\u00dcRK, Kurtulu\u015f Sava\u015f\u0131 emperyalizme kar\u015f\u0131 verilen bir tam ba\u011f\u0131ms\u0131zl\u0131k sava\u015f\u0131d\u0131r, demi\u015fti. Birle\u015fmi\u015f Milletler E\u011fitim, Bilim ve K\u00fclt\u00fcr Te\u015fkilat\u0131 \/UNESCO \u00fcyesi olan 156 \u00fclkenin oybirli\u011fiyle ald\u0131\u011f\u0131 kararla 1981 y\u0131l\u0131n\u0131 \u201cAtat\u00fcrk y\u0131l\u0131\u201d ilan etmi\u015f ve Atat\u00fcrk&#8217;\u00fc \u015f\u00f6yle tan\u0131mlam\u0131\u015ft\u0131r: \u201cUluslararas\u0131 anlay\u0131\u015f ve bar\u0131\u015f yolunda \u00e7aba harcam\u0131\u015f \u00fcst\u00fcn bir ki\u015fi, ola\u011fan\u00fcst\u00fc bir devrimci, s\u00f6m\u00fcrgecilik ve emperyalizme kar\u015f\u0131 sava\u015fan ilk lider, insan haklar\u0131na sayg\u0131l\u0131, d\u00fcnya bar\u0131\u015f\u0131n\u0131n \u00f6nc\u00fcs\u00fc, insanlar aras\u0131nda hi\u00e7bir renk, din, \u0131rk ayr\u0131m\u0131 g\u00f6zetmeyen e\u015fsiz bir devlet adam\u0131.\u201d Bu kitap, kapitalizmin \u00e7ocu\u011fu s\u00f6m\u00fcrgecilik ve emperyalizme kar\u015f\u0131 sava\u015farak onu yenilgiye u\u011fratan ilk lider ATAT\u00dcRK&#8217;\u00dcN bu m\u00fccadelesini tarihi ger\u00e7ekli\u011fi i\u00e7inde ele al\u0131yor ki e\u011fer g\u00fcn\u00fcm\u00fczde bilirse, \u00fclkenin tarihinde ayn\u0131 konu bir kez daha tekerr\u00fcr etmesin. Ba\u011f\u0131ms\u0131zl\u0131\u011f\u0131m\u0131z\u0131n korunmas\u0131 ancak Emperyalizme kar\u015f\u0131 m\u00fccadele etmekle m\u00fcmk\u00fcnd\u00fcr. \u201cBat\u0131n\u0131n T\u00fcrk milletini mutlaka mahvetmek hususunda mevcut kanaat pek derindir. Bug\u00fcnk\u00fc Avrupa diplomatlar\u0131n\u0131n kafalar\u0131nda h\u00e2s\u0131l olmu\u015f bir g\u00f6r\u00fc\u015f de\u011fildir. Bundan \u00f6nce, \u00e7ok ve \u00e7ok \u00f6ncekileri zaman\u0131nda yerle\u015fmi\u015ftir.\u201d \u201cBu, adeta babadan evlada irsen intikal eden bir zihniyet, bir \u00e2det, bir anane olmu\u015ftur. Onun i\u00e7in Bat\u0131&#8217;n\u0131n bu ananeden vazge\u00e7mesi, bu miras al\u0131nm\u0131\u015f zihniyeti de\u011fi\u015ftirmesi, bozmas\u0131, itiraf etmek laz\u0131m gelir ki, o kadar kolayl\u0131kla m\u00fcmk\u00fcn olmam\u0131\u015ft\u0131r ve olmayacakt\u0131r\u201d ATAT\u00dcRK<\/p>\n","protected":false},"excerpt":{"rendered":"<p>ATAT\u00dcRK&#8217;\u00dc anlamak, Atat\u00fcrk&#8217;\u00fcn Cumhuriyet De\u011ferleri \u00fczerine kurdu\u011fu ulus devleti \u00f6z\u00fcmsemek, bu de\u011ferler \u00fczerinden ya\u015fam\u0131 s\u00fcrd\u00fcrmek insanla\u015fman\u0131n ve uygarla\u015fman\u0131n ilk \u015fart\u0131d\u0131r. Bunun i\u00e7in her t\u00fcr emperyalizmden korunmak<span class=\"excerpt-hellip\"> [\u2026]<\/span><\/p>\n","protected":false},"featured_media":0,"template":"","meta":{"_monsterinsights_skip_tracking":false,"_monsterinsights_sitenote_active":false,"_monsterinsights_sitenote_note":"","_monsterinsights_sitenote_category":0},"product_brand":[],"product_cat":[12370,12304],"product_tag":[],"class_list":{"0":"post-738360","1":"product","2":"type-product","3":"status-publish","5":"product_cat-arastirma-inceleme","6":"product_cat-tarih","7":"pa_cilt-ciltsiz","8":"pa_tur-kitap","9":"pa_yayinevi-nergiz-yayinlari","10":"pa_yazar-sedat-senermen","12":"first","13":"instock","14":"sale","15":"shipping-taxable","16":"purchasable","17":"product-type-simple"},"_links":{"self":[{"href":"https:\/\/roveyayinevi.com.tr\/index.php\/wp-json\/wp\/v2\/product\/738360","targetHints":{"allow":["GET"]}}],"collection":[{"href":"https:\/\/roveyayinevi.com.tr\/index.php\/wp-json\/wp\/v2\/product"}],"about":[{"href":"https:\/\/roveyayinevi.com.tr\/index.php\/wp-json\/wp\/v2\/types\/product"}],"wp:attachment":[{"href":"https:\/\/roveyayinevi.com.tr\/index.php\/wp-json\/wp\/v2\/media?parent=738360"}],"wp:term":[{"taxonomy":"product_brand","embeddable":true,"href":"https:\/\/roveyayinevi.com.tr\/index.php\/wp-json\/wp\/v2\/product_brand?post=738360"},{"taxonomy":"product_cat","embeddable":true,"href":"https:\/\/roveyayinevi.com.tr\/index.php\/wp-json\/wp\/v2\/product_cat?post=738360"},{"taxonomy":"product_tag","embeddable":true,"href":"https:\/\/roveyayinevi.com.tr\/index.php\/wp-json\/wp\/v2\/product_tag?post=738360"}],"curies":[{"name":"wp","href":"https:\/\/api.w.org\/{rel}","templated":true}]}}