{"id":738180,"date":"2025-08-27T23:44:11","date_gmt":"2025-08-27T20:44:11","guid":{"rendered":"https:\/\/roveyayinevi.com.tr\/index.php\/urun\/cankayanin-duvaksiz-gelini-fikriye\/"},"modified":"2026-04-16T02:47:55","modified_gmt":"2026-04-15T23:47:55","slug":"cankayanin-duvaksiz-gelini-fikriye","status":"publish","type":"product","link":"https:\/\/roveyayinevi.com.tr\/index.php\/urun\/cankayanin-duvaksiz-gelini-fikriye\/","title":{"rendered":"\u00c7ankaya&#8217;n\u0131n Duvaks\u0131z Gelini Fikriye"},"content":{"rendered":"<p>Y\u00fczy\u0131ll\u0131k bir karasevda hik\u00e2yesi. Her an\u0131 adanm\u0131\u015fl\u0131k dolu; milli m\u00fccadeleye ve o m\u00fccadelenin ba\u015fkahraman\u0131 Mustafa Kemal\u2019e. Fikriye; uzak bir akraban\u0131n k\u0131z\u0131, bir \u00e7ocuk onun i\u00e7in. Oysa ilk g\u00f6rd\u00fc\u011f\u00fc andan beri \u00e2\u015f\u0131k Fikriye\u2019nin \u00e7ocuk y\u00fcre\u011fi. \u00d6nceleri a\u011fabey diyor, ama sonra dili varm\u0131yor. O cephedeyken hayaliyle ya\u015f\u0131yor, mektuplar, \u015fiirler yaz\u0131yor. Bir g\u00fcn Mustafa Kemal\u2019i toparlayacak bir kad\u0131n eli gerekti\u011finde ger\u00e7ekle\u015fiyor d\u00fc\u015fleri. Adeta ko\u015farak gidiyor Ankara\u2019ya. Boynunda bir kehribar tespihle \u00c7ankaya\u2019n\u0131n ilk gelini oluyor, \u201cduvaks\u0131z gelini\u201d\u2026 Yaz\u0131k ki r\u00fcya k\u0131sa s\u00fcr\u00fcyor. Fikriye\u2019deki \u00f6yle bir a\u015fk ki ne hastal\u0131k dinliyor ne yasak ne de s\u00fcrg\u00fcn. En a\u015f\u0131lmaz denilen yollar\u0131 a\u015f\u0131p sonunda yine var\u0131yor Pa\u015fa\u2019s\u0131na. Ta ki o kanl\u0131 g\u00fcne kadar. \u00c7ankaya\u2019n\u0131n Duvaks\u0131z Gelini aradan ge\u00e7en bir asra ra\u011fmen me\u00e7huliyetini koruyan bir \u00f6l\u00fcm\u00fc anlat\u0131yor. Bir milletin g\u00f6nl\u00fcnde taht kuran Mustafa Kemal, bug\u00fcn h\u00e2l\u00e2 \u201cboynu b\u00fck\u00fck bir s\u00fcmb\u00fcl\u201d\u00fcn k\u0131r\u0131k hat\u0131ralar\u0131nda kan\u0131yor.Yazar \u00d6zge\u00e7mi\u015fi Halil \u0130brahim \u00d6zcan Halil \u0130brahim \u00d6zcan, Kayseri-Talas Ard\u0131\u00e7 k\u00f6y\u00fcnde do\u011fdu. \u0130lkokul ve orta\u00f6\u011frenimini Kayseri\u2019de tamamlad\u0131. Kayseri Meslek Y\u00fcksekokulu\u2019nda okudu. Kayseri E\u011fitim Enstit\u00fcs\u00fc\u2019nden mezun olduktan sonra Giresun ve Kayseri\u2019de \u00fc\u00e7 y\u0131l \u00f6\u011fretmenlik ve m\u00fcd\u00fcrl\u00fck yapt\u0131. Daha sonra Anadolu \u00dcniversitesi T\u00fcrk Dili ve Edebiyat\u0131 b\u00f6l\u00fcm\u00fcnden mezun oldu. Bir s\u00fcre Suriye ve L\u00fcbnan\u2019\u0131n de\u011fi\u015fik yerlerinde ya\u015fad\u0131. 1981-1991 y\u0131llar\u0131 aras\u0131nda siyasal nedenlerden \u00f6t\u00fcr\u00fc \u00fclkenin farkl\u0131 cezaevlerinde on y\u0131l tutuldu. \u00c7ocuklu\u011fundan beri \u00e7e\u015fitli i\u015flerde \u00e7al\u0131\u015ft\u0131. Senaryolar yazd\u0131. Edit\u00f6rl\u00fck ve ayn\u0131 zamanda sinema oyunculu\u011fu da yapan ve \u00e7e\u015fitli edebiyat \u00f6rg\u00fctlenmelerinde etkin g\u00f6revler alan yazar; halen Uluslararas\u0131 PEN T\u00fcrkiye Merkezi \u0130kinci Ba\u015fkan\u0131d\u0131r ve ayn\u0131 zamanda Hapisteki Yazarlar Komitesi\u2019nin Ba\u015fkanl\u0131\u011f\u0131n\u0131 y\u00fcr\u00fctmektedir. Yurtd\u0131\u015f\u0131nda, Urumiye (\u0130ran), Rakka, \u015eam, Lazkiye (Suriye), Tetova (Makedonya) \u015fiir festivallerine kat\u0131ld\u0131. 2008 y\u0131l\u0131nda kat\u0131ld\u0131\u011f\u0131 Frankfurt Kitap Fuar\u0131\u2019nda, yazarlar komisyonunda ve IV. Ulusal Yay\u0131nc\u0131l\u0131k Kongresi\u2019nde \u201cOkuma K\u00fclt\u00fcr\u00fc\u201d komisyonunda g\u00f6rev ald\u0131. Uluslararas\u0131 PEN i\u00e7inde UralAltay Network kurucular\u0131ndan olup, Mo\u011folistan, Kazakistan, K\u0131rg\u0131zistan\u2019da ve K\u0131r\u0131m ile \u0130sve\u00e7\u2019in Lund kentinde bildiriler sundu. Ayr\u0131ca PEN T\u00fcrkiye temsilcisi olarak, Almanya, Kanada, \u0130zlanda, G\u00fcney Kore, \u0130spanya, K\u0131rg\u0131zistan ve Bulgaristan\u2019da da bildiriler sundu. Yazmaya \u00e7ok k\u00fc\u00e7\u00fck ya\u015flarda ba\u015flad\u0131. Defter, Edebiyat Dostlar\u0131, Yaba-\u00d6yk\u00fc, D\u00fc\u015fler, Sombahar, Ayr\u0131m-\u015eiir ve Yaz\u0131n gibi dergilerde \u015fiir ve \u00f6yk\u00fcleri yay\u0131mland\u0131. K\u0131r\u0131k Zar adl\u0131 \u015fiir kitab\u0131 da Niculina Oprea taraf\u0131ndan Romence\u2019ye \u201cZarul Spart\u201d ad\u0131yla \u00e7evrilerek \u201cEditura Napoca Star\u201dda 2020 y\u0131l\u0131nda yay\u0131mland\u0131. \u015eiir ve \u00f6yk\u00fcleri ayr\u0131ca \u0130ngilizce, Arap\u00e7a, Romence, Arnavut\u00e7a, Almanca, Fars\u00e7a, \u0130talyanca ve Uygurcaya \u00e7evrildi. K\u0131r\u0131k Zar adl\u0131 kitab\u0131 1997 y\u0131l\u0131nda Orhan Murat Ar\u0131burnu \u00f6d\u00fcl\u00fcne lay\u0131k g\u00f6r\u00fcld\u00fc. \u201cEjderha Y\u0131llar\u0131\u201d adl\u0131 senaryosu ile 2011 y\u0131l\u0131nda K\u00fclt\u00fcr Bakanl\u0131\u011f\u0131\u2019ndan \u201cSenaryo yazma deste\u011fi\u201d ald\u0131. G\u00f6zden ge\u00e7irilmi\u015f haliyle yeniden okur kar\u015f\u0131s\u0131na \u00e7\u0131kan \u00c7ankaya\u2019n\u0131n Duvaks\u0131z Gelini Fikriye, Abdul Kadir Abdelli taraf\u0131ndan TEDA deste\u011fiyle Suriye, \u015eam\u2019da Al Takwen Hause Publisher\u2019de 2009 y\u0131l\u0131nda Arap\u00e7aya \u00e7evrilerek yay\u0131mland\u0131. Yay\u0131nlanm\u0131\u015f eserleri: 1: 1980-1990 Cezaevi \u015eiirleri Antolojisi, 1992. 2: Randevu Haz\u0131rl\u0131\u011f\u0131, \u00d6yk\u00fc, \u0130stanbul, 1993. 3: K\u0131r\u0131k Zar, 1. Bask\u0131 \u0130stanbul, 1997. (1997 Orhon Murat Ar\u0131burnu \u00f6d\u00fcl\u00fc); 2. Bask\u0131 \u0130stanbul. 4: Y\u00fcz\u00fcn\u00fc Temiz Tut Ecel Her An Gelebilir, \u015eiir, 1. Bask\u0131, \u0130stanbul, 2000; 2. Bask\u0131, \u0130stanbul. 5: Ejderha Y\u0131llar\u0131, Roman, 1. Bask\u0131, \u0130stanbul, 2001, 2. Bask\u0131, \u0130stanbul, 2005. 6: Kavgal\u0131 K\u00fc\u00e7\u00fck Fener, \u015eiir, \u0130stanbul, 2005. 7: K\u00fcller Aras\u0131nda Ha\u00e7in, 1. Bask\u0131, \u0130stanbul, 2009; 2. Bask\u0131, \u0130stanbul, 2016. 8: \u0130stanbul 2010 Avrupa K\u00fclt\u00fcr Ba\u015fkenti Ajans\u0131nca desteklenen \u201c\u0130stanbulum\u201d projesi kapsam\u0131ndaki \u201cTarlaba\u015f\u0131 Renklere Son Veda\u201d 2011 9: R\u00fczg\u00e2ra Kar\u015f\u0131 Y\u00fcr\u00fcyen Adam Naz\u0131m, \u00c7izmeli Kedi Yay\u0131nlar\u0131 \u0130stanbul, 2013. 10: Y\u0131ld\u0131r\u0131m Beyaz\u0131t Erken Elveda Dedi, Heyamola Yay\u0131nlar\u0131, 2014<\/p>\n","protected":false},"excerpt":{"rendered":"<p>Y\u00fczy\u0131ll\u0131k bir karasevda hik\u00e2yesi. Her an\u0131 adanm\u0131\u015fl\u0131k dolu; milli m\u00fccadeleye ve o m\u00fccadelenin ba\u015fkahraman\u0131 Mustafa Kemal\u2019e. Fikriye; uzak bir akraban\u0131n k\u0131z\u0131, bir \u00e7ocuk onun i\u00e7in. Oysa<span class=\"excerpt-hellip\"> [\u2026]<\/span><\/p>\n","protected":false},"featured_media":0,"template":"","meta":{"_monsterinsights_skip_tracking":false,"_monsterinsights_sitenote_active":false,"_monsterinsights_sitenote_note":"","_monsterinsights_sitenote_category":0},"product_brand":[],"product_cat":[12370,12304],"product_tag":[],"class_list":{"0":"post-738180","1":"product","2":"type-product","3":"status-publish","5":"product_cat-arastirma-inceleme","6":"product_cat-tarih","7":"pa_cilt-ciltsiz","8":"pa_tur-kitap","9":"pa_yayinevi-inkilap-kitabevi","10":"pa_yazar-halil-ibrahim-ozcan","12":"first","13":"instock","14":"sale","15":"shipping-taxable","16":"purchasable","17":"product-type-simple"},"_links":{"self":[{"href":"https:\/\/roveyayinevi.com.tr\/index.php\/wp-json\/wp\/v2\/product\/738180","targetHints":{"allow":["GET"]}}],"collection":[{"href":"https:\/\/roveyayinevi.com.tr\/index.php\/wp-json\/wp\/v2\/product"}],"about":[{"href":"https:\/\/roveyayinevi.com.tr\/index.php\/wp-json\/wp\/v2\/types\/product"}],"wp:attachment":[{"href":"https:\/\/roveyayinevi.com.tr\/index.php\/wp-json\/wp\/v2\/media?parent=738180"}],"wp:term":[{"taxonomy":"product_brand","embeddable":true,"href":"https:\/\/roveyayinevi.com.tr\/index.php\/wp-json\/wp\/v2\/product_brand?post=738180"},{"taxonomy":"product_cat","embeddable":true,"href":"https:\/\/roveyayinevi.com.tr\/index.php\/wp-json\/wp\/v2\/product_cat?post=738180"},{"taxonomy":"product_tag","embeddable":true,"href":"https:\/\/roveyayinevi.com.tr\/index.php\/wp-json\/wp\/v2\/product_tag?post=738180"}],"curies":[{"name":"wp","href":"https:\/\/api.w.org\/{rel}","templated":true}]}}