{"id":738132,"date":"2025-08-27T23:43:21","date_gmt":"2025-08-27T20:43:21","guid":{"rendered":"https:\/\/roveyayinevi.com.tr\/index.php\/urun\/erken-cocuklukta-otizm-spektrum-bozuklugu\/"},"modified":"2026-04-16T02:47:53","modified_gmt":"2026-04-15T23:47:53","slug":"erken-cocuklukta-otizm-spektrum-bozuklugu","status":"publish","type":"product","link":"https:\/\/roveyayinevi.com.tr\/index.php\/urun\/erken-cocuklukta-otizm-spektrum-bozuklugu\/","title":{"rendered":"Erken \u00c7ocuklukta Otizm Spektrum Bozuklu\u011fu"},"content":{"rendered":"<p>OSB son y\u0131llarda yap\u0131lan tarama \u00e7al\u0131\u015fmalar\u0131n\u0131n bir sonucu ve \u00e7e\u015fitli nedenlere ba\u011fl\u0131 olarak d\u00fcnya \u00fczerinde h\u0131zl\u0131 bir yayg\u0131nl\u0131k g\u00f6steren, bu yayg\u0131nl\u0131k oranlar\u0131yla dikkat \u00e7eken ve toplum i\u00e7inde s\u0131k rastlanan bir geli\u015fimsel bozukluk olarak kar\u015f\u0131m\u0131za \u00e7\u0131kmaktad\u0131r. Bug\u00fcn baz\u0131 kaynaklar OSB\u2019nin 44 \u00e7ocuktan birinin hayat\u0131n\u0131 etkiledi\u011fini \u00f6ne s\u00fcrmektedir ve bu rakam her ge\u00e7en y\u0131l art\u0131\u015f g\u00f6stermektedir. Dolay\u0131s\u0131yla OSB pop\u00fcler bir ara\u015ft\u0131rma alan\u0131 olmaya do\u011fru ilerlemektedir. B\u00f6yle durumlarda pop\u00fcler ilgi ve bilimsel etkinlikler artmaktad\u0131r ama buna paralel olarak yanl\u0131\u015f bilginin \u00e7o\u011falmas\u0131 ve yay\u0131lmas\u0131 da artmaktad\u0131r.   Bu do\u011frultuda kitab\u0131n amac\u0131, \u00f6zel e\u011fitim ve \u00e7ocuk geli\u015fimi alan\u0131nda \u00e7al\u0131\u015fan t\u00fcm destek personellerine erken \u00e7ocuklukta otizm spektrum bozuklu\u011fu konusunda g\u00fcncel ve bilimsel bilgileri sunmakt\u0131r.<\/p>\n","protected":false},"excerpt":{"rendered":"<p>OSB son y\u0131llarda yap\u0131lan tarama \u00e7al\u0131\u015fmalar\u0131n\u0131n bir sonucu ve \u00e7e\u015fitli nedenlere ba\u011fl\u0131 olarak d\u00fcnya \u00fczerinde h\u0131zl\u0131 bir yayg\u0131nl\u0131k g\u00f6steren, bu yayg\u0131nl\u0131k oranlar\u0131yla dikkat \u00e7eken ve toplum<span class=\"excerpt-hellip\"> [\u2026]<\/span><\/p>\n","protected":false},"featured_media":0,"template":"","meta":{"_monsterinsights_skip_tracking":false,"_monsterinsights_sitenote_active":false,"_monsterinsights_sitenote_note":"","_monsterinsights_sitenote_category":0},"product_brand":[],"product_cat":[12573,12566],"product_tag":[],"class_list":{"0":"post-738132","1":"product","2":"type-product","3":"status-publish","5":"product_cat-akademik-kitaplar","6":"product_cat-egitim","7":"pa_cilt-ciltsiz","8":"pa_tur-kitap","9":"pa_yayinevi-egiten-kitap","10":"pa_yazar-gokhan-kayili","12":"first","13":"instock","14":"sale","15":"shipping-taxable","16":"purchasable","17":"product-type-simple"},"_links":{"self":[{"href":"https:\/\/roveyayinevi.com.tr\/index.php\/wp-json\/wp\/v2\/product\/738132","targetHints":{"allow":["GET"]}}],"collection":[{"href":"https:\/\/roveyayinevi.com.tr\/index.php\/wp-json\/wp\/v2\/product"}],"about":[{"href":"https:\/\/roveyayinevi.com.tr\/index.php\/wp-json\/wp\/v2\/types\/product"}],"wp:attachment":[{"href":"https:\/\/roveyayinevi.com.tr\/index.php\/wp-json\/wp\/v2\/media?parent=738132"}],"wp:term":[{"taxonomy":"product_brand","embeddable":true,"href":"https:\/\/roveyayinevi.com.tr\/index.php\/wp-json\/wp\/v2\/product_brand?post=738132"},{"taxonomy":"product_cat","embeddable":true,"href":"https:\/\/roveyayinevi.com.tr\/index.php\/wp-json\/wp\/v2\/product_cat?post=738132"},{"taxonomy":"product_tag","embeddable":true,"href":"https:\/\/roveyayinevi.com.tr\/index.php\/wp-json\/wp\/v2\/product_tag?post=738132"}],"curies":[{"name":"wp","href":"https:\/\/api.w.org\/{rel}","templated":true}]}}