{"id":738092,"date":"2025-08-27T23:42:29","date_gmt":"2025-08-27T20:42:29","guid":{"rendered":"https:\/\/roveyayinevi.com.tr\/index.php\/urun\/ii-dunya-savasinin-kisa-tarihi\/"},"modified":"2026-04-16T02:47:51","modified_gmt":"2026-04-15T23:47:51","slug":"ii-dunya-savasinin-kisa-tarihi","status":"publish","type":"product","link":"https:\/\/roveyayinevi.com.tr\/index.php\/urun\/ii-dunya-savasinin-kisa-tarihi\/","title":{"rendered":"II.D\u00fcnya Sava\u015f\u0131n\u0131n K\u0131sa Tarihi"},"content":{"rendered":"<p>\u0130kinci D\u00fcnya Sava\u015f\u0131n\u0131n K\u0131sa Tarihi; M\u00fcttefik ve Mihver g\u00fc\u00e7lerin nas\u0131l biraraya geldi\u011fini, d\u00fcnyan\u0131n fa\u015fizm ve kom\u00fcnizm aras\u0131nda nas\u0131l b\u00f6l\u00fcnd\u00fc\u011f\u00fcn\u00fc, k\u00fcresel sava\u015f\u0131 tetikleyen t\u00fcm unsurlar\u0131, toplama kamplar\u0131n\u0131, bu d\u00f6nemde geli\u015ftirilen silahlar\u0131, artan casusluk faaliyetlerini ve sava\u015f sonras\u0131ndaki yeni d\u00fcnyay\u0131 t\u00fcm \u00e7\u0131plakl\u0131\u011f\u0131yla g\u00f6zler \u00f6n\u00fcne seriyor.   Birinci D\u00fcnya Sava\u015f\u0131nda yenilmi\u015f ve i\u00e7inde bulundu\u011fu durumdan memnun olmayan Almanya\u2019da artan milliyet\u00e7ilik ak\u0131m\u0131, Hitler\u2019in y\u00f6netime ge\u00e7mesiyle beraber ayyuka \u00e7\u0131kar. \u0130talya\u2019da Mussolini, Hitler\u2019in g\u00fcc\u00fcnden ve \u00fclkesinin \u00fczerindeki hakimiyetinden etkilenir ve Ulusal Fa\u015fist Partisini kurarak \u00fclkesinin resmi ideolojisini de\u011fi\u015ftirir. Japonya ise Asya\u2019n\u0131n tek hakimi olma yolunda sald\u0131rgan bir tutum benimser ve \u00c7in\u2019i i\u015fgal ederek d\u00fcnya sava\u015f\u0131n\u0131n boyutlar\u0131n\u0131 geni\u015fletir.   D\u00fcnyan\u0131n pek \u00e7ok \u00fclkesinde yer alan \u015fehitliklerin birinde, \u015fu s\u00f6zler t\u00fcm etkileyicili\u011fi ve bu b\u00fcy\u00fckl\u00fckteki k\u0131y\u0131m\u0131n bir daha tekerr\u00fcr etmemesi dile\u011fiyle \u015f\u00f6yle diyor:   \u201cEVE G\u0130D\u0130NCE B\u0130Z\u0130 ANLATIN, S\u0130Z\u0130N YARININIZ \u0130\u00c7\u0130N B\u0130Z BUG\u00dcN\u00dcM\u00dcZ\u00dc VERD\u0130K.\u201d <\/p>\n","protected":false},"excerpt":{"rendered":"<p>\u0130kinci D\u00fcnya Sava\u015f\u0131n\u0131n K\u0131sa Tarihi; M\u00fcttefik ve Mihver g\u00fc\u00e7lerin nas\u0131l biraraya geldi\u011fini, d\u00fcnyan\u0131n fa\u015fizm ve kom\u00fcnizm aras\u0131nda nas\u0131l b\u00f6l\u00fcnd\u00fc\u011f\u00fcn\u00fc, k\u00fcresel sava\u015f\u0131 tetikleyen t\u00fcm unsurlar\u0131, toplama kamplar\u0131n\u0131,<span class=\"excerpt-hellip\"> [\u2026]<\/span><\/p>\n","protected":false},"featured_media":0,"template":"","meta":{"_monsterinsights_skip_tracking":false,"_monsterinsights_sitenote_active":false,"_monsterinsights_sitenote_note":"","_monsterinsights_sitenote_category":0},"product_brand":[],"product_cat":[12304,14128],"product_tag":[],"class_list":{"0":"post-738092","1":"product","2":"type-product","3":"status-publish","5":"product_cat-tarih","6":"product_cat-yakin-tarih","7":"pa_cilt-ciltsiz","8":"pa_tur-kitap","9":"pa_yayinevi-alfa-yayinlari","10":"pa_yazar-richard-holmes","12":"first","13":"instock","14":"sale","15":"shipping-taxable","16":"purchasable","17":"product-type-simple"},"_links":{"self":[{"href":"https:\/\/roveyayinevi.com.tr\/index.php\/wp-json\/wp\/v2\/product\/738092","targetHints":{"allow":["GET"]}}],"collection":[{"href":"https:\/\/roveyayinevi.com.tr\/index.php\/wp-json\/wp\/v2\/product"}],"about":[{"href":"https:\/\/roveyayinevi.com.tr\/index.php\/wp-json\/wp\/v2\/types\/product"}],"wp:attachment":[{"href":"https:\/\/roveyayinevi.com.tr\/index.php\/wp-json\/wp\/v2\/media?parent=738092"}],"wp:term":[{"taxonomy":"product_brand","embeddable":true,"href":"https:\/\/roveyayinevi.com.tr\/index.php\/wp-json\/wp\/v2\/product_brand?post=738092"},{"taxonomy":"product_cat","embeddable":true,"href":"https:\/\/roveyayinevi.com.tr\/index.php\/wp-json\/wp\/v2\/product_cat?post=738092"},{"taxonomy":"product_tag","embeddable":true,"href":"https:\/\/roveyayinevi.com.tr\/index.php\/wp-json\/wp\/v2\/product_tag?post=738092"}],"curies":[{"name":"wp","href":"https:\/\/api.w.org\/{rel}","templated":true}]}}