{"id":738072,"date":"2025-08-27T23:42:03","date_gmt":"2025-08-27T20:42:03","guid":{"rendered":"https:\/\/roveyayinevi.com.tr\/index.php\/urun\/ikili-yasam\/"},"modified":"2026-04-16T02:47:50","modified_gmt":"2026-04-15T23:47:50","slug":"ikili-yasam","status":"publish","type":"product","link":"https:\/\/roveyayinevi.com.tr\/index.php\/urun\/ikili-yasam\/","title":{"rendered":"\u0130kili Ya\u015fam"},"content":{"rendered":"<p>&#8220;Ben bir ruha \u00e2\u015f\u0131k oldum, onun bedeni sadece bir ara\u00e7.&#8221;Emek veren kabul ettiyse hakl\u0131 olan odur. Y\u0131llar\u0131n\u0131 verdi\u011fin ki\u015finin de\u011fi\u015fimini sa\u011flad\u0131\u011f\u0131n i\u00e7in onun \u00fcst\u00fcnde hak iddia edebilirsin, bu d\u00fc\u015f\u00fcncende de hakl\u0131s\u0131nd\u0131r. L\u00e2kin dengeleri korumak zorunday\u0131m. Ve ilklerini beraber ya\u015fad\u0131\u011f\u0131m ki\u015finin, bir ilkini ba\u015fkas\u0131yla ya\u015famas\u0131na izin verdiysem bu, kaybetmeme neden olabilir \u201c-ki\u2026\u201d, bu ki \u00e7ok \u00f6nemli, bu nedenle hem t\u0131rnak i\u00e7ine ald\u0131m hem de \u00f6n\u00fcne tire koydum.Burada biraz d\u00fc\u015f\u00fcn. Sa\u00e7ma sapan s\u0131ralanm\u0131\u015f c\u00fcmlelerin sonunda neler bulacaks\u0131n?\u201c\u00d6m\u00fcr\u201d, ya\u015fad\u0131\u011f\u0131m\u0131z hayata kabaca vermi\u015f oldu\u011fumuz bir isim. \u00d6m\u00fcr, kendimizi i\u00e7inde buldu\u011fumuz, onda da kendimizden bir par\u00e7a buldu\u011fumuz ya\u015fam\u0131n ikilili\u011fi tekle\u015ftirmesi, b\u00fct\u00fcnle\u015ftirmesidir. \u0130\u00e7sel bir bak\u0131\u015fla kendi \u00d6m\u00fcr\u2019\u00fcm\u00fcz\u00fc net olarak g\u00f6remeyebilir, beraberinde de anlayamayabiliriz. \u0130\u015fte Neslihan ve onun bak\u0131\u015f\u0131yla bu kitap, \u00d6m\u00fcr\u2019e d\u0131\u015fsal bak\u0131\u015f\u0131n somutla\u015ft\u0131r\u0131lm\u0131\u015f bir h\u00e2lidir.<\/p>\n","protected":false},"excerpt":{"rendered":"<p>&#8220;Ben bir ruha \u00e2\u015f\u0131k oldum, onun bedeni sadece bir ara\u00e7.&#8221;Emek veren kabul ettiyse hakl\u0131 olan odur. Y\u0131llar\u0131n\u0131 verdi\u011fin ki\u015finin de\u011fi\u015fimini sa\u011flad\u0131\u011f\u0131n i\u00e7in onun \u00fcst\u00fcnde hak iddia<span class=\"excerpt-hellip\"> [\u2026]<\/span><\/p>\n","protected":false},"featured_media":0,"template":"","meta":{"_monsterinsights_skip_tracking":false,"_monsterinsights_sitenote_active":false,"_monsterinsights_sitenote_note":"","_monsterinsights_sitenote_category":0},"product_brand":[],"product_cat":[12291,12711],"product_tag":[],"class_list":{"0":"post-738072","1":"product","2":"type-product","3":"status-publish","5":"product_cat-edebiyat","6":"product_cat-roman-oyku","7":"pa_cilt-ciltsiz","8":"pa_tur-kitap","9":"pa_yayinevi-vaveyla-yayincilik","10":"pa_yazar-umit-dagci","12":"first","13":"instock","14":"sale","15":"shipping-taxable","16":"purchasable","17":"product-type-simple"},"_links":{"self":[{"href":"https:\/\/roveyayinevi.com.tr\/index.php\/wp-json\/wp\/v2\/product\/738072","targetHints":{"allow":["GET"]}}],"collection":[{"href":"https:\/\/roveyayinevi.com.tr\/index.php\/wp-json\/wp\/v2\/product"}],"about":[{"href":"https:\/\/roveyayinevi.com.tr\/index.php\/wp-json\/wp\/v2\/types\/product"}],"wp:attachment":[{"href":"https:\/\/roveyayinevi.com.tr\/index.php\/wp-json\/wp\/v2\/media?parent=738072"}],"wp:term":[{"taxonomy":"product_brand","embeddable":true,"href":"https:\/\/roveyayinevi.com.tr\/index.php\/wp-json\/wp\/v2\/product_brand?post=738072"},{"taxonomy":"product_cat","embeddable":true,"href":"https:\/\/roveyayinevi.com.tr\/index.php\/wp-json\/wp\/v2\/product_cat?post=738072"},{"taxonomy":"product_tag","embeddable":true,"href":"https:\/\/roveyayinevi.com.tr\/index.php\/wp-json\/wp\/v2\/product_tag?post=738072"}],"curies":[{"name":"wp","href":"https:\/\/api.w.org\/{rel}","templated":true}]}}