{"id":737989,"date":"2025-08-27T23:40:01","date_gmt":"2025-08-27T20:40:01","guid":{"rendered":"https:\/\/roveyayinevi.com.tr\/index.php\/urun\/balkan-savaslarindan-balkan-baris-gucune\/"},"modified":"2026-04-16T02:47:47","modified_gmt":"2026-04-15T23:47:47","slug":"balkan-savaslarindan-balkan-baris-gucune","status":"publish","type":"product","link":"https:\/\/roveyayinevi.com.tr\/index.php\/urun\/balkan-savaslarindan-balkan-baris-gucune\/","title":{"rendered":"Balkan Sava\u015flar\u0131ndan Balkan Bar\u0131\u015f G\u00fcc\u00fc\u2019ne"},"content":{"rendered":"<p>Yazar, hik\u00e2yesinin esin kayna\u011f\u0131n\u0131, uzun y\u0131llar g\u00f6rev yapt\u0131\u011f\u0131 Balkanlar\u2019dan alm\u0131\u015ft\u0131r. Balkanlar\u2019da, ge\u00e7mi\u015ften g\u00fcn\u00fcm\u00fcze kadar s\u00fcregelen geli\u015fmeler, kimi zaman kanl\u0131 sava\u015flar, kimi zaman da b\u00f6lge insan\u0131n\u0131n dram\u0131 ve g\u00f6zya\u015f\u0131 hik\u00e2ye edilmi\u015ftir. Bu hik\u00e2yede, y\u00fczy\u0131l\u0131n en b\u00fcy\u00fck trajedisinin ya\u015fand\u0131\u011f\u0131 Bosna i\u00e7 sava\u015f\u0131, sonras\u0131nda yazar\u0131n da i\u00e7inde bulundu\u011fu ve katk\u0131 sundu\u011fu b\u00f6lgesel bar\u0131\u015f s\u00fcreci ve iyi niyet \u00e7abalar\u0131 kaleme al\u0131nm\u0131\u015ft\u0131r. G\u00fcneydo\u011fu Avrupa Savunma Bakanlar\u0131 SEDM S\u00fcreci kapsam\u0131nda olu\u015fturulan uluslararas\u0131 sekretaryada ve Bulgaristan\u2019\u0131n Filibe kentinde, Balkan \u00fclkelerinin kurdu\u011fu G\u00fcneydo\u011fu Avrupa Tugay\u0131 SEEBRIG Kararg\u00e2h\u0131\u2019nda ya\u015fanan an\u0131lar ve tecr\u00fcbeler payla\u015f\u0131lm\u0131\u015ft\u0131r. Ge\u00e7mi\u015fte kanl\u0131 sava\u015flar ile \u00e2deta birbirini bo\u011fazlayan Balkan \u00fclkeleri, T\u00fcrkiye\u2019nin liderli\u011finde B\u00f6lgesel \u00c7ok Uluslu Bar\u0131\u015f G\u00fcc\u00fc\u2019n\u00fc kurmu\u015flar ve d\u00fcnya bar\u0131\u015f\u0131na katk\u0131da bulunma becerisini g\u00f6sterebilmi\u015flerdir. Balkan \u00fclkelerinin alk\u0131\u015flanacak bu ba\u015far\u0131 \u00f6yk\u00fcs\u00fc, i\u015fte elinizdeki bu kitaba ta\u015f\u0131nmaya \u00e7al\u0131\u015f\u0131lm\u0131\u015ft\u0131r. Ve bu kitap, Balkanlar\u2019\u0131n d\u00fcn\u00fcn\u00fc ve bug\u00fcn\u00fcn\u00fc \u00f6zetleyen derli toplu bir dok\u00fcman olma \u00f6zelli\u011fi ile tarihe de \u00f6nemli bir not d\u00fc\u015fmektedir. <\/p>\n","protected":false},"excerpt":{"rendered":"<p>Yazar, hik\u00e2yesinin esin kayna\u011f\u0131n\u0131, uzun y\u0131llar g\u00f6rev yapt\u0131\u011f\u0131 Balkanlar\u2019dan alm\u0131\u015ft\u0131r. Balkanlar\u2019da, ge\u00e7mi\u015ften g\u00fcn\u00fcm\u00fcze kadar s\u00fcregelen geli\u015fmeler, kimi zaman kanl\u0131 sava\u015flar, kimi zaman da b\u00f6lge insan\u0131n\u0131n dram\u0131<span class=\"excerpt-hellip\"> [\u2026]<\/span><\/p>\n","protected":false},"featured_media":0,"template":"","meta":{"_monsterinsights_skip_tracking":false,"_monsterinsights_sitenote_active":false,"_monsterinsights_sitenote_note":"","_monsterinsights_sitenote_category":0},"product_brand":[],"product_cat":[13701,12291],"product_tag":[],"class_list":{"0":"post-737989","1":"product","2":"type-product","3":"status-publish","5":"product_cat-ani-mektup-gunluk","6":"product_cat-edebiyat","7":"pa_cilt-ciltsiz","8":"pa_tur-kitap","9":"pa_yayinevi-karina-yayinevi","10":"pa_yazar-ali-demiral","12":"first","13":"instock","14":"sale","15":"shipping-taxable","16":"purchasable","17":"product-type-simple"},"_links":{"self":[{"href":"https:\/\/roveyayinevi.com.tr\/index.php\/wp-json\/wp\/v2\/product\/737989","targetHints":{"allow":["GET"]}}],"collection":[{"href":"https:\/\/roveyayinevi.com.tr\/index.php\/wp-json\/wp\/v2\/product"}],"about":[{"href":"https:\/\/roveyayinevi.com.tr\/index.php\/wp-json\/wp\/v2\/types\/product"}],"wp:attachment":[{"href":"https:\/\/roveyayinevi.com.tr\/index.php\/wp-json\/wp\/v2\/media?parent=737989"}],"wp:term":[{"taxonomy":"product_brand","embeddable":true,"href":"https:\/\/roveyayinevi.com.tr\/index.php\/wp-json\/wp\/v2\/product_brand?post=737989"},{"taxonomy":"product_cat","embeddable":true,"href":"https:\/\/roveyayinevi.com.tr\/index.php\/wp-json\/wp\/v2\/product_cat?post=737989"},{"taxonomy":"product_tag","embeddable":true,"href":"https:\/\/roveyayinevi.com.tr\/index.php\/wp-json\/wp\/v2\/product_tag?post=737989"}],"curies":[{"name":"wp","href":"https:\/\/api.w.org\/{rel}","templated":true}]}}