{"id":737958,"date":"2025-08-27T23:39:32","date_gmt":"2025-08-27T20:39:32","guid":{"rendered":"https:\/\/roveyayinevi.com.tr\/index.php\/urun\/calisilmayan-bir-dunya\/"},"modified":"2026-04-16T02:47:45","modified_gmt":"2026-04-15T23:47:45","slug":"calisilmayan-bir-dunya","status":"publish","type":"product","link":"https:\/\/roveyayinevi.com.tr\/index.php\/urun\/calisilmayan-bir-dunya\/","title":{"rendered":"\u00c7al\u0131\u015f\u0131lmayan Bir D\u00fcnya"},"content":{"rendered":"<p>\u201cMerak uyand\u0131r\u0131yor&#8230; D\u00fc\u015f\u00fcnmeye sevk ediyor&#8230; Gelece\u011fin ekonomisi hakk\u0131nda kafa yoran t\u00fcm ba\u015fkan adaylar\u0131n\u0131n mutlaka okumas\u0131 gerek.\u201d\u2015The New York Times Book Review\u201cSusskind okuyucuya teknolojik i\u015fsizlikle ilgili varsay\u0131mlar \u00fczerinden yol g\u00f6steriyor. Tart\u0131\u015fmaya girmek yerine a\u00e7\u0131klama yap\u0131yor, ak\u0131lc\u0131 bir yakla\u015f\u0131mla pop\u00fcler ekonominin sesini yans\u0131t\u0131yor; bize neyin ne oldu\u011funu anlatan zeki ve mant\u0131kl\u0131 bir ses.\u201d\u2015The Guardian\u201c\u0130kna edici ve ayd\u0131nlat\u0131c\u0131&#8230; \u0130\u015fg\u00fcc\u00fcn\u00fcn kar\u015f\u0131s\u0131ndaki meselelere karma\u015f\u0131k ama anla\u015f\u0131l\u0131r, iyimser bir yakla\u015f\u0131m.\u201d\u2015Kirkus Reviews\u201cSusskind\u2019in kitab\u0131 tam zaman\u0131nda yay\u0131nland\u0131, okumamak \u00e7ok \u015fey kaybettirir.\u201d\u2015BooklistBundan topu topu birka\u00e7 ku\u015fak \u00f6nce neredeyse t\u00fcm insanlar yoksulluk s\u0131n\u0131r\u0131nda ya\u015f\u0131yordu. \u0130nsanl\u0131\u011f\u0131n en b\u00fcy\u00fck derdi ge\u00e7im s\u0131k\u0131nt\u0131s\u0131yd\u0131. 21\u2019inci y\u00fczy\u0131lda, bu defa maa\u015fl\u0131 i\u015fler temeline dayanmayan yeni bir g\u00fcvenlik \u00e7a\u011f\u0131 yaratmam\u0131z gerekiyor. Ve bunu yapmaya bug\u00fcnden ba\u015flamam\u0131z gerekiyor. Daha az i\u015fin olaca\u011f\u0131 bir d\u00fcnyan\u0131n ortaya \u00e7\u0131kmas\u0131n\u0131n tam olarak ne kadar s\u00fcrece\u011fini bilemesek de, bu yolda oldu\u011fumuzun somut g\u00f6stergeleri ortada. E\u015fitsizlik, g\u00fc\u00e7 ve anlam problemleri belirsiz bir gelecekte gizlenmi\u015f problemler olmaktan \u00e7\u0131kt\u0131. Ya\u015fanmaya, sorun yaratmaya, geleneksel kurumlar\u0131m\u0131z\u0131 ve ya\u015fam tarzlar\u0131m\u0131z\u0131 s\u0131namaya ba\u015flad\u0131lar bile. Buna nas\u0131l \u00e7\u00f6z\u00fcm bulaca\u011f\u0131m\u0131z bize kalm\u0131\u015f.Dr. Daniel Susskind teknolojinin, \u00f6zellikle de yapay zek\u00e2n\u0131n \u00e7al\u0131\u015fma ve toplum \u00fczerindeki etkisini ara\u015ft\u0131r\u0131yor. Oxford \u00dcniversitesinde \u00f6\u011fretim \u00fcyesidir. \u00c7ok satan kitaplar listesine girmeyi ba\u015faran The Future of the Professions kitab\u0131n\u0131n yazarlar\u0131ndand\u0131r. \u00c7al\u0131\u015fman\u0131n gelece\u011fi \u00fczerine TED\u2019de yapt\u0131\u011f\u0131 konu\u015fma 1,5 milyondan fala izleyiciye ula\u015fm\u0131\u015ft\u0131r.Daha \u00f6nce \u0130ngiltere Ba\u015fbakanl\u0131k Strateji Biriminde dan\u0131\u015fman olarak g\u00f6rev yapm\u0131\u015f, Politika Biriminde de politika analisti olarak \u00e7al\u0131\u015fm\u0131\u015ft\u0131r. Kabinenin k\u0131demli dan\u0131\u015fmanlar\u0131ndand\u0131r.Sayg\u0131lar\u0131m\u0131zla.<\/p>\n","protected":false},"excerpt":{"rendered":"<p>\u201cMerak uyand\u0131r\u0131yor&#8230; D\u00fc\u015f\u00fcnmeye sevk ediyor&#8230; Gelece\u011fin ekonomisi hakk\u0131nda kafa yoran t\u00fcm ba\u015fkan adaylar\u0131n\u0131n mutlaka okumas\u0131 gerek.\u201d\u2015The New York Times Book Review\u201cSusskind okuyucuya teknolojik i\u015fsizlikle ilgili varsay\u0131mlar<span class=\"excerpt-hellip\"> [\u2026]<\/span><\/p>\n","protected":false},"featured_media":0,"template":"","meta":{"_monsterinsights_skip_tracking":false,"_monsterinsights_sitenote_active":false,"_monsterinsights_sitenote_note":"","_monsterinsights_sitenote_category":0},"product_brand":[],"product_cat":[13005,37328],"product_tag":[],"class_list":{"0":"post-737958","1":"product","2":"type-product","3":"status-publish","5":"product_cat-bilim-muhendislik","6":"product_cat-diger-bilim-muhendislik","7":"pa_cilt-ciltsiz","8":"pa_tur-kitap","9":"pa_yayinevi-optimist-yayin-dagitim","10":"pa_yazar-daniel-susskind","12":"first","13":"instock","14":"sale","15":"shipping-taxable","16":"purchasable","17":"product-type-simple"},"_links":{"self":[{"href":"https:\/\/roveyayinevi.com.tr\/index.php\/wp-json\/wp\/v2\/product\/737958","targetHints":{"allow":["GET"]}}],"collection":[{"href":"https:\/\/roveyayinevi.com.tr\/index.php\/wp-json\/wp\/v2\/product"}],"about":[{"href":"https:\/\/roveyayinevi.com.tr\/index.php\/wp-json\/wp\/v2\/types\/product"}],"wp:attachment":[{"href":"https:\/\/roveyayinevi.com.tr\/index.php\/wp-json\/wp\/v2\/media?parent=737958"}],"wp:term":[{"taxonomy":"product_brand","embeddable":true,"href":"https:\/\/roveyayinevi.com.tr\/index.php\/wp-json\/wp\/v2\/product_brand?post=737958"},{"taxonomy":"product_cat","embeddable":true,"href":"https:\/\/roveyayinevi.com.tr\/index.php\/wp-json\/wp\/v2\/product_cat?post=737958"},{"taxonomy":"product_tag","embeddable":true,"href":"https:\/\/roveyayinevi.com.tr\/index.php\/wp-json\/wp\/v2\/product_tag?post=737958"}],"curies":[{"name":"wp","href":"https:\/\/api.w.org\/{rel}","templated":true}]}}