{"id":737954,"date":"2025-08-27T23:39:29","date_gmt":"2025-08-27T20:39:29","guid":{"rendered":"https:\/\/roveyayinevi.com.tr\/index.php\/urun\/esitsizlikle-mucadele-devletin-rolunu-yeniden-dusunmek\/"},"modified":"2026-04-16T02:47:45","modified_gmt":"2026-04-15T23:47:45","slug":"esitsizlikle-mucadele-devletin-rolunu-yeniden-dusunmek","status":"publish","type":"product","link":"https:\/\/roveyayinevi.com.tr\/index.php\/urun\/esitsizlikle-mucadele-devletin-rolunu-yeniden-dusunmek\/","title":{"rendered":"E\u015fitsizlikle M\u00fccadele- Devletin Rol\u00fcn\u00fc Yeniden D\u00fc\u015f\u00fcnmek"},"content":{"rendered":"<p>Ekonomik e\u015fitsizlik, \u00e7a\u011f\u0131m\u0131z\u0131n sorunudur. Birle\u015fik Devletler\u2019de, en tepedeki %1\u2019in servet b\u00fcy\u00fckl\u00fc\u011f\u00fc, 1970\u2019lerdeki %25 seviyesinden g\u00fcn\u00fcm\u00fczde %40\u2019a y\u00fckseldi. Ebeveynlerinden daha fazla kazanan \u00e7ocuklar\u0131n oran\u0131 1940\u2019larda %90 iken, bug\u00fcn %50 civar\u0131nda. E\u015fitsizlikle M\u00fccadele\u2019de, politika yap\u0131c\u0131 olarak g\u00f6rev alm\u0131\u015f veya almakta olan alan\u0131n \u00f6nc\u00fc iktisat\u00e7\u0131lar\u0131 bize g\u00fczel bir haber veriyor: E\u015fitsizli\u011fin y\u00fckselmesini \u00f6nleyecek ara\u00e7lara sahibiz! B\u00f6l\u00fcmlerinde, bu ara\u00e7lar\u0131n hangilerinin bu m\u00fccadelede daha etkili olabilece\u011fini tart\u0131\u015f\u0131yorlar. Kitaba katk\u0131 sa\u011flayanlar, ekonomiyi canland\u0131racak ya da yeniden d\u00fczenleyecek politikalar yerine, do\u011frudan ekonomik e\u015fitsizli\u011fi ama\u00e7layan politikalar \u00fcretmemiz gerekti\u011fi konusunda hemfikir. Art\u0131k hi\u00e7 kimse, sosyal programlar\u0131n geni\u015fletilmesi i\u00e7in yap\u0131lan harcamalara \u201cBunu kar\u015f\u0131layabilecek miyiz?\u201d g\u00f6z\u00fcyle bakm\u0131yor. Ve \u00e7o\u011funluk, Birle\u015fik Devletler\u2019in vergileri artt\u0131rmak zorunda kalaca\u011f\u0131na inan\u0131yor; yaln\u0131zca bu art\u0131\u015f\u0131n gelir mi yoksa harcama taraf\u0131na m\u0131, yani KDV arac\u0131l\u0131\u011f\u0131yla geni\u015f bir tabana m\u0131 yoksa servet vergisiyle gelir \u00f6l\u00e7e\u011finin \u00fcst noktas\u0131nda yer alanlara m\u0131 uygulanmas\u0131 konusunda bir tart\u0131\u015fma y\u00fcr\u00fct\u00fcyorlar. Ayr\u0131ca e\u015fitsizli\u011fin, kendisinin mi yoksa yaratt\u0131\u011f\u0131 sonu\u00e7lar\u0131n m\u0131 k\u00f6t\u00fc oldu\u011fu; ticaret ve \u00fcretim yap\u0131s\u0131n\u0131 de\u011fi\u015ftirmek i\u00e7in yap\u0131lan radikal m\u00fcdahalelerin fayda ve riskleri ile politikalar\u0131n gelece\u011fi hakk\u0131nda felsefi temelleri de g\u00f6z \u00f6n\u00fcnde bulunduruyorlar. Yazarlar: Daron Acemo\u011flu, Philippe Aghion, Danielle Allen, Ben Ansell, David Autor, Sheri Berman, Marianne Bertrand, Olivier Blanchard, Lucas Chancel, William Darity Jr., Peter Diamond, Christian Dustmann, David T. Ellwood, Richard B. Freeman, Caroline Freund, Jason Furman, Hilary Hoynes, Lawrence F. Katz, Wojciech Kopczuk, N. Gregory Mankiw, Nolan McCarty, Dani Rodrik, Jesse Rothstein, Emmanuel Saez, T. M. Scanlon, Tharman Shanmugaratnam, Heidi Shierholz, Stefanie Stantcheva, Michael Stynes, Lawrence H. Summers, Laura D\u2019Andrea Tyson, Philippe Van Parijs, Gabriel Zucman  <\/p>\n","protected":false},"excerpt":{"rendered":"<p>Ekonomik e\u015fitsizlik, \u00e7a\u011f\u0131m\u0131z\u0131n sorunudur. Birle\u015fik Devletler\u2019de, en tepedeki %1\u2019in servet b\u00fcy\u00fckl\u00fc\u011f\u00fc, 1970\u2019lerdeki %25 seviyesinden g\u00fcn\u00fcm\u00fczde %40\u2019a y\u00fckseldi. Ebeveynlerinden daha fazla kazanan \u00e7ocuklar\u0131n oran\u0131 1940\u2019larda %90 iken,<span class=\"excerpt-hellip\"> [\u2026]<\/span><\/p>\n","protected":false},"featured_media":0,"template":"","meta":{"_monsterinsights_skip_tracking":false,"_monsterinsights_sitenote_active":false,"_monsterinsights_sitenote_note":"","_monsterinsights_sitenote_category":0},"product_brand":[],"product_cat":[13059,12337],"product_tag":[],"class_list":{"0":"post-737954","1":"product","2":"type-product","3":"status-publish","5":"product_cat-diger-politika-siyaset","6":"product_cat-politika-siyaset","7":"pa_cilt-ciltsiz","8":"pa_tur-kitap","9":"pa_yayinevi-efil-yayinevi","10":"pa_yazar-olivier-blanchard-dani-rodrik","12":"first","13":"instock","14":"sale","15":"shipping-taxable","16":"purchasable","17":"product-type-simple"},"_links":{"self":[{"href":"https:\/\/roveyayinevi.com.tr\/index.php\/wp-json\/wp\/v2\/product\/737954","targetHints":{"allow":["GET"]}}],"collection":[{"href":"https:\/\/roveyayinevi.com.tr\/index.php\/wp-json\/wp\/v2\/product"}],"about":[{"href":"https:\/\/roveyayinevi.com.tr\/index.php\/wp-json\/wp\/v2\/types\/product"}],"wp:attachment":[{"href":"https:\/\/roveyayinevi.com.tr\/index.php\/wp-json\/wp\/v2\/media?parent=737954"}],"wp:term":[{"taxonomy":"product_brand","embeddable":true,"href":"https:\/\/roveyayinevi.com.tr\/index.php\/wp-json\/wp\/v2\/product_brand?post=737954"},{"taxonomy":"product_cat","embeddable":true,"href":"https:\/\/roveyayinevi.com.tr\/index.php\/wp-json\/wp\/v2\/product_cat?post=737954"},{"taxonomy":"product_tag","embeddable":true,"href":"https:\/\/roveyayinevi.com.tr\/index.php\/wp-json\/wp\/v2\/product_tag?post=737954"}],"curies":[{"name":"wp","href":"https:\/\/api.w.org\/{rel}","templated":true}]}}